{"id":13408,"date":"2022-02-18T09:54:55","date_gmt":"2022-02-18T08:54:55","guid":{"rendered":"https:\/\/www.mirare.fr\/home\/"},"modified":"2022-02-23T15:05:20","modified_gmt":"2022-02-23T14:05:20","slug":"home","status":"publish","type":"page","link":"https:\/\/www.mirare.fr\/en\/","title":{"rendered":"Home"},"content":{"rendered":"    <section  class=\"wp-block-acf-slider  section-content section-slider\" >\r\n          <div class=\"main-image-slider slick-flex\">\r\n\r\n        \r\n          <div class=\"container\">\r\n            <style> #bg-69f56aa11621f{background-image:url(https:\/\/www.mirare.fr\/wp-content\/uploads\/2021\/08\/Jean-Baptiste-Doulcet-1-375x144.png);}@media (min-width:48rem){#bg-69f56aa11621f{background-image:url(https:\/\/www.mirare.fr\/wp-content\/uploads\/2021\/08\/Jean-Baptiste-Doulcet-1-768x295.png);}} @media (min-width:64rem){#bg-69f56aa11621f{background-image:url(https:\/\/www.mirare.fr\/wp-content\/uploads\/2021\/08\/Jean-Baptiste-Doulcet-1-1024x393.png);}} @media (min-width:75rem){#bg-69f56aa11621f{background-image:url(https:\/\/www.mirare.fr\/wp-content\/uploads\/2021\/08\/Jean-Baptiste-Doulcet-1-1199x460.png);}} @media (min-resolution:192dpi), (-webkit-min-device-pixel-ratio:2){#bg-69f56aa11621f{background-image:url(https:\/\/www.mirare.fr\/wp-content\/uploads\/2021\/08\/Jean-Baptiste-Doulcet-1-750x288.png);}} @media (min-width:48rem) and (min-resolution:192dpi), (min-width:48rem) and (-webkit-min-device-pixel-ratio:2){#bg-69f56aa11621f{background-image:url(https:\/\/www.mirare.fr\/wp-content\/uploads\/2021\/08\/Jean-Baptiste-Doulcet-1.png);}} <\/style>            <div class=\"content align-left has-image\" id=\"bg-69f56aa11621f\">\r\n\r\n              <div class=\"content-inner\">\r\n                <div class=\"text\">\r\n                  <span class=\"category\">Album<\/span>\r\n                  <span class=\"title\">A Film By<\/span>\r\n                  <span class=\"description\">Jean-Baptiste Doulcet<\/span>\r\n                                                                          <a href=\"https:\/\/www.mirare.fr\/en\/albums\/a-film-by\/\" class=\"button-see-album\">see the album<\/a>\r\n                                  <\/div>\r\n\r\n                                  <figure >\r\n                    <picture><source srcset=\"https:\/\/www.mirare.fr\/wp-content\/uploads\/2026\/02\/MIR810_RECTO-1-764x688.jpg\" media=\"(min-width: 64rem) and (min-resolution: 192dpi), (min-width: 64rem) and (-webkit-min-device-pixel-ratio: 2)\"><source srcset=\"https:\/\/www.mirare.fr\/wp-content\/uploads\/2026\/02\/MIR810_RECTO-1-546x492.jpg\" media=\"(min-resolution: 192dpi), (-webkit-min-device-pixel-ratio: 2)\"><source srcset=\"https:\/\/www.mirare.fr\/wp-content\/uploads\/2026\/02\/MIR810_RECTO-1-458x412.jpg\" media=\"(min-width: 64rem)\"><img decoding=\"async\" src=\"https:\/\/www.mirare.fr\/wp-content\/uploads\/2026\/02\/MIR810_RECTO-1-273x246.jpg\" alt=\"alt tag\" itemprop=\"image\" \/><\/picture>                  <\/figure>\r\n                              <\/div>\r\n            <\/div>\r\n          <\/div>\r\n        \r\n          <div class=\"container\">\r\n                        <div class=\"content align-left has-image\"  data-lazy-interchange=\"[https:\/\/www.mirare.fr\/wp-content\/uploads\/2021\/08\/Celia-Oneto-Bensaid-1-375x144.png, small], [https:\/\/www.mirare.fr\/wp-content\/uploads\/2021\/08\/Celia-Oneto-Bensaid-1-768x295.png, medium], [https:\/\/www.mirare.fr\/wp-content\/uploads\/2021\/08\/Celia-Oneto-Bensaid-1-1024x393.png, large], [https:\/\/www.mirare.fr\/wp-content\/uploads\/2021\/08\/Celia-Oneto-Bensaid-1-1199x460.png, xlarge], [https:\/\/www.mirare.fr\/wp-content\/uploads\/2021\/08\/Celia-Oneto-Bensaid-1-750x288.png, retina], [https:\/\/www.mirare.fr\/wp-content\/uploads\/2021\/08\/Celia-Oneto-Bensaid-1.png, medium_retina]\" data-fade-in>\r\n\r\n              <div class=\"content-inner\">\r\n                <div class=\"text\">\r\n                  <span class=\"category\">Album<\/span>\r\n                  <span class=\"title\">Philip Glass, Echoes<\/span>\r\n                  <span class=\"description\">C\u00e9lia Oneto Bensaid<\/span>\r\n                                                                          <a href=\"https:\/\/www.mirare.fr\/en\/albums\/philip-glass-echoes\/\" class=\"button-see-album\">see the album<\/a>\r\n                                  <\/div>\r\n\r\n                                  <figure >\r\n                    <picture><source srcset=\"data:image\/svg+xml;base64,PHN2ZyB4bWxucz0naHR0cDovL3d3dy53My5vcmcvMjAwMC9zdmcnIHk9JzAnIHg9JzAnIHdpZHRoPSc3NjQnIGhlaWdodD0nNjg4JyB2aWV3Qm94PScwIDAgNzY0IDY4OCc+PC9zdmc+\" data-srcset=\"https:\/\/www.mirare.fr\/wp-content\/uploads\/2026\/02\/Recto-Disque-Celia-Oneto-Bensaid-DEF-1-764x688.jpg\" media=\"(min-width: 64rem) and (min-resolution: 192dpi), (min-width: 64rem) and (-webkit-min-device-pixel-ratio: 2)\"><source srcset=\"data:image\/svg+xml;base64,PHN2ZyB4bWxucz0naHR0cDovL3d3dy53My5vcmcvMjAwMC9zdmcnIHk9JzAnIHg9JzAnIHdpZHRoPSc1NDYnIGhlaWdodD0nNDkyJyB2aWV3Qm94PScwIDAgNTQ2IDQ5Mic+PC9zdmc+\" data-srcset=\"https:\/\/www.mirare.fr\/wp-content\/uploads\/2026\/02\/Recto-Disque-Celia-Oneto-Bensaid-DEF-1-546x492.jpg\" media=\"(min-resolution: 192dpi), (-webkit-min-device-pixel-ratio: 2)\"><source srcset=\"data:image\/svg+xml;base64,PHN2ZyB4bWxucz0naHR0cDovL3d3dy53My5vcmcvMjAwMC9zdmcnIHk9JzAnIHg9JzAnIHdpZHRoPSc0NTgnIGhlaWdodD0nNDEyJyB2aWV3Qm94PScwIDAgNDU4IDQxMic+PC9zdmc+\" data-srcset=\"https:\/\/www.mirare.fr\/wp-content\/uploads\/2026\/02\/Recto-Disque-Celia-Oneto-Bensaid-DEF-1-458x412.jpg\" media=\"(min-width: 64rem)\"><img decoding=\"async\" src=\"data:image\/svg+xml;base64,PHN2ZyB4bWxucz0naHR0cDovL3d3dy53My5vcmcvMjAwMC9zdmcnIHk9JzAnIHg9JzAnIHdpZHRoPScyNzMnIGhlaWdodD0nMjQ2JyB2aWV3Qm94PScwIDAgMjczIDI0Nic+PC9zdmc+\" data-fade-in data-lazy-img data-src=\"https:\/\/www.mirare.fr\/wp-content\/uploads\/2026\/02\/Recto-Disque-Celia-Oneto-Bensaid-DEF-1-273x246.jpg\" alt=\"alt tag\" itemprop=\"image\" \/><\/picture>                  <\/figure>\r\n                              <\/div>\r\n            <\/div>\r\n          <\/div>\r\n        \r\n          <div class=\"container\">\r\n                        <div class=\"content align-left has-image\"  data-lazy-interchange=\"[https:\/\/www.mirare.fr\/wp-content\/uploads\/2021\/08\/Claire-Marie-Le-Guay-2-1-375x144.png, small], [https:\/\/www.mirare.fr\/wp-content\/uploads\/2021\/08\/Claire-Marie-Le-Guay-2-1-768x295.png, medium], [https:\/\/www.mirare.fr\/wp-content\/uploads\/2021\/08\/Claire-Marie-Le-Guay-2-1-1024x393.png, large], [https:\/\/www.mirare.fr\/wp-content\/uploads\/2021\/08\/Claire-Marie-Le-Guay-2-1-1199x460.png, xlarge], [https:\/\/www.mirare.fr\/wp-content\/uploads\/2021\/08\/Claire-Marie-Le-Guay-2-1-750x288.png, retina], [https:\/\/www.mirare.fr\/wp-content\/uploads\/2021\/08\/Claire-Marie-Le-Guay-2-1.png, medium_retina]\" data-fade-in>\r\n\r\n              <div class=\"content-inner\">\r\n                <div class=\"text\">\r\n                  <span class=\"category\">Album<\/span>\r\n                  <span class=\"title\">Bach, \u00c9couter la lumi\u00e8re<\/span>\r\n                  <span class=\"description\">Claire-Marie Le Guay<\/span>\r\n                                                                          <a href=\"https:\/\/www.mirare.fr\/en\/albums\/bach-ecouter-la-lumiere\/\" class=\"button-see-album\">see the album<\/a>\r\n                                  <\/div>\r\n\r\n                                  <figure >\r\n                    <picture><source srcset=\"data:image\/svg+xml;base64,PHN2ZyB4bWxucz0naHR0cDovL3d3dy53My5vcmcvMjAwMC9zdmcnIHk9JzAnIHg9JzAnIHdpZHRoPSc3NjQnIGhlaWdodD0nNjg4JyB2aWV3Qm94PScwIDAgNzY0IDY4OCc+PC9zdmc+\" data-srcset=\"https:\/\/www.mirare.fr\/wp-content\/uploads\/2026\/01\/MIR792_RECTO-764x688.jpg\" media=\"(min-width: 64rem) and (min-resolution: 192dpi), (min-width: 64rem) and (-webkit-min-device-pixel-ratio: 2)\"><source srcset=\"data:image\/svg+xml;base64,PHN2ZyB4bWxucz0naHR0cDovL3d3dy53My5vcmcvMjAwMC9zdmcnIHk9JzAnIHg9JzAnIHdpZHRoPSc1NDYnIGhlaWdodD0nNDkyJyB2aWV3Qm94PScwIDAgNTQ2IDQ5Mic+PC9zdmc+\" data-srcset=\"https:\/\/www.mirare.fr\/wp-content\/uploads\/2026\/01\/MIR792_RECTO-546x492.jpg\" media=\"(min-resolution: 192dpi), (-webkit-min-device-pixel-ratio: 2)\"><source srcset=\"data:image\/svg+xml;base64,PHN2ZyB4bWxucz0naHR0cDovL3d3dy53My5vcmcvMjAwMC9zdmcnIHk9JzAnIHg9JzAnIHdpZHRoPSc0NTgnIGhlaWdodD0nNDEyJyB2aWV3Qm94PScwIDAgNDU4IDQxMic+PC9zdmc+\" data-srcset=\"https:\/\/www.mirare.fr\/wp-content\/uploads\/2026\/01\/MIR792_RECTO-458x412.jpg\" media=\"(min-width: 64rem)\"><img decoding=\"async\" src=\"data:image\/svg+xml;base64,PHN2ZyB4bWxucz0naHR0cDovL3d3dy53My5vcmcvMjAwMC9zdmcnIHk9JzAnIHg9JzAnIHdpZHRoPScyNzMnIGhlaWdodD0nMjQ2JyB2aWV3Qm94PScwIDAgMjczIDI0Nic+PC9zdmc+\" data-fade-in data-lazy-img data-src=\"https:\/\/www.mirare.fr\/wp-content\/uploads\/2026\/01\/MIR792_RECTO-273x246.jpg\" alt=\"alt tag\" itemprop=\"image\" \/><\/picture>                  <\/figure>\r\n                              <\/div>\r\n            <\/div>\r\n          <\/div>\r\n        \r\n          <div class=\"container\">\r\n                        <div class=\"content align-left has-image\"  data-lazy-interchange=\"[https:\/\/www.mirare.fr\/wp-content\/uploads\/2021\/08\/Fonds-slide-site-Wordpress-5-375x144.png, small], [https:\/\/www.mirare.fr\/wp-content\/uploads\/2021\/08\/Fonds-slide-site-Wordpress-5-768x295.png, medium], [https:\/\/www.mirare.fr\/wp-content\/uploads\/2021\/08\/Fonds-slide-site-Wordpress-5-1024x393.png, large], [https:\/\/www.mirare.fr\/wp-content\/uploads\/2021\/08\/Fonds-slide-site-Wordpress-5-1199x460.png, xlarge], [https:\/\/www.mirare.fr\/wp-content\/uploads\/2021\/08\/Fonds-slide-site-Wordpress-5-750x288.png, retina], [https:\/\/www.mirare.fr\/wp-content\/uploads\/2021\/08\/Fonds-slide-site-Wordpress-5.png, medium_retina]\" data-fade-in>\r\n\r\n              <div class=\"content-inner\">\r\n                <div class=\"text\">\r\n                  <span class=\"category\">Album<\/span>\r\n                  <span class=\"title\">Lagrime<\/span>\r\n                  <span class=\"description\">C\u00e9line Scheen, Ricercar Consort, Philippe Pierlot<\/span>\r\n                                                                          <a href=\"https:\/\/www.mirare.fr\/en\/albums\/lagrime\/\" class=\"button-see-album\">see the album<\/a>\r\n                                  <\/div>\r\n\r\n                                  <figure >\r\n                    <picture><source srcset=\"data:image\/svg+xml;base64,PHN2ZyB4bWxucz0naHR0cDovL3d3dy53My5vcmcvMjAwMC9zdmcnIHk9JzAnIHg9JzAnIHdpZHRoPSc3NjQnIGhlaWdodD0nNjg4JyB2aWV3Qm94PScwIDAgNzY0IDY4OCc+PC9zdmc+\" data-srcset=\"https:\/\/www.mirare.fr\/wp-content\/uploads\/2025\/12\/VISUEL-MIR692-R\u00b0-764x688.jpg\" media=\"(min-width: 64rem) and (min-resolution: 192dpi), (min-width: 64rem) and (-webkit-min-device-pixel-ratio: 2)\"><source srcset=\"data:image\/svg+xml;base64,PHN2ZyB4bWxucz0naHR0cDovL3d3dy53My5vcmcvMjAwMC9zdmcnIHk9JzAnIHg9JzAnIHdpZHRoPSc1NDYnIGhlaWdodD0nNDkyJyB2aWV3Qm94PScwIDAgNTQ2IDQ5Mic+PC9zdmc+\" data-srcset=\"https:\/\/www.mirare.fr\/wp-content\/uploads\/2025\/12\/VISUEL-MIR692-R\u00b0-546x492.jpg\" media=\"(min-resolution: 192dpi), (-webkit-min-device-pixel-ratio: 2)\"><source srcset=\"data:image\/svg+xml;base64,PHN2ZyB4bWxucz0naHR0cDovL3d3dy53My5vcmcvMjAwMC9zdmcnIHk9JzAnIHg9JzAnIHdpZHRoPSc0NTgnIGhlaWdodD0nNDEyJyB2aWV3Qm94PScwIDAgNDU4IDQxMic+PC9zdmc+\" data-srcset=\"https:\/\/www.mirare.fr\/wp-content\/uploads\/2025\/12\/VISUEL-MIR692-R\u00b0-458x412.jpg\" media=\"(min-width: 64rem)\"><img decoding=\"async\" src=\"data:image\/svg+xml;base64,PHN2ZyB4bWxucz0naHR0cDovL3d3dy53My5vcmcvMjAwMC9zdmcnIHk9JzAnIHg9JzAnIHdpZHRoPScyNzMnIGhlaWdodD0nMjQ2JyB2aWV3Qm94PScwIDAgMjczIDI0Nic+PC9zdmc+\" data-fade-in data-lazy-img data-src=\"https:\/\/www.mirare.fr\/wp-content\/uploads\/2025\/12\/VISUEL-MIR692-R\u00b0-273x246.jpg\" alt=\"alt tag\" itemprop=\"image\" \/><\/picture>                  <\/figure>\r\n                              <\/div>\r\n            <\/div>\r\n          <\/div>\r\n        \r\n          <div class=\"container\">\r\n                        <div class=\"content align-left has-image\"  data-lazy-interchange=\"[https:\/\/www.mirare.fr\/wp-content\/uploads\/2021\/08\/Fonds-slide-site-Wordpress-3-1-375x144.png, small], [https:\/\/www.mirare.fr\/wp-content\/uploads\/2021\/08\/Fonds-slide-site-Wordpress-3-1-768x295.png, medium], [https:\/\/www.mirare.fr\/wp-content\/uploads\/2021\/08\/Fonds-slide-site-Wordpress-3-1-1024x393.png, large], [https:\/\/www.mirare.fr\/wp-content\/uploads\/2021\/08\/Fonds-slide-site-Wordpress-3-1-1199x460.png, xlarge], [https:\/\/www.mirare.fr\/wp-content\/uploads\/2021\/08\/Fonds-slide-site-Wordpress-3-1-750x288.png, retina], [https:\/\/www.mirare.fr\/wp-content\/uploads\/2021\/08\/Fonds-slide-site-Wordpress-3-1.png, medium_retina]\" data-fade-in>\r\n\r\n              <div class=\"content-inner\">\r\n                <div class=\"text\">\r\n                  <span class=\"category\">Album<\/span>\r\n                  <span class=\"title\">Swingin&#8217; partita<\/span>\r\n                  <span class=\"description\">Stradivaria &#8211; Guillaume Cuiller<\/span>\r\n                                                                          <a href=\"https:\/\/www.mirare.fr\/albums\/swingin-partita\/\" class=\"button-see-album\">see the album<\/a>\r\n                                  <\/div>\r\n\r\n                                  <figure >\r\n                    <picture><source srcset=\"data:image\/svg+xml;base64,PHN2ZyB4bWxucz0naHR0cDovL3d3dy53My5vcmcvMjAwMC9zdmcnIHk9JzAnIHg9JzAnIHdpZHRoPSc3NjQnIGhlaWdodD0nNjg4JyB2aWV3Qm94PScwIDAgNzY0IDY4OCc+PC9zdmc+\" data-srcset=\"https:\/\/www.mirare.fr\/wp-content\/uploads\/2025\/11\/MIR790_RECTO-764x688.jpg\" media=\"(min-width: 64rem) and (min-resolution: 192dpi), (min-width: 64rem) and (-webkit-min-device-pixel-ratio: 2)\"><source srcset=\"data:image\/svg+xml;base64,PHN2ZyB4bWxucz0naHR0cDovL3d3dy53My5vcmcvMjAwMC9zdmcnIHk9JzAnIHg9JzAnIHdpZHRoPSc1NDYnIGhlaWdodD0nNDkyJyB2aWV3Qm94PScwIDAgNTQ2IDQ5Mic+PC9zdmc+\" data-srcset=\"https:\/\/www.mirare.fr\/wp-content\/uploads\/2025\/11\/MIR790_RECTO-546x492.jpg\" media=\"(min-resolution: 192dpi), (-webkit-min-device-pixel-ratio: 2)\"><source srcset=\"data:image\/svg+xml;base64,PHN2ZyB4bWxucz0naHR0cDovL3d3dy53My5vcmcvMjAwMC9zdmcnIHk9JzAnIHg9JzAnIHdpZHRoPSc0NTgnIGhlaWdodD0nNDEyJyB2aWV3Qm94PScwIDAgNDU4IDQxMic+PC9zdmc+\" data-srcset=\"https:\/\/www.mirare.fr\/wp-content\/uploads\/2025\/11\/MIR790_RECTO-458x412.jpg\" media=\"(min-width: 64rem)\"><img decoding=\"async\" src=\"data:image\/svg+xml;base64,PHN2ZyB4bWxucz0naHR0cDovL3d3dy53My5vcmcvMjAwMC9zdmcnIHk9JzAnIHg9JzAnIHdpZHRoPScyNzMnIGhlaWdodD0nMjQ2JyB2aWV3Qm94PScwIDAgMjczIDI0Nic+PC9zdmc+\" data-fade-in data-lazy-img data-src=\"https:\/\/www.mirare.fr\/wp-content\/uploads\/2025\/11\/MIR790_RECTO-273x246.jpg\" alt=\"alt tag\" itemprop=\"image\" \/><\/picture>                  <\/figure>\r\n                              <\/div>\r\n            <\/div>\r\n          <\/div>\r\n        \r\n          <div class=\"container\">\r\n                        <div class=\"content align-left has-image\"  data-lazy-interchange=\"[https:\/\/www.mirare.fr\/wp-content\/uploads\/2021\/08\/Fonds-slide-site-Wordpress-1-2-375x144.png, small], [https:\/\/www.mirare.fr\/wp-content\/uploads\/2021\/08\/Fonds-slide-site-Wordpress-1-2-768x295.png, medium], [https:\/\/www.mirare.fr\/wp-content\/uploads\/2021\/08\/Fonds-slide-site-Wordpress-1-2-1024x393.png, large], [https:\/\/www.mirare.fr\/wp-content\/uploads\/2021\/08\/Fonds-slide-site-Wordpress-1-2-1199x460.png, xlarge], [https:\/\/www.mirare.fr\/wp-content\/uploads\/2021\/08\/Fonds-slide-site-Wordpress-1-2-750x288.png, retina], [https:\/\/www.mirare.fr\/wp-content\/uploads\/2021\/08\/Fonds-slide-site-Wordpress-1-2.png, medium_retina]\" data-fade-in>\r\n\r\n              <div class=\"content-inner\">\r\n                <div class=\"text\">\r\n                  <span class=\"category\">Album<\/span>\r\n                  <span class=\"title\">La Cinqui\u00e8me Saison<\/span>\r\n                  <span class=\"description\">Julien Martineau<\/span>\r\n                                                                          <a href=\"https:\/\/www.mirare.fr\/albums\/la-cinquieme-saison\/\" class=\"button-see-album\">see the album<\/a>\r\n                                  <\/div>\r\n\r\n                                  <figure >\r\n                    <picture><source srcset=\"data:image\/svg+xml;base64,PHN2ZyB4bWxucz0naHR0cDovL3d3dy53My5vcmcvMjAwMC9zdmcnIHk9JzAnIHg9JzAnIHdpZHRoPSc3NjQnIGhlaWdodD0nNjg4JyB2aWV3Qm94PScwIDAgNzY0IDY4OCc+PC9zdmc+\" data-srcset=\"https:\/\/www.mirare.fr\/wp-content\/uploads\/2025\/10\/MIR752_RECTO-764x688.jpg\" media=\"(min-width: 64rem) and (min-resolution: 192dpi), (min-width: 64rem) and (-webkit-min-device-pixel-ratio: 2)\"><source srcset=\"data:image\/svg+xml;base64,PHN2ZyB4bWxucz0naHR0cDovL3d3dy53My5vcmcvMjAwMC9zdmcnIHk9JzAnIHg9JzAnIHdpZHRoPSc1NDYnIGhlaWdodD0nNDkyJyB2aWV3Qm94PScwIDAgNTQ2IDQ5Mic+PC9zdmc+\" data-srcset=\"https:\/\/www.mirare.fr\/wp-content\/uploads\/2025\/10\/MIR752_RECTO-546x492.jpg\" media=\"(min-resolution: 192dpi), (-webkit-min-device-pixel-ratio: 2)\"><source srcset=\"data:image\/svg+xml;base64,PHN2ZyB4bWxucz0naHR0cDovL3d3dy53My5vcmcvMjAwMC9zdmcnIHk9JzAnIHg9JzAnIHdpZHRoPSc0NTgnIGhlaWdodD0nNDEyJyB2aWV3Qm94PScwIDAgNDU4IDQxMic+PC9zdmc+\" data-srcset=\"https:\/\/www.mirare.fr\/wp-content\/uploads\/2025\/10\/MIR752_RECTO-458x412.jpg\" media=\"(min-width: 64rem)\"><img decoding=\"async\" src=\"data:image\/svg+xml;base64,PHN2ZyB4bWxucz0naHR0cDovL3d3dy53My5vcmcvMjAwMC9zdmcnIHk9JzAnIHg9JzAnIHdpZHRoPScyNzMnIGhlaWdodD0nMjQ2JyB2aWV3Qm94PScwIDAgMjczIDI0Nic+PC9zdmc+\" data-fade-in data-lazy-img data-src=\"https:\/\/www.mirare.fr\/wp-content\/uploads\/2025\/10\/MIR752_RECTO-273x246.jpg\" alt=\"alt tag\" itemprop=\"image\" \/><\/picture>                  <\/figure>\r\n                              <\/div>\r\n            <\/div>\r\n          <\/div>\r\n        \r\n          <div class=\"container\">\r\n                        <div class=\"content align-left has-image\"  data-lazy-interchange=\"[https:\/\/www.mirare.fr\/wp-content\/uploads\/2021\/08\/Fonds-slide-site-Wordpress-2-1-375x144.png, small], [https:\/\/www.mirare.fr\/wp-content\/uploads\/2021\/08\/Fonds-slide-site-Wordpress-2-1-768x295.png, medium], [https:\/\/www.mirare.fr\/wp-content\/uploads\/2021\/08\/Fonds-slide-site-Wordpress-2-1-1024x393.png, large], [https:\/\/www.mirare.fr\/wp-content\/uploads\/2021\/08\/Fonds-slide-site-Wordpress-2-1-1199x460.png, xlarge], [https:\/\/www.mirare.fr\/wp-content\/uploads\/2021\/08\/Fonds-slide-site-Wordpress-2-1-750x288.png, retina], [https:\/\/www.mirare.fr\/wp-content\/uploads\/2021\/08\/Fonds-slide-site-Wordpress-2-1.png, medium_retina]\" data-fade-in>\r\n\r\n              <div class=\"content-inner\">\r\n                <div class=\"text\">\r\n                  <span class=\"category\">Compilation<\/span>\r\n                  <span class=\"title\">La Folle Journ\u00e9e 2026 &#8211; Les Fleuves<\/span>\r\n                  <span class=\"description\">Various artists<\/span>\r\n                                                                          <a href=\"https:\/\/www.mirare.fr\/albums\/les-fleuves-folle-journee-2026\/\" class=\"button-see-album\">see the compilation<\/a>\r\n                                  <\/div>\r\n\r\n                                  <figure >\r\n                    <picture><source srcset=\"data:image\/svg+xml;base64,PHN2ZyB4bWxucz0naHR0cDovL3d3dy53My5vcmcvMjAwMC9zdmcnIHk9JzAnIHg9JzAnIHdpZHRoPSc3NjQnIGhlaWdodD0nNjg4JyB2aWV3Qm94PScwIDAgNzY0IDY4OCc+PC9zdmc+\" data-srcset=\"https:\/\/www.mirare.fr\/wp-content\/uploads\/2025\/12\/VISUEL-MIR818R\u00b0-764x688.jpg\" media=\"(min-width: 64rem) and (min-resolution: 192dpi), (min-width: 64rem) and (-webkit-min-device-pixel-ratio: 2)\"><source srcset=\"data:image\/svg+xml;base64,PHN2ZyB4bWxucz0naHR0cDovL3d3dy53My5vcmcvMjAwMC9zdmcnIHk9JzAnIHg9JzAnIHdpZHRoPSc1NDYnIGhlaWdodD0nNDkyJyB2aWV3Qm94PScwIDAgNTQ2IDQ5Mic+PC9zdmc+\" data-srcset=\"https:\/\/www.mirare.fr\/wp-content\/uploads\/2025\/12\/VISUEL-MIR818R\u00b0-546x492.jpg\" media=\"(min-resolution: 192dpi), (-webkit-min-device-pixel-ratio: 2)\"><source srcset=\"data:image\/svg+xml;base64,PHN2ZyB4bWxucz0naHR0cDovL3d3dy53My5vcmcvMjAwMC9zdmcnIHk9JzAnIHg9JzAnIHdpZHRoPSc0NTgnIGhlaWdodD0nNDEyJyB2aWV3Qm94PScwIDAgNDU4IDQxMic+PC9zdmc+\" data-srcset=\"https:\/\/www.mirare.fr\/wp-content\/uploads\/2025\/12\/VISUEL-MIR818R\u00b0-458x412.jpg\" media=\"(min-width: 64rem)\"><img decoding=\"async\" src=\"data:image\/svg+xml;base64,PHN2ZyB4bWxucz0naHR0cDovL3d3dy53My5vcmcvMjAwMC9zdmcnIHk9JzAnIHg9JzAnIHdpZHRoPScyNzMnIGhlaWdodD0nMjQ2JyB2aWV3Qm94PScwIDAgMjczIDI0Nic+PC9zdmc+\" data-fade-in data-lazy-img data-src=\"https:\/\/www.mirare.fr\/wp-content\/uploads\/2025\/12\/VISUEL-MIR818R\u00b0-273x246.jpg\" alt=\"alt tag\" itemprop=\"image\" \/><\/picture>                  <\/figure>\r\n                              <\/div>\r\n            <\/div>\r\n          <\/div>\r\n        \r\n          <div class=\"container\">\r\n                        <div class=\"content align-left has-image\"  data-lazy-interchange=\"[https:\/\/www.mirare.fr\/wp-content\/uploads\/2021\/08\/Fonds-slide-site-Wordpress-1-375x144.png, small], [https:\/\/www.mirare.fr\/wp-content\/uploads\/2021\/08\/Fonds-slide-site-Wordpress-1-768x295.png, medium], [https:\/\/www.mirare.fr\/wp-content\/uploads\/2021\/08\/Fonds-slide-site-Wordpress-1-1024x393.png, large], [https:\/\/www.mirare.fr\/wp-content\/uploads\/2021\/08\/Fonds-slide-site-Wordpress-1-1199x460.png, xlarge], [https:\/\/www.mirare.fr\/wp-content\/uploads\/2021\/08\/Fonds-slide-site-Wordpress-1-750x288.png, retina], [https:\/\/www.mirare.fr\/wp-content\/uploads\/2021\/08\/Fonds-slide-site-Wordpress-1.png, medium_retina]\" data-fade-in>\r\n\r\n              <div class=\"content-inner\">\r\n                <div class=\"text\">\r\n                  <span class=\"category\">Album<\/span>\r\n                  <span class=\"title\">Faur\u00e9 en h\u00e9ritage<\/span>\r\n                  <span class=\"description\">Gaspard Dehaene<\/span>\r\n                                                                          <a href=\"https:\/\/www.mirare.fr\/en\/albums\/faure-en-heritage\/\" class=\"button-see-album\">see the album<\/a>\r\n                                  <\/div>\r\n\r\n                                  <figure >\r\n                    <picture><source srcset=\"data:image\/svg+xml;base64,PHN2ZyB4bWxucz0naHR0cDovL3d3dy53My5vcmcvMjAwMC9zdmcnIHk9JzAnIHg9JzAnIHdpZHRoPSc3NjQnIGhlaWdodD0nNjg4JyB2aWV3Qm94PScwIDAgNzY0IDY4OCc+PC9zdmc+\" data-srcset=\"https:\/\/www.mirare.fr\/wp-content\/uploads\/2025\/10\/MIR776_RECTO-764x688.jpg\" media=\"(min-width: 64rem) and (min-resolution: 192dpi), (min-width: 64rem) and (-webkit-min-device-pixel-ratio: 2)\"><source srcset=\"data:image\/svg+xml;base64,PHN2ZyB4bWxucz0naHR0cDovL3d3dy53My5vcmcvMjAwMC9zdmcnIHk9JzAnIHg9JzAnIHdpZHRoPSc1NDYnIGhlaWdodD0nNDkyJyB2aWV3Qm94PScwIDAgNTQ2IDQ5Mic+PC9zdmc+\" data-srcset=\"https:\/\/www.mirare.fr\/wp-content\/uploads\/2025\/10\/MIR776_RECTO-546x492.jpg\" media=\"(min-resolution: 192dpi), (-webkit-min-device-pixel-ratio: 2)\"><source srcset=\"data:image\/svg+xml;base64,PHN2ZyB4bWxucz0naHR0cDovL3d3dy53My5vcmcvMjAwMC9zdmcnIHk9JzAnIHg9JzAnIHdpZHRoPSc0NTgnIGhlaWdodD0nNDEyJyB2aWV3Qm94PScwIDAgNDU4IDQxMic+PC9zdmc+\" data-srcset=\"https:\/\/www.mirare.fr\/wp-content\/uploads\/2025\/10\/MIR776_RECTO-458x412.jpg\" media=\"(min-width: 64rem)\"><img decoding=\"async\" src=\"data:image\/svg+xml;base64,PHN2ZyB4bWxucz0naHR0cDovL3d3dy53My5vcmcvMjAwMC9zdmcnIHk9JzAnIHg9JzAnIHdpZHRoPScyNzMnIGhlaWdodD0nMjQ2JyB2aWV3Qm94PScwIDAgMjczIDI0Nic+PC9zdmc+\" data-fade-in data-lazy-img data-src=\"https:\/\/www.mirare.fr\/wp-content\/uploads\/2025\/10\/MIR776_RECTO-273x246.jpg\" alt=\"alt tag\" itemprop=\"image\" \/><\/picture>                  <\/figure>\r\n                              <\/div>\r\n            <\/div>\r\n          <\/div>\r\n        \r\n          <div class=\"container\">\r\n                        <div class=\"content align-left has-image\"  data-lazy-interchange=\"[https:\/\/www.mirare.fr\/wp-content\/uploads\/2021\/08\/Fonds-slide-sit-Wordpress-1-375x144.png, small], [https:\/\/www.mirare.fr\/wp-content\/uploads\/2021\/08\/Fonds-slide-sit-Wordpress-1-768x295.png, medium], [https:\/\/www.mirare.fr\/wp-content\/uploads\/2021\/08\/Fonds-slide-sit-Wordpress-1-1024x393.png, large], [https:\/\/www.mirare.fr\/wp-content\/uploads\/2021\/08\/Fonds-slide-sit-Wordpress-1-1199x460.png, xlarge], [https:\/\/www.mirare.fr\/wp-content\/uploads\/2021\/08\/Fonds-slide-sit-Wordpress-1-750x288.png, retina], [https:\/\/www.mirare.fr\/wp-content\/uploads\/2021\/08\/Fonds-slide-sit-Wordpress-1.png, medium_retina]\" data-fade-in>\r\n\r\n              <div class=\"content-inner\">\r\n                <div class=\"text\">\r\n                  <span class=\"category\">Album<\/span>\r\n                  <span class=\"title\">Tchaikovsky: Piano Trio op. 50<\/span>\r\n                  <span class=\"description\">Trio Kar\u00e9nine<\/span>\r\n                                                                          <a href=\"https:\/\/www.mirare.fr\/en\/albums\/tchaikovsky-piano-trio-op-50\/\" class=\"button-see-album\">see the album<\/a>\r\n                                  <\/div>\r\n\r\n                                  <figure >\r\n                    <picture><source srcset=\"data:image\/svg+xml;base64,PHN2ZyB4bWxucz0naHR0cDovL3d3dy53My5vcmcvMjAwMC9zdmcnIHk9JzAnIHg9JzAnIHdpZHRoPSc3NjQnIGhlaWdodD0nNjg4JyB2aWV3Qm94PScwIDAgNzY0IDY4OCc+PC9zdmc+\" data-srcset=\"https:\/\/www.mirare.fr\/wp-content\/uploads\/2025\/09\/MIR784_RECTO-764x688.jpg\" media=\"(min-width: 64rem) and (min-resolution: 192dpi), (min-width: 64rem) and (-webkit-min-device-pixel-ratio: 2)\"><source srcset=\"data:image\/svg+xml;base64,PHN2ZyB4bWxucz0naHR0cDovL3d3dy53My5vcmcvMjAwMC9zdmcnIHk9JzAnIHg9JzAnIHdpZHRoPSc1NDYnIGhlaWdodD0nNDkyJyB2aWV3Qm94PScwIDAgNTQ2IDQ5Mic+PC9zdmc+\" data-srcset=\"https:\/\/www.mirare.fr\/wp-content\/uploads\/2025\/09\/MIR784_RECTO-546x492.jpg\" media=\"(min-resolution: 192dpi), (-webkit-min-device-pixel-ratio: 2)\"><source srcset=\"data:image\/svg+xml;base64,PHN2ZyB4bWxucz0naHR0cDovL3d3dy53My5vcmcvMjAwMC9zdmcnIHk9JzAnIHg9JzAnIHdpZHRoPSc0NTgnIGhlaWdodD0nNDEyJyB2aWV3Qm94PScwIDAgNDU4IDQxMic+PC9zdmc+\" data-srcset=\"https:\/\/www.mirare.fr\/wp-content\/uploads\/2025\/09\/MIR784_RECTO-458x412.jpg\" media=\"(min-width: 64rem)\"><img decoding=\"async\" src=\"data:image\/svg+xml;base64,PHN2ZyB4bWxucz0naHR0cDovL3d3dy53My5vcmcvMjAwMC9zdmcnIHk9JzAnIHg9JzAnIHdpZHRoPScyNzMnIGhlaWdodD0nMjQ2JyB2aWV3Qm94PScwIDAgMjczIDI0Nic+PC9zdmc+\" data-fade-in data-lazy-img data-src=\"https:\/\/www.mirare.fr\/wp-content\/uploads\/2025\/09\/MIR784_RECTO-273x246.jpg\" alt=\"alt tag\" itemprop=\"image\" \/><\/picture>                  <\/figure>\r\n                              <\/div>\r\n            <\/div>\r\n          <\/div>\r\n        \r\n          <div class=\"container\">\r\n                        <div class=\"content align-left has-image\"  data-lazy-interchange=\"[https:\/\/www.mirare.fr\/wp-content\/uploads\/2021\/08\/Fonds-slide-wordpress-1-375x144.png, small], [https:\/\/www.mirare.fr\/wp-content\/uploads\/2021\/08\/Fonds-slide-wordpress-1-768x295.png, medium], [https:\/\/www.mirare.fr\/wp-content\/uploads\/2021\/08\/Fonds-slide-wordpress-1-1024x393.png, large], [https:\/\/www.mirare.fr\/wp-content\/uploads\/2021\/08\/Fonds-slide-wordpress-1-1199x460.png, xlarge], [https:\/\/www.mirare.fr\/wp-content\/uploads\/2021\/08\/Fonds-slide-wordpress-1-750x288.png, retina], [https:\/\/www.mirare.fr\/wp-content\/uploads\/2021\/08\/Fonds-slide-wordpress-1.png, medium_retina]\" data-fade-in>\r\n\r\n              <div class=\"content-inner\">\r\n                <div class=\"text\">\r\n                  <span class=\"category\">Album<\/span>\r\n                  <span class=\"title\">Alla Schumann<\/span>\r\n                  <span class=\"description\">Nathalia Milstein<\/span>\r\n                                                                          <a href=\"https:\/\/www.mirare.fr\/en\/albums\/alla-schumann\/\" class=\"button-see-album\">see the album<\/a>\r\n                                  <\/div>\r\n\r\n                                  <figure >\r\n                    <picture><source srcset=\"data:image\/svg+xml;base64,PHN2ZyB4bWxucz0naHR0cDovL3d3dy53My5vcmcvMjAwMC9zdmcnIHk9JzAnIHg9JzAnIHdpZHRoPSc3NjQnIGhlaWdodD0nNjg4JyB2aWV3Qm94PScwIDAgNzY0IDY4OCc+PC9zdmc+\" data-srcset=\"https:\/\/www.mirare.fr\/wp-content\/uploads\/2025\/09\/VISUEL-MIR782-R\u00b0-764x688.jpg\" media=\"(min-width: 64rem) and (min-resolution: 192dpi), (min-width: 64rem) and (-webkit-min-device-pixel-ratio: 2)\"><source srcset=\"data:image\/svg+xml;base64,PHN2ZyB4bWxucz0naHR0cDovL3d3dy53My5vcmcvMjAwMC9zdmcnIHk9JzAnIHg9JzAnIHdpZHRoPSc1NDYnIGhlaWdodD0nNDkyJyB2aWV3Qm94PScwIDAgNTQ2IDQ5Mic+PC9zdmc+\" data-srcset=\"https:\/\/www.mirare.fr\/wp-content\/uploads\/2025\/09\/VISUEL-MIR782-R\u00b0-546x492.jpg\" media=\"(min-resolution: 192dpi), (-webkit-min-device-pixel-ratio: 2)\"><source srcset=\"data:image\/svg+xml;base64,PHN2ZyB4bWxucz0naHR0cDovL3d3dy53My5vcmcvMjAwMC9zdmcnIHk9JzAnIHg9JzAnIHdpZHRoPSc0NTgnIGhlaWdodD0nNDEyJyB2aWV3Qm94PScwIDAgNDU4IDQxMic+PC9zdmc+\" data-srcset=\"https:\/\/www.mirare.fr\/wp-content\/uploads\/2025\/09\/VISUEL-MIR782-R\u00b0-458x412.jpg\" media=\"(min-width: 64rem)\"><img decoding=\"async\" src=\"data:image\/svg+xml;base64,PHN2ZyB4bWxucz0naHR0cDovL3d3dy53My5vcmcvMjAwMC9zdmcnIHk9JzAnIHg9JzAnIHdpZHRoPScyNzMnIGhlaWdodD0nMjQ2JyB2aWV3Qm94PScwIDAgMjczIDI0Nic+PC9zdmc+\" data-fade-in data-lazy-img data-src=\"https:\/\/www.mirare.fr\/wp-content\/uploads\/2025\/09\/VISUEL-MIR782-R\u00b0-273x246.jpg\" alt=\"alt tag\" itemprop=\"image\" \/><\/picture>                  <\/figure>\r\n                              <\/div>\r\n            <\/div>\r\n          <\/div>\r\n        \r\n          <div class=\"container\">\r\n                        <div class=\"content align-left has-image\"  data-lazy-interchange=\"[https:\/\/www.mirare.fr\/wp-content\/uploads\/2021\/08\/Fonds-slide-sit-Wordpress-3-375x144.png, small], [https:\/\/www.mirare.fr\/wp-content\/uploads\/2021\/08\/Fonds-slide-sit-Wordpress-3-768x295.png, medium], [https:\/\/www.mirare.fr\/wp-content\/uploads\/2021\/08\/Fonds-slide-sit-Wordpress-3-1024x393.png, large], [https:\/\/www.mirare.fr\/wp-content\/uploads\/2021\/08\/Fonds-slide-sit-Wordpress-3-1199x460.png, xlarge], [https:\/\/www.mirare.fr\/wp-content\/uploads\/2021\/08\/Fonds-slide-sit-Wordpress-3-750x288.png, retina], [https:\/\/www.mirare.fr\/wp-content\/uploads\/2021\/08\/Fonds-slide-sit-Wordpress-3.png, medium_retina]\" data-fade-in>\r\n\r\n              <div class=\"content-inner\">\r\n                <div class=\"text\">\r\n                  <span class=\"category\">Album<\/span>\r\n                  <span class=\"title\">A Dream for Artemis<\/span>\r\n                  <span class=\"description\">Quatuor Ellipsos, Jean-Fran\u00e7ois Verdier, Orchestre Victor Hugo<\/span>\r\n                                                                          <a href=\"https:\/\/www.mirare.fr\/en\/albums\/a-dream-for-artemis\/\" class=\"button-see-album\">see the album<\/a>\r\n                                  <\/div>\r\n\r\n                                  <figure >\r\n                    <picture><source srcset=\"data:image\/svg+xml;base64,PHN2ZyB4bWxucz0naHR0cDovL3d3dy53My5vcmcvMjAwMC9zdmcnIHk9JzAnIHg9JzAnIHdpZHRoPSc3NjQnIGhlaWdodD0nNjg4JyB2aWV3Qm94PScwIDAgNzY0IDY4OCc+PC9zdmc+\" data-srcset=\"https:\/\/www.mirare.fr\/wp-content\/uploads\/2021\/08\/Position-sticker-France-Musique-2-1-764x688.png\" media=\"(min-width: 64rem) and (min-resolution: 192dpi), (min-width: 64rem) and (-webkit-min-device-pixel-ratio: 2)\"><source srcset=\"data:image\/svg+xml;base64,PHN2ZyB4bWxucz0naHR0cDovL3d3dy53My5vcmcvMjAwMC9zdmcnIHk9JzAnIHg9JzAnIHdpZHRoPSc1NDYnIGhlaWdodD0nNDkyJyB2aWV3Qm94PScwIDAgNTQ2IDQ5Mic+PC9zdmc+\" data-srcset=\"https:\/\/www.mirare.fr\/wp-content\/uploads\/2021\/08\/Position-sticker-France-Musique-2-1-546x492.png\" media=\"(min-resolution: 192dpi), (-webkit-min-device-pixel-ratio: 2)\"><source srcset=\"data:image\/svg+xml;base64,PHN2ZyB4bWxucz0naHR0cDovL3d3dy53My5vcmcvMjAwMC9zdmcnIHk9JzAnIHg9JzAnIHdpZHRoPSc0NTgnIGhlaWdodD0nNDEyJyB2aWV3Qm94PScwIDAgNDU4IDQxMic+PC9zdmc+\" data-srcset=\"https:\/\/www.mirare.fr\/wp-content\/uploads\/2021\/08\/Position-sticker-France-Musique-2-1-458x412.png\" media=\"(min-width: 64rem)\"><img decoding=\"async\" src=\"data:image\/svg+xml;base64,PHN2ZyB4bWxucz0naHR0cDovL3d3dy53My5vcmcvMjAwMC9zdmcnIHk9JzAnIHg9JzAnIHdpZHRoPScyNzMnIGhlaWdodD0nMjQ2JyB2aWV3Qm94PScwIDAgMjczIDI0Nic+PC9zdmc+\" data-fade-in data-lazy-img data-src=\"https:\/\/www.mirare.fr\/wp-content\/uploads\/2021\/08\/Position-sticker-France-Musique-2-1-273x246.png\" alt=\"alt tag\" itemprop=\"image\" \/><\/picture>                  <\/figure>\r\n                              <\/div>\r\n            <\/div>\r\n          <\/div>\r\n        \r\n          <div class=\"container\">\r\n                        <div class=\"content align-left has-image\"  data-lazy-interchange=\"[https:\/\/www.mirare.fr\/wp-content\/uploads\/2021\/08\/Design-sans-titre-17-375x144.png, small], [https:\/\/www.mirare.fr\/wp-content\/uploads\/2021\/08\/Design-sans-titre-17-768x295.png, medium], [https:\/\/www.mirare.fr\/wp-content\/uploads\/2021\/08\/Design-sans-titre-17-1024x393.png, large], [https:\/\/www.mirare.fr\/wp-content\/uploads\/2021\/08\/Design-sans-titre-17-1199x460.png, xlarge], [https:\/\/www.mirare.fr\/wp-content\/uploads\/2021\/08\/Design-sans-titre-17-750x288.png, retina], [https:\/\/www.mirare.fr\/wp-content\/uploads\/2021\/08\/Design-sans-titre-17.png, medium_retina]\" data-fade-in>\r\n\r\n              <div class=\"content-inner\">\r\n                <div class=\"text\">\r\n                  <span class=\"category\">Album<\/span>\r\n                  <span class=\"title\">Chopin, Liszt<\/span>\r\n                  <span class=\"description\">Sophia Liu<\/span>\r\n                                                                          <a href=\"https:\/\/www.mirare.fr\/en\/albums\/chopin-liszt-2\/\" class=\"button-see-album\">see the album<\/a>\r\n                                  <\/div>\r\n\r\n                                  <figure >\r\n                    <picture><source srcset=\"data:image\/svg+xml;base64,PHN2ZyB4bWxucz0naHR0cDovL3d3dy53My5vcmcvMjAwMC9zdmcnIHk9JzAnIHg9JzAnIHdpZHRoPSc3NjQnIGhlaWdodD0nNjg4JyB2aWV3Qm94PScwIDAgNzY0IDY4OCc+PC9zdmc+\" data-srcset=\"https:\/\/www.mirare.fr\/wp-content\/uploads\/2021\/08\/VISUEL-MIR782-R\u00b0-764x688.jpg\" media=\"(min-width: 64rem) and (min-resolution: 192dpi), (min-width: 64rem) and (-webkit-min-device-pixel-ratio: 2)\"><source srcset=\"data:image\/svg+xml;base64,PHN2ZyB4bWxucz0naHR0cDovL3d3dy53My5vcmcvMjAwMC9zdmcnIHk9JzAnIHg9JzAnIHdpZHRoPSc1NDYnIGhlaWdodD0nNDkyJyB2aWV3Qm94PScwIDAgNTQ2IDQ5Mic+PC9zdmc+\" data-srcset=\"https:\/\/www.mirare.fr\/wp-content\/uploads\/2021\/08\/VISUEL-MIR782-R\u00b0-546x492.jpg\" media=\"(min-resolution: 192dpi), (-webkit-min-device-pixel-ratio: 2)\"><source srcset=\"data:image\/svg+xml;base64,PHN2ZyB4bWxucz0naHR0cDovL3d3dy53My5vcmcvMjAwMC9zdmcnIHk9JzAnIHg9JzAnIHdpZHRoPSc0NTgnIGhlaWdodD0nNDEyJyB2aWV3Qm94PScwIDAgNDU4IDQxMic+PC9zdmc+\" data-srcset=\"https:\/\/www.mirare.fr\/wp-content\/uploads\/2021\/08\/VISUEL-MIR782-R\u00b0-458x412.jpg\" media=\"(min-width: 64rem)\"><img decoding=\"async\" src=\"data:image\/svg+xml;base64,PHN2ZyB4bWxucz0naHR0cDovL3d3dy53My5vcmcvMjAwMC9zdmcnIHk9JzAnIHg9JzAnIHdpZHRoPScyNzMnIGhlaWdodD0nMjQ2JyB2aWV3Qm94PScwIDAgMjczIDI0Nic+PC9zdmc+\" data-fade-in data-lazy-img data-src=\"https:\/\/www.mirare.fr\/wp-content\/uploads\/2021\/08\/VISUEL-MIR782-R\u00b0-273x246.jpg\" alt=\"alt tag\" itemprop=\"image\" \/><\/picture>                  <\/figure>\r\n                              <\/div>\r\n            <\/div>\r\n          <\/div>\r\n        \r\n          <div class=\"container\">\r\n                        <div class=\"content align-left has-image\"  data-lazy-interchange=\"[https:\/\/www.mirare.fr\/wp-content\/uploads\/2021\/08\/Design-sans-titre-15-375x144.png, small], [https:\/\/www.mirare.fr\/wp-content\/uploads\/2021\/08\/Design-sans-titre-15-768x295.png, medium], [https:\/\/www.mirare.fr\/wp-content\/uploads\/2021\/08\/Design-sans-titre-15-1024x393.png, large], [https:\/\/www.mirare.fr\/wp-content\/uploads\/2021\/08\/Design-sans-titre-15-1199x460.png, xlarge], [https:\/\/www.mirare.fr\/wp-content\/uploads\/2021\/08\/Design-sans-titre-15-750x288.png, retina], [https:\/\/www.mirare.fr\/wp-content\/uploads\/2021\/08\/Design-sans-titre-15.png, medium_retina]\" data-fade-in>\r\n\r\n              <div class=\"content-inner\">\r\n                <div class=\"text\">\r\n                  <span class=\"category\">Album<\/span>\r\n                  <span class=\"title\">Volver<\/span>\r\n                  <span class=\"description\">Vittorio Forte<\/span>\r\n                                                                          <a href=\"https:\/\/www.mirare.fr\/en\/albums\/volver\/\" class=\"button-see-album\">see the album<\/a>\r\n                                  <\/div>\r\n\r\n                                  <figure >\r\n                    <picture><source srcset=\"data:image\/svg+xml;base64,PHN2ZyB4bWxucz0naHR0cDovL3d3dy53My5vcmcvMjAwMC9zdmcnIHk9JzAnIHg9JzAnIHdpZHRoPSc3NjQnIGhlaWdodD0nNjg4JyB2aWV3Qm94PScwIDAgNzY0IDY4OCc+PC9zdmc+\" data-srcset=\"https:\/\/www.mirare.fr\/wp-content\/uploads\/2025\/07\/MIR768_RECTO-764x688.jpg\" media=\"(min-width: 64rem) and (min-resolution: 192dpi), (min-width: 64rem) and (-webkit-min-device-pixel-ratio: 2)\"><source srcset=\"data:image\/svg+xml;base64,PHN2ZyB4bWxucz0naHR0cDovL3d3dy53My5vcmcvMjAwMC9zdmcnIHk9JzAnIHg9JzAnIHdpZHRoPSc1NDYnIGhlaWdodD0nNDkyJyB2aWV3Qm94PScwIDAgNTQ2IDQ5Mic+PC9zdmc+\" data-srcset=\"https:\/\/www.mirare.fr\/wp-content\/uploads\/2025\/07\/MIR768_RECTO-546x492.jpg\" media=\"(min-resolution: 192dpi), (-webkit-min-device-pixel-ratio: 2)\"><source srcset=\"data:image\/svg+xml;base64,PHN2ZyB4bWxucz0naHR0cDovL3d3dy53My5vcmcvMjAwMC9zdmcnIHk9JzAnIHg9JzAnIHdpZHRoPSc0NTgnIGhlaWdodD0nNDEyJyB2aWV3Qm94PScwIDAgNDU4IDQxMic+PC9zdmc+\" data-srcset=\"https:\/\/www.mirare.fr\/wp-content\/uploads\/2025\/07\/MIR768_RECTO-458x412.jpg\" media=\"(min-width: 64rem)\"><img decoding=\"async\" src=\"data:image\/svg+xml;base64,PHN2ZyB4bWxucz0naHR0cDovL3d3dy53My5vcmcvMjAwMC9zdmcnIHk9JzAnIHg9JzAnIHdpZHRoPScyNzMnIGhlaWdodD0nMjQ2JyB2aWV3Qm94PScwIDAgMjczIDI0Nic+PC9zdmc+\" data-fade-in data-lazy-img data-src=\"https:\/\/www.mirare.fr\/wp-content\/uploads\/2025\/07\/MIR768_RECTO-273x246.jpg\" alt=\"alt tag\" itemprop=\"image\" \/><\/picture>                  <\/figure>\r\n                              <\/div>\r\n            <\/div>\r\n          <\/div>\r\n        \r\n          <div class=\"container\">\r\n                        <div class=\"content align-left has-image\"  data-lazy-interchange=\"[https:\/\/www.mirare.fr\/wp-content\/uploads\/2021\/08\/Design-sans-titre-5-3-375x144.png, small], [https:\/\/www.mirare.fr\/wp-content\/uploads\/2021\/08\/Design-sans-titre-5-3-768x295.png, medium], [https:\/\/www.mirare.fr\/wp-content\/uploads\/2021\/08\/Design-sans-titre-5-3-1024x393.png, large], [https:\/\/www.mirare.fr\/wp-content\/uploads\/2021\/08\/Design-sans-titre-5-3-1199x460.png, xlarge], [https:\/\/www.mirare.fr\/wp-content\/uploads\/2021\/08\/Design-sans-titre-5-3-750x288.png, retina], [https:\/\/www.mirare.fr\/wp-content\/uploads\/2021\/08\/Design-sans-titre-5-3.png, medium_retina]\" data-fade-in>\r\n\r\n              <div class=\"content-inner\">\r\n                <div class=\"text\">\r\n                  <span class=\"category\">Album<\/span>\r\n                  <span class=\"title\">A Fairy Tale: \u00c0 travers le miroir<\/span>\r\n                  <span class=\"description\">Rodolphe Menguy<\/span>\r\n                                                                          <a href=\"https:\/\/www.mirare.fr\/en\/albums\/a-fairy-tale-a-travers-le-miroir\/\" class=\"button-see-album\">see the album<\/a>\r\n                                  <\/div>\r\n\r\n                                  <figure >\r\n                    <picture><source srcset=\"data:image\/svg+xml;base64,PHN2ZyB4bWxucz0naHR0cDovL3d3dy53My5vcmcvMjAwMC9zdmcnIHk9JzAnIHg9JzAnIHdpZHRoPSc3NjQnIGhlaWdodD0nNjg4JyB2aWV3Qm94PScwIDAgNzY0IDY4OCc+PC9zdmc+\" data-srcset=\"https:\/\/www.mirare.fr\/wp-content\/uploads\/2025\/07\/MIR750_RECTO-764x688.jpg\" media=\"(min-width: 64rem) and (min-resolution: 192dpi), (min-width: 64rem) and (-webkit-min-device-pixel-ratio: 2)\"><source srcset=\"data:image\/svg+xml;base64,PHN2ZyB4bWxucz0naHR0cDovL3d3dy53My5vcmcvMjAwMC9zdmcnIHk9JzAnIHg9JzAnIHdpZHRoPSc1NDYnIGhlaWdodD0nNDkyJyB2aWV3Qm94PScwIDAgNTQ2IDQ5Mic+PC9zdmc+\" data-srcset=\"https:\/\/www.mirare.fr\/wp-content\/uploads\/2025\/07\/MIR750_RECTO-546x492.jpg\" media=\"(min-resolution: 192dpi), (-webkit-min-device-pixel-ratio: 2)\"><source srcset=\"data:image\/svg+xml;base64,PHN2ZyB4bWxucz0naHR0cDovL3d3dy53My5vcmcvMjAwMC9zdmcnIHk9JzAnIHg9JzAnIHdpZHRoPSc0NTgnIGhlaWdodD0nNDEyJyB2aWV3Qm94PScwIDAgNDU4IDQxMic+PC9zdmc+\" data-srcset=\"https:\/\/www.mirare.fr\/wp-content\/uploads\/2025\/07\/MIR750_RECTO-458x412.jpg\" media=\"(min-width: 64rem)\"><img decoding=\"async\" src=\"data:image\/svg+xml;base64,PHN2ZyB4bWxucz0naHR0cDovL3d3dy53My5vcmcvMjAwMC9zdmcnIHk9JzAnIHg9JzAnIHdpZHRoPScyNzMnIGhlaWdodD0nMjQ2JyB2aWV3Qm94PScwIDAgMjczIDI0Nic+PC9zdmc+\" data-fade-in data-lazy-img data-src=\"https:\/\/www.mirare.fr\/wp-content\/uploads\/2025\/07\/MIR750_RECTO-273x246.jpg\" alt=\"alt tag\" itemprop=\"image\" \/><\/picture>                  <\/figure>\r\n                              <\/div>\r\n            <\/div>\r\n          <\/div>\r\n        \r\n          <div class=\"container\">\r\n                        <div class=\"content align-left has-image\"  data-lazy-interchange=\"[https:\/\/www.mirare.fr\/wp-content\/uploads\/2021\/08\/Design-sans-titre-1-7-375x144.png, small], [https:\/\/www.mirare.fr\/wp-content\/uploads\/2021\/08\/Design-sans-titre-1-7-768x295.png, medium], [https:\/\/www.mirare.fr\/wp-content\/uploads\/2021\/08\/Design-sans-titre-1-7-1024x393.png, large], [https:\/\/www.mirare.fr\/wp-content\/uploads\/2021\/08\/Design-sans-titre-1-7-1199x460.png, xlarge], [https:\/\/www.mirare.fr\/wp-content\/uploads\/2021\/08\/Design-sans-titre-1-7-750x288.png, retina], [https:\/\/www.mirare.fr\/wp-content\/uploads\/2021\/08\/Design-sans-titre-1-7.png, medium_retina]\" data-fade-in>\r\n\r\n              <div class=\"content-inner\">\r\n                <div class=\"text\">\r\n                  <span class=\"category\">Album<\/span>\r\n                  <span class=\"title\">Tchaikovsky: Quatuor \u00e0 cordes &#038; Souvenir de Florence<\/span>\r\n                  <span class=\"description\">Quatuor Modigliani, H\u00e9l\u00e8ne Cl\u00e9ment, Antoine Lederlin<\/span>\r\n                                                                          <a href=\"https:\/\/www.mirare.fr\/en\/albums\/tchaikovsky\/\" class=\"button-see-album\">see the album<\/a>\r\n                                  <\/div>\r\n\r\n                                  <figure >\r\n                    <picture><source srcset=\"data:image\/svg+xml;base64,PHN2ZyB4bWxucz0naHR0cDovL3d3dy53My5vcmcvMjAwMC9zdmcnIHk9JzAnIHg9JzAnIHdpZHRoPSc3NjQnIGhlaWdodD0nNjg4JyB2aWV3Qm94PScwIDAgNzY0IDY4OCc+PC9zdmc+\" data-srcset=\"https:\/\/www.mirare.fr\/wp-content\/uploads\/2025\/06\/MIR580_RECTO-764x688.jpg\" media=\"(min-width: 64rem) and (min-resolution: 192dpi), (min-width: 64rem) and (-webkit-min-device-pixel-ratio: 2)\"><source srcset=\"data:image\/svg+xml;base64,PHN2ZyB4bWxucz0naHR0cDovL3d3dy53My5vcmcvMjAwMC9zdmcnIHk9JzAnIHg9JzAnIHdpZHRoPSc1NDYnIGhlaWdodD0nNDkyJyB2aWV3Qm94PScwIDAgNTQ2IDQ5Mic+PC9zdmc+\" data-srcset=\"https:\/\/www.mirare.fr\/wp-content\/uploads\/2025\/06\/MIR580_RECTO-546x492.jpg\" media=\"(min-resolution: 192dpi), (-webkit-min-device-pixel-ratio: 2)\"><source srcset=\"data:image\/svg+xml;base64,PHN2ZyB4bWxucz0naHR0cDovL3d3dy53My5vcmcvMjAwMC9zdmcnIHk9JzAnIHg9JzAnIHdpZHRoPSc0NTgnIGhlaWdodD0nNDEyJyB2aWV3Qm94PScwIDAgNDU4IDQxMic+PC9zdmc+\" data-srcset=\"https:\/\/www.mirare.fr\/wp-content\/uploads\/2025\/06\/MIR580_RECTO-458x412.jpg\" media=\"(min-width: 64rem)\"><img decoding=\"async\" src=\"data:image\/svg+xml;base64,PHN2ZyB4bWxucz0naHR0cDovL3d3dy53My5vcmcvMjAwMC9zdmcnIHk9JzAnIHg9JzAnIHdpZHRoPScyNzMnIGhlaWdodD0nMjQ2JyB2aWV3Qm94PScwIDAgMjczIDI0Nic+PC9zdmc+\" data-fade-in data-lazy-img data-src=\"https:\/\/www.mirare.fr\/wp-content\/uploads\/2025\/06\/MIR580_RECTO-273x246.jpg\" alt=\"alt tag\" itemprop=\"image\" \/><\/picture>                  <\/figure>\r\n                              <\/div>\r\n            <\/div>\r\n          <\/div>\r\n        \r\n          <div class=\"container\">\r\n                        <div class=\"content align-left has-image\"  data-lazy-interchange=\"[https:\/\/www.mirare.fr\/wp-content\/uploads\/2021\/08\/Design-sans-titre-13-375x144.png, small], [https:\/\/www.mirare.fr\/wp-content\/uploads\/2021\/08\/Design-sans-titre-13-768x295.png, medium], [https:\/\/www.mirare.fr\/wp-content\/uploads\/2021\/08\/Design-sans-titre-13-1024x393.png, large], [https:\/\/www.mirare.fr\/wp-content\/uploads\/2021\/08\/Design-sans-titre-13-1199x460.png, xlarge], [https:\/\/www.mirare.fr\/wp-content\/uploads\/2021\/08\/Design-sans-titre-13-750x288.png, retina], [https:\/\/www.mirare.fr\/wp-content\/uploads\/2021\/08\/Design-sans-titre-13.png, medium_retina]\" data-fade-in>\r\n\r\n              <div class=\"content-inner\">\r\n                <div class=\"text\">\r\n                  <span class=\"category\">Album<\/span>\r\n                  <span class=\"title\">Encores<\/span>\r\n                  <span class=\"description\">Luis Fernando P\u00e9rez<\/span>\r\n                                                                          <a href=\"https:\/\/www.mirare.fr\/en\/albums\/encores\/\" class=\"button-see-album\">see the album<\/a>\r\n                                  <\/div>\r\n\r\n                                  <figure >\r\n                    <picture><source srcset=\"data:image\/svg+xml;base64,PHN2ZyB4bWxucz0naHR0cDovL3d3dy53My5vcmcvMjAwMC9zdmcnIHk9JzAnIHg9JzAnIHdpZHRoPSc3NjQnIGhlaWdodD0nNjg4JyB2aWV3Qm94PScwIDAgNzY0IDY4OCc+PC9zdmc+\" data-srcset=\"https:\/\/www.mirare.fr\/wp-content\/uploads\/2025\/04\/Disque-MIR702_RECTO-764x688.jpg\" media=\"(min-width: 64rem) and (min-resolution: 192dpi), (min-width: 64rem) and (-webkit-min-device-pixel-ratio: 2)\"><source srcset=\"data:image\/svg+xml;base64,PHN2ZyB4bWxucz0naHR0cDovL3d3dy53My5vcmcvMjAwMC9zdmcnIHk9JzAnIHg9JzAnIHdpZHRoPSc1NDYnIGhlaWdodD0nNDkyJyB2aWV3Qm94PScwIDAgNTQ2IDQ5Mic+PC9zdmc+\" data-srcset=\"https:\/\/www.mirare.fr\/wp-content\/uploads\/2025\/04\/Disque-MIR702_RECTO-546x492.jpg\" media=\"(min-resolution: 192dpi), (-webkit-min-device-pixel-ratio: 2)\"><source srcset=\"data:image\/svg+xml;base64,PHN2ZyB4bWxucz0naHR0cDovL3d3dy53My5vcmcvMjAwMC9zdmcnIHk9JzAnIHg9JzAnIHdpZHRoPSc0NTgnIGhlaWdodD0nNDEyJyB2aWV3Qm94PScwIDAgNDU4IDQxMic+PC9zdmc+\" data-srcset=\"https:\/\/www.mirare.fr\/wp-content\/uploads\/2025\/04\/Disque-MIR702_RECTO-458x412.jpg\" media=\"(min-width: 64rem)\"><img decoding=\"async\" src=\"data:image\/svg+xml;base64,PHN2ZyB4bWxucz0naHR0cDovL3d3dy53My5vcmcvMjAwMC9zdmcnIHk9JzAnIHg9JzAnIHdpZHRoPScyNzMnIGhlaWdodD0nMjQ2JyB2aWV3Qm94PScwIDAgMjczIDI0Nic+PC9zdmc+\" data-fade-in data-lazy-img data-src=\"https:\/\/www.mirare.fr\/wp-content\/uploads\/2025\/04\/Disque-MIR702_RECTO-273x246.jpg\" alt=\"alt tag\" itemprop=\"image\" \/><\/picture>                  <\/figure>\r\n                              <\/div>\r\n            <\/div>\r\n          <\/div>\r\n        \r\n          <div class=\"container\">\r\n                        <div class=\"content align-left has-image\"  data-lazy-interchange=\"[https:\/\/www.mirare.fr\/wp-content\/uploads\/2021\/08\/20-375x144.png, small], [https:\/\/www.mirare.fr\/wp-content\/uploads\/2021\/08\/20-768x295.png, medium], [https:\/\/www.mirare.fr\/wp-content\/uploads\/2021\/08\/20-1024x393.png, large], [https:\/\/www.mirare.fr\/wp-content\/uploads\/2021\/08\/20-1199x460.png, xlarge], [https:\/\/www.mirare.fr\/wp-content\/uploads\/2021\/08\/20-750x288.png, retina], [https:\/\/www.mirare.fr\/wp-content\/uploads\/2021\/08\/20.png, medium_retina]\" data-fade-in>\r\n\r\n              <div class=\"content-inner\">\r\n                <div class=\"text\">\r\n                  <span class=\"category\">Album<\/span>\r\n                  <span class=\"title\">Des lunes et des feux<\/span>\r\n                  <span class=\"description\">Arielle Beck<\/span>\r\n                                                                          <a href=\"https:\/\/www.mirare.fr\/en\/albums\/des-lunes-et-des-feux\/\" class=\"button-see-album\">see the album<\/a>\r\n                                  <\/div>\r\n\r\n                                  <figure >\r\n                    <picture><source srcset=\"data:image\/svg+xml;base64,PHN2ZyB4bWxucz0naHR0cDovL3d3dy53My5vcmcvMjAwMC9zdmcnIHk9JzAnIHg9JzAnIHdpZHRoPSc3NjQnIGhlaWdodD0nNjg4JyB2aWV3Qm94PScwIDAgNzY0IDY4OCc+PC9zdmc+\" data-srcset=\"https:\/\/www.mirare.fr\/wp-content\/uploads\/2025\/06\/Disque-MIR756_RECTO-764x688.jpg\" media=\"(min-width: 64rem) and (min-resolution: 192dpi), (min-width: 64rem) and (-webkit-min-device-pixel-ratio: 2)\"><source srcset=\"data:image\/svg+xml;base64,PHN2ZyB4bWxucz0naHR0cDovL3d3dy53My5vcmcvMjAwMC9zdmcnIHk9JzAnIHg9JzAnIHdpZHRoPSc1NDYnIGhlaWdodD0nNDkyJyB2aWV3Qm94PScwIDAgNTQ2IDQ5Mic+PC9zdmc+\" data-srcset=\"https:\/\/www.mirare.fr\/wp-content\/uploads\/2025\/06\/Disque-MIR756_RECTO-546x492.jpg\" media=\"(min-resolution: 192dpi), (-webkit-min-device-pixel-ratio: 2)\"><source srcset=\"data:image\/svg+xml;base64,PHN2ZyB4bWxucz0naHR0cDovL3d3dy53My5vcmcvMjAwMC9zdmcnIHk9JzAnIHg9JzAnIHdpZHRoPSc0NTgnIGhlaWdodD0nNDEyJyB2aWV3Qm94PScwIDAgNDU4IDQxMic+PC9zdmc+\" data-srcset=\"https:\/\/www.mirare.fr\/wp-content\/uploads\/2025\/06\/Disque-MIR756_RECTO-458x412.jpg\" media=\"(min-width: 64rem)\"><img decoding=\"async\" src=\"data:image\/svg+xml;base64,PHN2ZyB4bWxucz0naHR0cDovL3d3dy53My5vcmcvMjAwMC9zdmcnIHk9JzAnIHg9JzAnIHdpZHRoPScyNzMnIGhlaWdodD0nMjQ2JyB2aWV3Qm94PScwIDAgMjczIDI0Nic+PC9zdmc+\" data-fade-in data-lazy-img data-src=\"https:\/\/www.mirare.fr\/wp-content\/uploads\/2025\/06\/Disque-MIR756_RECTO-273x246.jpg\" alt=\"alt tag\" itemprop=\"image\" \/><\/picture>                  <\/figure>\r\n                              <\/div>\r\n            <\/div>\r\n          <\/div>\r\n        \r\n          <div class=\"container\">\r\n                        <div class=\"content align-left has-image\"  data-lazy-interchange=\"[https:\/\/www.mirare.fr\/wp-content\/uploads\/2021\/08\/Design-sans-titre-1-5-375x144.png, small], [https:\/\/www.mirare.fr\/wp-content\/uploads\/2021\/08\/Design-sans-titre-1-5-768x295.png, medium], [https:\/\/www.mirare.fr\/wp-content\/uploads\/2021\/08\/Design-sans-titre-1-5-1024x393.png, large], [https:\/\/www.mirare.fr\/wp-content\/uploads\/2021\/08\/Design-sans-titre-1-5-1199x460.png, xlarge], [https:\/\/www.mirare.fr\/wp-content\/uploads\/2021\/08\/Design-sans-titre-1-5-750x288.png, retina], [https:\/\/www.mirare.fr\/wp-content\/uploads\/2021\/08\/Design-sans-titre-1-5.png, medium_retina]\" data-fade-in>\r\n\r\n              <div class=\"content-inner\">\r\n                <div class=\"text\">\r\n                  <span class=\"category\">Album<\/span>\r\n                  <span class=\"title\">Dans notre nuit<\/span>\r\n                  <span class=\"description\">Margaux Poguet, Jos\u00e9phine Ambroselli, Jules Bill\u00e9<\/span>\r\n                                                                          <a href=\"https:\/\/www.mirare.fr\/en\/albums\/dans-notre-nuit\/\" class=\"button-see-album\">see the album<\/a>\r\n                                  <\/div>\r\n\r\n                                  <figure >\r\n                    <picture><source srcset=\"data:image\/svg+xml;base64,PHN2ZyB4bWxucz0naHR0cDovL3d3dy53My5vcmcvMjAwMC9zdmcnIHk9JzAnIHg9JzAnIHdpZHRoPSc3NjQnIGhlaWdodD0nNjg4JyB2aWV3Qm94PScwIDAgNzY0IDY4OCc+PC9zdmc+\" data-srcset=\"https:\/\/www.mirare.fr\/wp-content\/uploads\/2025\/06\/Disque-MIR780_RECTO-764x688.jpg\" media=\"(min-width: 64rem) and (min-resolution: 192dpi), (min-width: 64rem) and (-webkit-min-device-pixel-ratio: 2)\"><source srcset=\"data:image\/svg+xml;base64,PHN2ZyB4bWxucz0naHR0cDovL3d3dy53My5vcmcvMjAwMC9zdmcnIHk9JzAnIHg9JzAnIHdpZHRoPSc1NDYnIGhlaWdodD0nNDkyJyB2aWV3Qm94PScwIDAgNTQ2IDQ5Mic+PC9zdmc+\" data-srcset=\"https:\/\/www.mirare.fr\/wp-content\/uploads\/2025\/06\/Disque-MIR780_RECTO-546x492.jpg\" media=\"(min-resolution: 192dpi), (-webkit-min-device-pixel-ratio: 2)\"><source srcset=\"data:image\/svg+xml;base64,PHN2ZyB4bWxucz0naHR0cDovL3d3dy53My5vcmcvMjAwMC9zdmcnIHk9JzAnIHg9JzAnIHdpZHRoPSc0NTgnIGhlaWdodD0nNDEyJyB2aWV3Qm94PScwIDAgNDU4IDQxMic+PC9zdmc+\" data-srcset=\"https:\/\/www.mirare.fr\/wp-content\/uploads\/2025\/06\/Disque-MIR780_RECTO-458x412.jpg\" media=\"(min-width: 64rem)\"><img decoding=\"async\" src=\"data:image\/svg+xml;base64,PHN2ZyB4bWxucz0naHR0cDovL3d3dy53My5vcmcvMjAwMC9zdmcnIHk9JzAnIHg9JzAnIHdpZHRoPScyNzMnIGhlaWdodD0nMjQ2JyB2aWV3Qm94PScwIDAgMjczIDI0Nic+PC9zdmc+\" data-fade-in data-lazy-img data-src=\"https:\/\/www.mirare.fr\/wp-content\/uploads\/2025\/06\/Disque-MIR780_RECTO-273x246.jpg\" alt=\"alt tag\" itemprop=\"image\" \/><\/picture>                  <\/figure>\r\n                              <\/div>\r\n            <\/div>\r\n          <\/div>\r\n        \r\n          <div class=\"container\">\r\n                        <div class=\"content align-left has-image\"  data-lazy-interchange=\"[https:\/\/www.mirare.fr\/wp-content\/uploads\/2021\/08\/6d3bb3f5-75bd-416e-8922-20288fdc590c-375x225.png, small], [https:\/\/www.mirare.fr\/wp-content\/uploads\/2021\/08\/6d3bb3f5-75bd-416e-8922-20288fdc590c-768x461.png, medium], [https:\/\/www.mirare.fr\/wp-content\/uploads\/2021\/08\/6d3bb3f5-75bd-416e-8922-20288fdc590c-978x587.png, large], [https:\/\/www.mirare.fr\/wp-content\/uploads\/2021\/08\/6d3bb3f5-75bd-416e-8922-20288fdc590c-766x460.png, xlarge], [https:\/\/www.mirare.fr\/wp-content\/uploads\/2021\/08\/6d3bb3f5-75bd-416e-8922-20288fdc590c-750x450.png, retina], [https:\/\/www.mirare.fr\/wp-content\/uploads\/2021\/08\/6d3bb3f5-75bd-416e-8922-20288fdc590c-1536x922.png, medium_retina], [https:\/\/www.mirare.fr\/wp-content\/uploads\/2021\/08\/6d3bb3f5-75bd-416e-8922-20288fdc590c-1955x1174.png, large_retina], [https:\/\/www.mirare.fr\/wp-content\/uploads\/2021\/08\/6d3bb3f5-75bd-416e-8922-20288fdc590c-1532x920.png, xlarge_retina]\" data-fade-in>\r\n\r\n              <div class=\"content-inner\">\r\n                <div class=\"text\">\r\n                  <span class=\"category\">Compilation<\/span>\r\n                  <span class=\"title\">La Roque d&#8217;Anth\u00e9ron 2025<\/span>\r\n                  <span class=\"description\">Various artists<\/span>\r\n                                                                          <a href=\"https:\/\/www.mirare.fr\/en\/albums\/compilation-la-roque-2025\/\" class=\"button-see-album\">see the compilation<\/a>\r\n                                  <\/div>\r\n\r\n                                  <figure >\r\n                    <picture><source srcset=\"data:image\/svg+xml;base64,PHN2ZyB4bWxucz0naHR0cDovL3d3dy53My5vcmcvMjAwMC9zdmcnIHk9JzAnIHg9JzAnIHdpZHRoPSc3NjQnIGhlaWdodD0nNjg4JyB2aWV3Qm94PScwIDAgNzY0IDY4OCc+PC9zdmc+\" data-srcset=\"https:\/\/www.mirare.fr\/wp-content\/uploads\/2025\/06\/1-764x688.png\" media=\"(min-width: 64rem) and (min-resolution: 192dpi), (min-width: 64rem) and (-webkit-min-device-pixel-ratio: 2)\"><source srcset=\"data:image\/svg+xml;base64,PHN2ZyB4bWxucz0naHR0cDovL3d3dy53My5vcmcvMjAwMC9zdmcnIHk9JzAnIHg9JzAnIHdpZHRoPSc1NDYnIGhlaWdodD0nNDkyJyB2aWV3Qm94PScwIDAgNTQ2IDQ5Mic+PC9zdmc+\" data-srcset=\"https:\/\/www.mirare.fr\/wp-content\/uploads\/2025\/06\/1-546x492.png\" media=\"(min-resolution: 192dpi), (-webkit-min-device-pixel-ratio: 2)\"><source srcset=\"data:image\/svg+xml;base64,PHN2ZyB4bWxucz0naHR0cDovL3d3dy53My5vcmcvMjAwMC9zdmcnIHk9JzAnIHg9JzAnIHdpZHRoPSc0NTgnIGhlaWdodD0nNDEyJyB2aWV3Qm94PScwIDAgNDU4IDQxMic+PC9zdmc+\" data-srcset=\"https:\/\/www.mirare.fr\/wp-content\/uploads\/2025\/06\/1-458x412.png\" media=\"(min-width: 64rem)\"><img decoding=\"async\" src=\"data:image\/svg+xml;base64,PHN2ZyB4bWxucz0naHR0cDovL3d3dy53My5vcmcvMjAwMC9zdmcnIHk9JzAnIHg9JzAnIHdpZHRoPScyNzMnIGhlaWdodD0nMjQ2JyB2aWV3Qm94PScwIDAgMjczIDI0Nic+PC9zdmc+\" data-fade-in data-lazy-img data-src=\"https:\/\/www.mirare.fr\/wp-content\/uploads\/2025\/06\/1-273x246.png\" alt=\"alt tag\" itemprop=\"image\" \/><\/picture>                  <\/figure>\r\n                              <\/div>\r\n            <\/div>\r\n          <\/div>\r\n        \r\n          <div class=\"container\">\r\n                        <div class=\"content align-left has-image\"  data-lazy-interchange=\"[https:\/\/www.mirare.fr\/wp-content\/uploads\/2021\/08\/MIR728-375x144.png, small], [https:\/\/www.mirare.fr\/wp-content\/uploads\/2021\/08\/MIR728-768x295.png, medium], [https:\/\/www.mirare.fr\/wp-content\/uploads\/2021\/08\/MIR728-1024x393.png, large], [https:\/\/www.mirare.fr\/wp-content\/uploads\/2021\/08\/MIR728-1199x460.png, xlarge], [https:\/\/www.mirare.fr\/wp-content\/uploads\/2021\/08\/MIR728-750x288.png, retina], [https:\/\/www.mirare.fr\/wp-content\/uploads\/2021\/08\/MIR728.png, medium_retina]\" data-fade-in>\r\n\r\n              <div class=\"content-inner\">\r\n                <div class=\"text\">\r\n                  <span class=\"category\">Album<\/span>\r\n                  <span class=\"title\">Fernando Sor: Airs favoris \u00e0 Paris<\/span>\r\n                  <span class=\"description\">Michel Grizard<\/span>\r\n                                                                          <a href=\"https:\/\/www.mirare.fr\/en\/albums\/fernando-sor-airs-favoris-a-paris\/\" class=\"button-see-album\">see the album<\/a>\r\n                                  <\/div>\r\n\r\n                                  <figure >\r\n                    <picture><source srcset=\"data:image\/svg+xml;base64,PHN2ZyB4bWxucz0naHR0cDovL3d3dy53My5vcmcvMjAwMC9zdmcnIHk9JzAnIHg9JzAnIHdpZHRoPSc3NjQnIGhlaWdodD0nNjg4JyB2aWV3Qm94PScwIDAgNzY0IDY4OCc+PC9zdmc+\" data-srcset=\"https:\/\/www.mirare.fr\/wp-content\/uploads\/2025\/03\/MIR728-RECTO-764x688.jpg\" media=\"(min-width: 64rem) and (min-resolution: 192dpi), (min-width: 64rem) and (-webkit-min-device-pixel-ratio: 2)\"><source srcset=\"data:image\/svg+xml;base64,PHN2ZyB4bWxucz0naHR0cDovL3d3dy53My5vcmcvMjAwMC9zdmcnIHk9JzAnIHg9JzAnIHdpZHRoPSc1NDYnIGhlaWdodD0nNDkyJyB2aWV3Qm94PScwIDAgNTQ2IDQ5Mic+PC9zdmc+\" data-srcset=\"https:\/\/www.mirare.fr\/wp-content\/uploads\/2025\/03\/MIR728-RECTO-546x492.jpg\" media=\"(min-resolution: 192dpi), (-webkit-min-device-pixel-ratio: 2)\"><source srcset=\"data:image\/svg+xml;base64,PHN2ZyB4bWxucz0naHR0cDovL3d3dy53My5vcmcvMjAwMC9zdmcnIHk9JzAnIHg9JzAnIHdpZHRoPSc0NTgnIGhlaWdodD0nNDEyJyB2aWV3Qm94PScwIDAgNDU4IDQxMic+PC9zdmc+\" data-srcset=\"https:\/\/www.mirare.fr\/wp-content\/uploads\/2025\/03\/MIR728-RECTO-458x412.jpg\" media=\"(min-width: 64rem)\"><img decoding=\"async\" src=\"data:image\/svg+xml;base64,PHN2ZyB4bWxucz0naHR0cDovL3d3dy53My5vcmcvMjAwMC9zdmcnIHk9JzAnIHg9JzAnIHdpZHRoPScyNzMnIGhlaWdodD0nMjQ2JyB2aWV3Qm94PScwIDAgMjczIDI0Nic+PC9zdmc+\" data-fade-in data-lazy-img data-src=\"https:\/\/www.mirare.fr\/wp-content\/uploads\/2025\/03\/MIR728-RECTO-273x246.jpg\" alt=\"alt tag\" itemprop=\"image\" \/><\/picture>                  <\/figure>\r\n                              <\/div>\r\n            <\/div>\r\n          <\/div>\r\n        \r\n          <div class=\"container\">\r\n                        <div class=\"content align-left has-image\"  data-lazy-interchange=\"[https:\/\/www.mirare.fr\/wp-content\/uploads\/2021\/08\/Design-sans-titre-10-375x144.png, small], [https:\/\/www.mirare.fr\/wp-content\/uploads\/2021\/08\/Design-sans-titre-10-768x295.png, medium], [https:\/\/www.mirare.fr\/wp-content\/uploads\/2021\/08\/Design-sans-titre-10-1024x393.png, large], [https:\/\/www.mirare.fr\/wp-content\/uploads\/2021\/08\/Design-sans-titre-10-1199x460.png, xlarge], [https:\/\/www.mirare.fr\/wp-content\/uploads\/2021\/08\/Design-sans-titre-10-750x288.png, retina], [https:\/\/www.mirare.fr\/wp-content\/uploads\/2021\/08\/Design-sans-titre-10.png, medium_retina]\" data-fade-in>\r\n\r\n              <div class=\"content-inner\">\r\n                <div class=\"text\">\r\n                  <span class=\"category\">Album<\/span>\r\n                  <span class=\"title\">Pressentiment<\/span>\r\n                  <span class=\"description\">Claire D\u00e9sert<\/span>\r\n                                                                          <a href=\"https:\/\/www.mirare.fr\/en\/albums\/pressentiment\/\" class=\"button-see-album\">see the album<\/a>\r\n                                  <\/div>\r\n\r\n                                  <figure >\r\n                    <picture><source srcset=\"data:image\/svg+xml;base64,PHN2ZyB4bWxucz0naHR0cDovL3d3dy53My5vcmcvMjAwMC9zdmcnIHk9JzAnIHg9JzAnIHdpZHRoPSc3NjQnIGhlaWdodD0nNjg4JyB2aWV3Qm94PScwIDAgNzY0IDY4OCc+PC9zdmc+\" data-srcset=\"https:\/\/www.mirare.fr\/wp-content\/uploads\/2025\/02\/VISUEL-MIR758R\u00b0-764x688.jpg\" media=\"(min-width: 64rem) and (min-resolution: 192dpi), (min-width: 64rem) and (-webkit-min-device-pixel-ratio: 2)\"><source srcset=\"data:image\/svg+xml;base64,PHN2ZyB4bWxucz0naHR0cDovL3d3dy53My5vcmcvMjAwMC9zdmcnIHk9JzAnIHg9JzAnIHdpZHRoPSc1NDYnIGhlaWdodD0nNDkyJyB2aWV3Qm94PScwIDAgNTQ2IDQ5Mic+PC9zdmc+\" data-srcset=\"https:\/\/www.mirare.fr\/wp-content\/uploads\/2025\/02\/VISUEL-MIR758R\u00b0-546x492.jpg\" media=\"(min-resolution: 192dpi), (-webkit-min-device-pixel-ratio: 2)\"><source srcset=\"data:image\/svg+xml;base64,PHN2ZyB4bWxucz0naHR0cDovL3d3dy53My5vcmcvMjAwMC9zdmcnIHk9JzAnIHg9JzAnIHdpZHRoPSc0NTgnIGhlaWdodD0nNDEyJyB2aWV3Qm94PScwIDAgNDU4IDQxMic+PC9zdmc+\" data-srcset=\"https:\/\/www.mirare.fr\/wp-content\/uploads\/2025\/02\/VISUEL-MIR758R\u00b0-458x412.jpg\" media=\"(min-width: 64rem)\"><img decoding=\"async\" src=\"data:image\/svg+xml;base64,PHN2ZyB4bWxucz0naHR0cDovL3d3dy53My5vcmcvMjAwMC9zdmcnIHk9JzAnIHg9JzAnIHdpZHRoPScyNzMnIGhlaWdodD0nMjQ2JyB2aWV3Qm94PScwIDAgMjczIDI0Nic+PC9zdmc+\" data-fade-in data-lazy-img data-src=\"https:\/\/www.mirare.fr\/wp-content\/uploads\/2025\/02\/VISUEL-MIR758R\u00b0-273x246.jpg\" alt=\"alt tag\" itemprop=\"image\" \/><\/picture>                  <\/figure>\r\n                              <\/div>\r\n            <\/div>\r\n          <\/div>\r\n        \r\n          <div class=\"container\">\r\n                        <div class=\"content align-left has-image\"  data-lazy-interchange=\"[https:\/\/www.mirare.fr\/wp-content\/uploads\/2021\/08\/MIR744-375x144.png, small], [https:\/\/www.mirare.fr\/wp-content\/uploads\/2021\/08\/MIR744-768x295.png, medium], [https:\/\/www.mirare.fr\/wp-content\/uploads\/2021\/08\/MIR744-1024x393.png, large], [https:\/\/www.mirare.fr\/wp-content\/uploads\/2021\/08\/MIR744-1199x460.png, xlarge], [https:\/\/www.mirare.fr\/wp-content\/uploads\/2021\/08\/MIR744-750x288.png, retina], [https:\/\/www.mirare.fr\/wp-content\/uploads\/2021\/08\/MIR744.png, medium_retina]\" data-fade-in>\r\n\r\n              <div class=\"content-inner\">\r\n                <div class=\"text\">\r\n                  <span class=\"category\">Album<\/span>\r\n                  <span class=\"title\">Myst\u00e8res<\/span>\r\n                  <span class=\"description\">Salom\u00e9 Gasselin<\/span>\r\n                                                                          <a href=\"https:\/\/www.mirare.fr\/en\/albums\/mysteres\/\" class=\"button-see-album\">see the album<\/a>\r\n                                  <\/div>\r\n\r\n                                  <figure >\r\n                    <picture><source srcset=\"data:image\/svg+xml;base64,PHN2ZyB4bWxucz0naHR0cDovL3d3dy53My5vcmcvMjAwMC9zdmcnIHk9JzAnIHg9JzAnIHdpZHRoPSc3NjQnIGhlaWdodD0nNjg4JyB2aWV3Qm94PScwIDAgNzY0IDY4OCc+PC9zdmc+\" data-srcset=\"https:\/\/www.mirare.fr\/wp-content\/uploads\/2025\/01\/VISUEL-MIR744R\u00b0-764x688.jpg\" media=\"(min-width: 64rem) and (min-resolution: 192dpi), (min-width: 64rem) and (-webkit-min-device-pixel-ratio: 2)\"><source srcset=\"data:image\/svg+xml;base64,PHN2ZyB4bWxucz0naHR0cDovL3d3dy53My5vcmcvMjAwMC9zdmcnIHk9JzAnIHg9JzAnIHdpZHRoPSc1NDYnIGhlaWdodD0nNDkyJyB2aWV3Qm94PScwIDAgNTQ2IDQ5Mic+PC9zdmc+\" data-srcset=\"https:\/\/www.mirare.fr\/wp-content\/uploads\/2025\/01\/VISUEL-MIR744R\u00b0-546x492.jpg\" media=\"(min-resolution: 192dpi), (-webkit-min-device-pixel-ratio: 2)\"><source srcset=\"data:image\/svg+xml;base64,PHN2ZyB4bWxucz0naHR0cDovL3d3dy53My5vcmcvMjAwMC9zdmcnIHk9JzAnIHg9JzAnIHdpZHRoPSc0NTgnIGhlaWdodD0nNDEyJyB2aWV3Qm94PScwIDAgNDU4IDQxMic+PC9zdmc+\" data-srcset=\"https:\/\/www.mirare.fr\/wp-content\/uploads\/2025\/01\/VISUEL-MIR744R\u00b0-458x412.jpg\" media=\"(min-width: 64rem)\"><img decoding=\"async\" src=\"data:image\/svg+xml;base64,PHN2ZyB4bWxucz0naHR0cDovL3d3dy53My5vcmcvMjAwMC9zdmcnIHk9JzAnIHg9JzAnIHdpZHRoPScyNzMnIGhlaWdodD0nMjQ2JyB2aWV3Qm94PScwIDAgMjczIDI0Nic+PC9zdmc+\" data-fade-in data-lazy-img data-src=\"https:\/\/www.mirare.fr\/wp-content\/uploads\/2025\/01\/VISUEL-MIR744R\u00b0-273x246.jpg\" alt=\"alt tag\" itemprop=\"image\" \/><\/picture>                  <\/figure>\r\n                              <\/div>\r\n            <\/div>\r\n          <\/div>\r\n        \r\n          <div class=\"container\">\r\n                        <div class=\"content align-left has-image\"  data-lazy-interchange=\"[https:\/\/www.mirare.fr\/wp-content\/uploads\/2021\/08\/MIR666-375x144.png, small], [https:\/\/www.mirare.fr\/wp-content\/uploads\/2021\/08\/MIR666-768x295.png, medium], [https:\/\/www.mirare.fr\/wp-content\/uploads\/2021\/08\/MIR666-1024x393.png, large], [https:\/\/www.mirare.fr\/wp-content\/uploads\/2021\/08\/MIR666-1199x460.png, xlarge], [https:\/\/www.mirare.fr\/wp-content\/uploads\/2021\/08\/MIR666-750x288.png, retina], [https:\/\/www.mirare.fr\/wp-content\/uploads\/2021\/08\/MIR666.png, medium_retina]\" data-fade-in>\r\n\r\n              <div class=\"content-inner\">\r\n                <div class=\"text\">\r\n                  <span class=\"category\">Album<\/span>\r\n                  <span class=\"title\">Vers un monde nouveau<\/span>\r\n                  <span class=\"description\">Jonas Vitaud<\/span>\r\n                                                                          <a href=\"https:\/\/www.mirare.fr\/en\/albums\/vers-un-monde-nouveau\/\" class=\"button-see-album\">see the album<\/a>\r\n                                  <\/div>\r\n\r\n                                  <figure >\r\n                    <picture><source srcset=\"data:image\/svg+xml;base64,PHN2ZyB4bWxucz0naHR0cDovL3d3dy53My5vcmcvMjAwMC9zdmcnIHk9JzAnIHg9JzAnIHdpZHRoPSc3NjQnIGhlaWdodD0nNjg4JyB2aWV3Qm94PScwIDAgNzY0IDY4OCc+PC9zdmc+\" data-srcset=\"https:\/\/www.mirare.fr\/wp-content\/uploads\/2025\/01\/VISUEL-MIR666R\u00b0-764x688.jpg\" media=\"(min-width: 64rem) and (min-resolution: 192dpi), (min-width: 64rem) and (-webkit-min-device-pixel-ratio: 2)\"><source srcset=\"data:image\/svg+xml;base64,PHN2ZyB4bWxucz0naHR0cDovL3d3dy53My5vcmcvMjAwMC9zdmcnIHk9JzAnIHg9JzAnIHdpZHRoPSc1NDYnIGhlaWdodD0nNDkyJyB2aWV3Qm94PScwIDAgNTQ2IDQ5Mic+PC9zdmc+\" data-srcset=\"https:\/\/www.mirare.fr\/wp-content\/uploads\/2025\/01\/VISUEL-MIR666R\u00b0-546x492.jpg\" media=\"(min-resolution: 192dpi), (-webkit-min-device-pixel-ratio: 2)\"><source srcset=\"data:image\/svg+xml;base64,PHN2ZyB4bWxucz0naHR0cDovL3d3dy53My5vcmcvMjAwMC9zdmcnIHk9JzAnIHg9JzAnIHdpZHRoPSc0NTgnIGhlaWdodD0nNDEyJyB2aWV3Qm94PScwIDAgNDU4IDQxMic+PC9zdmc+\" data-srcset=\"https:\/\/www.mirare.fr\/wp-content\/uploads\/2025\/01\/VISUEL-MIR666R\u00b0-458x412.jpg\" media=\"(min-width: 64rem)\"><img decoding=\"async\" src=\"data:image\/svg+xml;base64,PHN2ZyB4bWxucz0naHR0cDovL3d3dy53My5vcmcvMjAwMC9zdmcnIHk9JzAnIHg9JzAnIHdpZHRoPScyNzMnIGhlaWdodD0nMjQ2JyB2aWV3Qm94PScwIDAgMjczIDI0Nic+PC9zdmc+\" data-fade-in data-lazy-img data-src=\"https:\/\/www.mirare.fr\/wp-content\/uploads\/2025\/01\/VISUEL-MIR666R\u00b0-273x246.jpg\" alt=\"alt tag\" itemprop=\"image\" \/><\/picture>                  <\/figure>\r\n                              <\/div>\r\n            <\/div>\r\n          <\/div>\r\n        \r\n          <div class=\"container\">\r\n                        <div class=\"content align-left has-image\"  data-lazy-interchange=\"[https:\/\/www.mirare.fr\/wp-content\/uploads\/2021\/08\/MIR690-375x144.png, small], [https:\/\/www.mirare.fr\/wp-content\/uploads\/2021\/08\/MIR690-768x295.png, medium], [https:\/\/www.mirare.fr\/wp-content\/uploads\/2021\/08\/MIR690-1024x393.png, large], [https:\/\/www.mirare.fr\/wp-content\/uploads\/2021\/08\/MIR690-1199x460.png, xlarge], [https:\/\/www.mirare.fr\/wp-content\/uploads\/2021\/08\/MIR690-750x288.png, retina], [https:\/\/www.mirare.fr\/wp-content\/uploads\/2021\/08\/MIR690.png, medium_retina]\" data-fade-in>\r\n\r\n              <div class=\"content-inner\">\r\n                <div class=\"text\">\r\n                  <span class=\"category\">Album<\/span>\r\n                  <span class=\"title\">Momentum 2<\/span>\r\n                  <span class=\"description\">Liya Petrova<\/span>\r\n                                                                          <a href=\"https:\/\/www.mirare.fr\/en\/albums\/momentum-2\/\" class=\"button-see-album\">see the album<\/a>\r\n                                  <\/div>\r\n\r\n                                  <figure >\r\n                    <picture><source srcset=\"data:image\/svg+xml;base64,PHN2ZyB4bWxucz0naHR0cDovL3d3dy53My5vcmcvMjAwMC9zdmcnIHk9JzAnIHg9JzAnIHdpZHRoPSc3NjQnIGhlaWdodD0nNjg4JyB2aWV3Qm94PScwIDAgNzY0IDY4OCc+PC9zdmc+\" data-srcset=\"https:\/\/www.mirare.fr\/wp-content\/uploads\/2024\/12\/MIR690-LIYA-PETROVA-RECTO-764x688.jpg\" media=\"(min-width: 64rem) and (min-resolution: 192dpi), (min-width: 64rem) and (-webkit-min-device-pixel-ratio: 2)\"><source srcset=\"data:image\/svg+xml;base64,PHN2ZyB4bWxucz0naHR0cDovL3d3dy53My5vcmcvMjAwMC9zdmcnIHk9JzAnIHg9JzAnIHdpZHRoPSc1NDYnIGhlaWdodD0nNDkyJyB2aWV3Qm94PScwIDAgNTQ2IDQ5Mic+PC9zdmc+\" data-srcset=\"https:\/\/www.mirare.fr\/wp-content\/uploads\/2024\/12\/MIR690-LIYA-PETROVA-RECTO-546x492.jpg\" media=\"(min-resolution: 192dpi), (-webkit-min-device-pixel-ratio: 2)\"><source srcset=\"data:image\/svg+xml;base64,PHN2ZyB4bWxucz0naHR0cDovL3d3dy53My5vcmcvMjAwMC9zdmcnIHk9JzAnIHg9JzAnIHdpZHRoPSc0NTgnIGhlaWdodD0nNDEyJyB2aWV3Qm94PScwIDAgNDU4IDQxMic+PC9zdmc+\" data-srcset=\"https:\/\/www.mirare.fr\/wp-content\/uploads\/2024\/12\/MIR690-LIYA-PETROVA-RECTO-458x412.jpg\" media=\"(min-width: 64rem)\"><img decoding=\"async\" src=\"data:image\/svg+xml;base64,PHN2ZyB4bWxucz0naHR0cDovL3d3dy53My5vcmcvMjAwMC9zdmcnIHk9JzAnIHg9JzAnIHdpZHRoPScyNzMnIGhlaWdodD0nMjQ2JyB2aWV3Qm94PScwIDAgMjczIDI0Nic+PC9zdmc+\" data-fade-in data-lazy-img data-src=\"https:\/\/www.mirare.fr\/wp-content\/uploads\/2024\/12\/MIR690-LIYA-PETROVA-RECTO-273x246.jpg\" alt=\"alt tag\" itemprop=\"image\" \/><\/picture>                  <\/figure>\r\n                              <\/div>\r\n            <\/div>\r\n          <\/div>\r\n        \r\n          <div class=\"container\">\r\n                        <div class=\"content align-left has-image\"  data-lazy-interchange=\"[https:\/\/www.mirare.fr\/wp-content\/uploads\/2021\/08\/Design-sans-titre-9-375x144.png, small], [https:\/\/www.mirare.fr\/wp-content\/uploads\/2021\/08\/Design-sans-titre-9-768x295.png, medium], [https:\/\/www.mirare.fr\/wp-content\/uploads\/2021\/08\/Design-sans-titre-9-1024x393.png, large], [https:\/\/www.mirare.fr\/wp-content\/uploads\/2021\/08\/Design-sans-titre-9-1199x460.png, xlarge], [https:\/\/www.mirare.fr\/wp-content\/uploads\/2021\/08\/Design-sans-titre-9-750x288.png, retina], [https:\/\/www.mirare.fr\/wp-content\/uploads\/2021\/08\/Design-sans-titre-9.png, medium_retina]\" data-fade-in>\r\n\r\n              <div class=\"content-inner\">\r\n                <div class=\"text\">\r\n                  <span class=\"category\">Box 7 discs<\/span>\r\n                  <span class=\"title\">Complete Works for Piano Four Hands<\/span>\r\n                  <span class=\"description\">Geister Duo<\/span>\r\n                                                                          <a href=\"https:\/\/www.mirare.fr\/en\/albums\/complete-works-for-piano-four-hands\/\" class=\"button-see-album\">see the box<\/a>\r\n                                  <\/div>\r\n\r\n                                  <figure >\r\n                    <picture><source srcset=\"data:image\/svg+xml;base64,PHN2ZyB4bWxucz0naHR0cDovL3d3dy53My5vcmcvMjAwMC9zdmcnIHk9JzAnIHg9JzAnIHdpZHRoPSc3NjQnIGhlaWdodD0nNjg4JyB2aWV3Qm94PScwIDAgNzY0IDY4OCc+PC9zdmc+\" data-srcset=\"https:\/\/www.mirare.fr\/wp-content\/uploads\/2024\/12\/VISUELS-MIR734-764x688.jpg\" media=\"(min-width: 64rem) and (min-resolution: 192dpi), (min-width: 64rem) and (-webkit-min-device-pixel-ratio: 2)\"><source srcset=\"data:image\/svg+xml;base64,PHN2ZyB4bWxucz0naHR0cDovL3d3dy53My5vcmcvMjAwMC9zdmcnIHk9JzAnIHg9JzAnIHdpZHRoPSc1NDYnIGhlaWdodD0nNDkyJyB2aWV3Qm94PScwIDAgNTQ2IDQ5Mic+PC9zdmc+\" data-srcset=\"https:\/\/www.mirare.fr\/wp-content\/uploads\/2024\/12\/VISUELS-MIR734-546x492.jpg\" media=\"(min-resolution: 192dpi), (-webkit-min-device-pixel-ratio: 2)\"><source srcset=\"data:image\/svg+xml;base64,PHN2ZyB4bWxucz0naHR0cDovL3d3dy53My5vcmcvMjAwMC9zdmcnIHk9JzAnIHg9JzAnIHdpZHRoPSc0NTgnIGhlaWdodD0nNDEyJyB2aWV3Qm94PScwIDAgNDU4IDQxMic+PC9zdmc+\" data-srcset=\"https:\/\/www.mirare.fr\/wp-content\/uploads\/2024\/12\/VISUELS-MIR734-458x412.jpg\" media=\"(min-width: 64rem)\"><img decoding=\"async\" src=\"data:image\/svg+xml;base64,PHN2ZyB4bWxucz0naHR0cDovL3d3dy53My5vcmcvMjAwMC9zdmcnIHk9JzAnIHg9JzAnIHdpZHRoPScyNzMnIGhlaWdodD0nMjQ2JyB2aWV3Qm94PScwIDAgMjczIDI0Nic+PC9zdmc+\" data-fade-in data-lazy-img data-src=\"https:\/\/www.mirare.fr\/wp-content\/uploads\/2024\/12\/VISUELS-MIR734-273x246.jpg\" alt=\"alt tag\" itemprop=\"image\" \/><\/picture>                  <\/figure>\r\n                              <\/div>\r\n            <\/div>\r\n          <\/div>\r\n        \r\n          <div class=\"container\">\r\n                        <div class=\"content align-left has-image\"  data-lazy-interchange=\"[https:\/\/www.mirare.fr\/wp-content\/uploads\/2021\/08\/Design-sans-titre-5-1-375x144.png, small], [https:\/\/www.mirare.fr\/wp-content\/uploads\/2021\/08\/Design-sans-titre-5-1-768x295.png, medium], [https:\/\/www.mirare.fr\/wp-content\/uploads\/2021\/08\/Design-sans-titre-5-1-1024x393.png, large], [https:\/\/www.mirare.fr\/wp-content\/uploads\/2021\/08\/Design-sans-titre-5-1-1199x460.png, xlarge], [https:\/\/www.mirare.fr\/wp-content\/uploads\/2021\/08\/Design-sans-titre-5-1-750x288.png, retina], [https:\/\/www.mirare.fr\/wp-content\/uploads\/2021\/08\/Design-sans-titre-5-1.png, medium_retina]\" data-fade-in>\r\n\r\n              <div class=\"content-inner\">\r\n                <div class=\"text\">\r\n                  <span class=\"category\">Album<\/span>\r\n                  <span class=\"title\">Suites 1 &#038; 2<\/span>\r\n                  <span class=\"description\">Victor Julien-Laferri\u00e8re &#038; Orchestre Consuelo<\/span>\r\n                                                                          <a href=\"https:\/\/www.mirare.fr\/en\/albums\/tchaikovski-suites-1-2\/\" class=\"button-see-album\">see the album<\/a>\r\n                                  <\/div>\r\n\r\n                                  <figure >\r\n                    <picture><source srcset=\"data:image\/svg+xml;base64,PHN2ZyB4bWxucz0naHR0cDovL3d3dy53My5vcmcvMjAwMC9zdmcnIHk9JzAnIHg9JzAnIHdpZHRoPSc3NjQnIGhlaWdodD0nNjg4JyB2aWV3Qm94PScwIDAgNzY0IDY4OCc+PC9zdmc+\" data-srcset=\"https:\/\/www.mirare.fr\/wp-content\/uploads\/2024\/11\/VISUEL-MIR764R\u00b0B-764x688.jpg\" media=\"(min-width: 64rem) and (min-resolution: 192dpi), (min-width: 64rem) and (-webkit-min-device-pixel-ratio: 2)\"><source srcset=\"data:image\/svg+xml;base64,PHN2ZyB4bWxucz0naHR0cDovL3d3dy53My5vcmcvMjAwMC9zdmcnIHk9JzAnIHg9JzAnIHdpZHRoPSc1NDYnIGhlaWdodD0nNDkyJyB2aWV3Qm94PScwIDAgNTQ2IDQ5Mic+PC9zdmc+\" data-srcset=\"https:\/\/www.mirare.fr\/wp-content\/uploads\/2024\/11\/VISUEL-MIR764R\u00b0B-546x492.jpg\" media=\"(min-resolution: 192dpi), (-webkit-min-device-pixel-ratio: 2)\"><source srcset=\"data:image\/svg+xml;base64,PHN2ZyB4bWxucz0naHR0cDovL3d3dy53My5vcmcvMjAwMC9zdmcnIHk9JzAnIHg9JzAnIHdpZHRoPSc0NTgnIGhlaWdodD0nNDEyJyB2aWV3Qm94PScwIDAgNDU4IDQxMic+PC9zdmc+\" data-srcset=\"https:\/\/www.mirare.fr\/wp-content\/uploads\/2024\/11\/VISUEL-MIR764R\u00b0B-458x412.jpg\" media=\"(min-width: 64rem)\"><img decoding=\"async\" src=\"data:image\/svg+xml;base64,PHN2ZyB4bWxucz0naHR0cDovL3d3dy53My5vcmcvMjAwMC9zdmcnIHk9JzAnIHg9JzAnIHdpZHRoPScyNzMnIGhlaWdodD0nMjQ2JyB2aWV3Qm94PScwIDAgMjczIDI0Nic+PC9zdmc+\" data-fade-in data-lazy-img data-src=\"https:\/\/www.mirare.fr\/wp-content\/uploads\/2024\/11\/VISUEL-MIR764R\u00b0B-273x246.jpg\" alt=\"alt tag\" itemprop=\"image\" \/><\/picture>                  <\/figure>\r\n                              <\/div>\r\n            <\/div>\r\n          <\/div>\r\n        \r\n          <div class=\"container\">\r\n                        <div class=\"content align-left has-image\"  data-lazy-interchange=\"[https:\/\/www.mirare.fr\/wp-content\/uploads\/2021\/08\/Design-sans-titre-2-1-375x144.png, small], [https:\/\/www.mirare.fr\/wp-content\/uploads\/2021\/08\/Design-sans-titre-2-1-768x295.png, medium], [https:\/\/www.mirare.fr\/wp-content\/uploads\/2021\/08\/Design-sans-titre-2-1-1024x393.png, large], [https:\/\/www.mirare.fr\/wp-content\/uploads\/2021\/08\/Design-sans-titre-2-1-1199x460.png, xlarge], [https:\/\/www.mirare.fr\/wp-content\/uploads\/2021\/08\/Design-sans-titre-2-1-750x288.png, retina], [https:\/\/www.mirare.fr\/wp-content\/uploads\/2021\/08\/Design-sans-titre-2-1.png, medium_retina]\" data-fade-in>\r\n\r\n              <div class=\"content-inner\">\r\n                <div class=\"text\">\r\n                  <span class=\"category\">Album<\/span>\r\n                  <span class=\"title\">Amours interdites<\/span>\r\n                  <span class=\"description\">David Kadouch<\/span>\r\n                                                                          <a href=\"https:\/\/www.mirare.fr\/en\/albums\/amours-interdites\/\" class=\"button-see-album\">see the album<\/a>\r\n                                  <\/div>\r\n\r\n                                  <figure >\r\n                    <picture><source srcset=\"data:image\/svg+xml;base64,PHN2ZyB4bWxucz0naHR0cDovL3d3dy53My5vcmcvMjAwMC9zdmcnIHk9JzAnIHg9JzAnIHdpZHRoPSc3NjQnIGhlaWdodD0nNjg4JyB2aWV3Qm94PScwIDAgNzY0IDY4OCc+PC9zdmc+\" data-srcset=\"https:\/\/www.mirare.fr\/wp-content\/uploads\/2024\/11\/VISUEL-MIR708-R\u00b0-764x688.jpg\" media=\"(min-width: 64rem) and (min-resolution: 192dpi), (min-width: 64rem) and (-webkit-min-device-pixel-ratio: 2)\"><source srcset=\"data:image\/svg+xml;base64,PHN2ZyB4bWxucz0naHR0cDovL3d3dy53My5vcmcvMjAwMC9zdmcnIHk9JzAnIHg9JzAnIHdpZHRoPSc1NDYnIGhlaWdodD0nNDkyJyB2aWV3Qm94PScwIDAgNTQ2IDQ5Mic+PC9zdmc+\" data-srcset=\"https:\/\/www.mirare.fr\/wp-content\/uploads\/2024\/11\/VISUEL-MIR708-R\u00b0-546x492.jpg\" media=\"(min-resolution: 192dpi), (-webkit-min-device-pixel-ratio: 2)\"><source srcset=\"data:image\/svg+xml;base64,PHN2ZyB4bWxucz0naHR0cDovL3d3dy53My5vcmcvMjAwMC9zdmcnIHk9JzAnIHg9JzAnIHdpZHRoPSc0NTgnIGhlaWdodD0nNDEyJyB2aWV3Qm94PScwIDAgNDU4IDQxMic+PC9zdmc+\" data-srcset=\"https:\/\/www.mirare.fr\/wp-content\/uploads\/2024\/11\/VISUEL-MIR708-R\u00b0-458x412.jpg\" media=\"(min-width: 64rem)\"><img decoding=\"async\" src=\"data:image\/svg+xml;base64,PHN2ZyB4bWxucz0naHR0cDovL3d3dy53My5vcmcvMjAwMC9zdmcnIHk9JzAnIHg9JzAnIHdpZHRoPScyNzMnIGhlaWdodD0nMjQ2JyB2aWV3Qm94PScwIDAgMjczIDI0Nic+PC9zdmc+\" data-fade-in data-lazy-img data-src=\"https:\/\/www.mirare.fr\/wp-content\/uploads\/2024\/11\/VISUEL-MIR708-R\u00b0-273x246.jpg\" alt=\"alt tag\" itemprop=\"image\" \/><\/picture>                  <\/figure>\r\n                              <\/div>\r\n            <\/div>\r\n          <\/div>\r\n        \r\n          <div class=\"container\">\r\n                        <div class=\"content align-left has-image\"  data-lazy-interchange=\"[https:\/\/www.mirare.fr\/wp-content\/uploads\/2021\/08\/Design-sans-titre-4-1-375x144.png, small], [https:\/\/www.mirare.fr\/wp-content\/uploads\/2021\/08\/Design-sans-titre-4-1-768x295.png, medium], [https:\/\/www.mirare.fr\/wp-content\/uploads\/2021\/08\/Design-sans-titre-4-1-1024x393.png, large], [https:\/\/www.mirare.fr\/wp-content\/uploads\/2021\/08\/Design-sans-titre-4-1-1199x460.png, xlarge], [https:\/\/www.mirare.fr\/wp-content\/uploads\/2021\/08\/Design-sans-titre-4-1-750x288.png, retina], [https:\/\/www.mirare.fr\/wp-content\/uploads\/2021\/08\/Design-sans-titre-4-1.png, medium_retina]\" data-fade-in>\r\n\r\n              <div class=\"content-inner\">\r\n                <div class=\"text\">\r\n                  <span class=\"category\">Album<\/span>\r\n                  <span class=\"title\">Concerti per violoncello<\/span>\r\n                  <span class=\"description\">Hanna Salzenstein &#038; Le Consort<\/span>\r\n                                                                          <a href=\"https:\/\/www.mirare.fr\/en\/albums\/concerti-per-violoncello\/\" class=\"button-see-album\">see the album<\/a>\r\n                                  <\/div>\r\n\r\n                                  <figure >\r\n                    <picture><source srcset=\"data:image\/svg+xml;base64,PHN2ZyB4bWxucz0naHR0cDovL3d3dy53My5vcmcvMjAwMC9zdmcnIHk9JzAnIHg9JzAnIHdpZHRoPSc3NjQnIGhlaWdodD0nNjg4JyB2aWV3Qm94PScwIDAgNzY0IDY4OCc+PC9zdmc+\" data-srcset=\"https:\/\/www.mirare.fr\/wp-content\/uploads\/2024\/11\/VISUEL-MIR760R\u00b0-764x688.jpg\" media=\"(min-width: 64rem) and (min-resolution: 192dpi), (min-width: 64rem) and (-webkit-min-device-pixel-ratio: 2)\"><source srcset=\"data:image\/svg+xml;base64,PHN2ZyB4bWxucz0naHR0cDovL3d3dy53My5vcmcvMjAwMC9zdmcnIHk9JzAnIHg9JzAnIHdpZHRoPSc1NDYnIGhlaWdodD0nNDkyJyB2aWV3Qm94PScwIDAgNTQ2IDQ5Mic+PC9zdmc+\" data-srcset=\"https:\/\/www.mirare.fr\/wp-content\/uploads\/2024\/11\/VISUEL-MIR760R\u00b0-546x492.jpg\" media=\"(min-resolution: 192dpi), (-webkit-min-device-pixel-ratio: 2)\"><source srcset=\"data:image\/svg+xml;base64,PHN2ZyB4bWxucz0naHR0cDovL3d3dy53My5vcmcvMjAwMC9zdmcnIHk9JzAnIHg9JzAnIHdpZHRoPSc0NTgnIGhlaWdodD0nNDEyJyB2aWV3Qm94PScwIDAgNDU4IDQxMic+PC9zdmc+\" data-srcset=\"https:\/\/www.mirare.fr\/wp-content\/uploads\/2024\/11\/VISUEL-MIR760R\u00b0-458x412.jpg\" media=\"(min-width: 64rem)\"><img decoding=\"async\" src=\"data:image\/svg+xml;base64,PHN2ZyB4bWxucz0naHR0cDovL3d3dy53My5vcmcvMjAwMC9zdmcnIHk9JzAnIHg9JzAnIHdpZHRoPScyNzMnIGhlaWdodD0nMjQ2JyB2aWV3Qm94PScwIDAgMjczIDI0Nic+PC9zdmc+\" data-fade-in data-lazy-img data-src=\"https:\/\/www.mirare.fr\/wp-content\/uploads\/2024\/11\/VISUEL-MIR760R\u00b0-273x246.jpg\" alt=\"alt tag\" itemprop=\"image\" \/><\/picture>                  <\/figure>\r\n                              <\/div>\r\n            <\/div>\r\n          <\/div>\r\n        \r\n          <div class=\"container\">\r\n                        <div class=\"content align-left has-image\"  data-lazy-interchange=\"[https:\/\/www.mirare.fr\/wp-content\/uploads\/2021\/08\/Design-sans-titre-1-3-375x144.png, small], [https:\/\/www.mirare.fr\/wp-content\/uploads\/2021\/08\/Design-sans-titre-1-3-768x295.png, medium], [https:\/\/www.mirare.fr\/wp-content\/uploads\/2021\/08\/Design-sans-titre-1-3-1024x393.png, large], [https:\/\/www.mirare.fr\/wp-content\/uploads\/2021\/08\/Design-sans-titre-1-3-1199x460.png, xlarge], [https:\/\/www.mirare.fr\/wp-content\/uploads\/2021\/08\/Design-sans-titre-1-3-750x288.png, retina], [https:\/\/www.mirare.fr\/wp-content\/uploads\/2021\/08\/Design-sans-titre-1-3.png, medium_retina]\" data-fade-in>\r\n\r\n              <div class=\"content-inner\">\r\n                <div class=\"text\">\r\n                  <span class=\"category\">Album<\/span>\r\n                  <span class=\"title\">Symphonic Stories<\/span>\r\n                  <span class=\"description\">Quatuor Ellipsos<\/span>\r\n                                                                          <a href=\"https:\/\/www.mirare.fr\/en\/albums\/symphonic-stories\/\" class=\"button-see-album\">see the album<\/a>\r\n                                  <\/div>\r\n\r\n                                  <figure >\r\n                    <picture><source srcset=\"data:image\/svg+xml;base64,PHN2ZyB4bWxucz0naHR0cDovL3d3dy53My5vcmcvMjAwMC9zdmcnIHk9JzAnIHg9JzAnIHdpZHRoPSc3NjQnIGhlaWdodD0nNjg4JyB2aWV3Qm94PScwIDAgNzY0IDY4OCc+PC9zdmc+\" data-srcset=\"https:\/\/www.mirare.fr\/wp-content\/uploads\/2024\/11\/VISUEL-MIR754R\u00b0-764x688.jpg\" media=\"(min-width: 64rem) and (min-resolution: 192dpi), (min-width: 64rem) and (-webkit-min-device-pixel-ratio: 2)\"><source srcset=\"data:image\/svg+xml;base64,PHN2ZyB4bWxucz0naHR0cDovL3d3dy53My5vcmcvMjAwMC9zdmcnIHk9JzAnIHg9JzAnIHdpZHRoPSc1NDYnIGhlaWdodD0nNDkyJyB2aWV3Qm94PScwIDAgNTQ2IDQ5Mic+PC9zdmc+\" data-srcset=\"https:\/\/www.mirare.fr\/wp-content\/uploads\/2024\/11\/VISUEL-MIR754R\u00b0-546x492.jpg\" media=\"(min-resolution: 192dpi), (-webkit-min-device-pixel-ratio: 2)\"><source srcset=\"data:image\/svg+xml;base64,PHN2ZyB4bWxucz0naHR0cDovL3d3dy53My5vcmcvMjAwMC9zdmcnIHk9JzAnIHg9JzAnIHdpZHRoPSc0NTgnIGhlaWdodD0nNDEyJyB2aWV3Qm94PScwIDAgNDU4IDQxMic+PC9zdmc+\" data-srcset=\"https:\/\/www.mirare.fr\/wp-content\/uploads\/2024\/11\/VISUEL-MIR754R\u00b0-458x412.jpg\" media=\"(min-width: 64rem)\"><img decoding=\"async\" src=\"data:image\/svg+xml;base64,PHN2ZyB4bWxucz0naHR0cDovL3d3dy53My5vcmcvMjAwMC9zdmcnIHk9JzAnIHg9JzAnIHdpZHRoPScyNzMnIGhlaWdodD0nMjQ2JyB2aWV3Qm94PScwIDAgMjczIDI0Nic+PC9zdmc+\" data-fade-in data-lazy-img data-src=\"https:\/\/www.mirare.fr\/wp-content\/uploads\/2024\/11\/VISUEL-MIR754R\u00b0-273x246.jpg\" alt=\"alt tag\" itemprop=\"image\" \/><\/picture>                  <\/figure>\r\n                              <\/div>\r\n            <\/div>\r\n          <\/div>\r\n        \r\n          <div class=\"container\">\r\n                        <div class=\"content align-left has-image\"  data-lazy-interchange=\"[https:\/\/www.mirare.fr\/wp-content\/uploads\/2021\/08\/Design-sans-titre-8-375x144.png, small], [https:\/\/www.mirare.fr\/wp-content\/uploads\/2021\/08\/Design-sans-titre-8-768x295.png, medium], [https:\/\/www.mirare.fr\/wp-content\/uploads\/2021\/08\/Design-sans-titre-8-1024x393.png, large], [https:\/\/www.mirare.fr\/wp-content\/uploads\/2021\/08\/Design-sans-titre-8-1199x460.png, xlarge], [https:\/\/www.mirare.fr\/wp-content\/uploads\/2021\/08\/Design-sans-titre-8-750x288.png, retina], [https:\/\/www.mirare.fr\/wp-content\/uploads\/2021\/08\/Design-sans-titre-8.png, medium_retina]\" data-fade-in>\r\n\r\n              <div class=\"content-inner\">\r\n                <div class=\"text\">\r\n                  <span class=\"category\">Album<\/span>\r\n                  <span class=\"title\">Ravel L&#8217;Alchimiste<\/span>\r\n                  <span class=\"description\">Jean-Fran\u00e7ois Heisser &#038; Orchestre de Chambre Nouvelle-Aquitaine<\/span>\r\n                                                                          <a href=\"https:\/\/www.mirare.fr\/en\/albums\/ravel-lalchimiste\/\" class=\"button-see-album\">see the album<\/a>\r\n                                  <\/div>\r\n\r\n                                  <figure >\r\n                    <picture><source srcset=\"data:image\/svg+xml;base64,PHN2ZyB4bWxucz0naHR0cDovL3d3dy53My5vcmcvMjAwMC9zdmcnIHk9JzAnIHg9JzAnIHdpZHRoPSc3NjQnIGhlaWdodD0nNjg4JyB2aWV3Qm94PScwIDAgNzY0IDY4OCc+PC9zdmc+\" data-srcset=\"https:\/\/www.mirare.fr\/wp-content\/uploads\/2024\/10\/VISUEL-MIR582R\u00b0-764x688.jpg\" media=\"(min-width: 64rem) and (min-resolution: 192dpi), (min-width: 64rem) and (-webkit-min-device-pixel-ratio: 2)\"><source srcset=\"data:image\/svg+xml;base64,PHN2ZyB4bWxucz0naHR0cDovL3d3dy53My5vcmcvMjAwMC9zdmcnIHk9JzAnIHg9JzAnIHdpZHRoPSc1NDYnIGhlaWdodD0nNDkyJyB2aWV3Qm94PScwIDAgNTQ2IDQ5Mic+PC9zdmc+\" data-srcset=\"https:\/\/www.mirare.fr\/wp-content\/uploads\/2024\/10\/VISUEL-MIR582R\u00b0-546x492.jpg\" media=\"(min-resolution: 192dpi), (-webkit-min-device-pixel-ratio: 2)\"><source srcset=\"data:image\/svg+xml;base64,PHN2ZyB4bWxucz0naHR0cDovL3d3dy53My5vcmcvMjAwMC9zdmcnIHk9JzAnIHg9JzAnIHdpZHRoPSc0NTgnIGhlaWdodD0nNDEyJyB2aWV3Qm94PScwIDAgNDU4IDQxMic+PC9zdmc+\" data-srcset=\"https:\/\/www.mirare.fr\/wp-content\/uploads\/2024\/10\/VISUEL-MIR582R\u00b0-458x412.jpg\" media=\"(min-width: 64rem)\"><img decoding=\"async\" src=\"data:image\/svg+xml;base64,PHN2ZyB4bWxucz0naHR0cDovL3d3dy53My5vcmcvMjAwMC9zdmcnIHk9JzAnIHg9JzAnIHdpZHRoPScyNzMnIGhlaWdodD0nMjQ2JyB2aWV3Qm94PScwIDAgMjczIDI0Nic+PC9zdmc+\" data-fade-in data-lazy-img data-src=\"https:\/\/www.mirare.fr\/wp-content\/uploads\/2024\/10\/VISUEL-MIR582R\u00b0-273x246.jpg\" alt=\"alt tag\" itemprop=\"image\" \/><\/picture>                  <\/figure>\r\n                              <\/div>\r\n            <\/div>\r\n          <\/div>\r\n              <\/div>\r\n      <\/section>\r\n\n\n<section  class=\"wp-block-acf-recently-added-albums  section-content section-recently-added-albums\" >\r\n  <div class=\"grid-container\">\r\n    <h1 class=\"title\">New<\/h1>\r\n    <div class=\"items\">\r\n                        <a class=\"item\" href=\"https:\/\/www.mirare.fr\/albums\/a-film-by\/\">\r\n            <div class=\"image\">\r\n              <img decoding=\"async\"  data-fade-in loading=\"lazy\" src=\"data:image\/png;base64,R0lGODlhAQABAAD\/ACwAAAAAAQABAAACADs=\" data-lazy-interchange=\"[https:\/\/www.mirare.fr\/wp-content\/uploads\/2026\/02\/MIR810_RECTO-250x225.jpg, small], [https:\/\/www.mirare.fr\/wp-content\/uploads\/2026\/02\/MIR810_RECTO-300x270.jpg, medium], [https:\/\/www.mirare.fr\/wp-content\/uploads\/2026\/02\/MIR810_RECTO-500x450.jpg, retina]\" data-interchange-sizes=\"{&quot;small&quot;:{&quot;w&quot;:250,&quot;h&quot;:225},&quot;medium&quot;:{&quot;w&quot;:300,&quot;h&quot;:270},&quot;retina&quot;:{&quot;w&quot;:500,&quot;h&quot;:450},&quot;medium_retina&quot;:{&quot;w&quot;:500,&quot;h&quot;:450}}\"  alt=\"\" itemprop=\"image\" \/>            <\/div>\r\n            <div class=\"name\">A Film By<\/div>\r\n                                      <div class=\"artist\">Jean-Baptiste Doulcet<\/div>\r\n                      <\/a>\r\n                  <a class=\"item\" href=\"https:\/\/www.mirare.fr\/albums\/philip-glass-echoes\/\">\r\n            <div class=\"image\">\r\n              <img decoding=\"async\"  data-fade-in loading=\"lazy\" src=\"data:image\/png;base64,R0lGODlhAQABAAD\/ACwAAAAAAQABAAACADs=\" data-lazy-interchange=\"[https:\/\/www.mirare.fr\/wp-content\/uploads\/2026\/02\/Recto-Disque-Celia-Oneto-Bensaid-DEF-1-250x225.jpg, small], [https:\/\/www.mirare.fr\/wp-content\/uploads\/2026\/02\/Recto-Disque-Celia-Oneto-Bensaid-DEF-1-300x270.jpg, medium], [https:\/\/www.mirare.fr\/wp-content\/uploads\/2026\/02\/Recto-Disque-Celia-Oneto-Bensaid-DEF-1-500x450.jpg, retina]\" data-interchange-sizes=\"{&quot;small&quot;:{&quot;w&quot;:250,&quot;h&quot;:225},&quot;medium&quot;:{&quot;w&quot;:300,&quot;h&quot;:270},&quot;retina&quot;:{&quot;w&quot;:500,&quot;h&quot;:450},&quot;medium_retina&quot;:{&quot;w&quot;:500,&quot;h&quot;:450}}\"  alt=\"\" itemprop=\"image\" \/>            <\/div>\r\n            <div class=\"name\">Philip Glass, Echoes<\/div>\r\n                                      <div class=\"artist\">C\u00e9lia Oneto Bensaid<\/div>\r\n                      <\/a>\r\n                  <a class=\"item\" href=\"https:\/\/www.mirare.fr\/albums\/bach-ecouter-la-lumiere\/\">\r\n            <div class=\"image\">\r\n              <img decoding=\"async\"  data-fade-in loading=\"lazy\" src=\"data:image\/png;base64,R0lGODlhAQABAAD\/ACwAAAAAAQABAAACADs=\" data-lazy-interchange=\"[https:\/\/www.mirare.fr\/wp-content\/uploads\/2026\/01\/MIR792_RECTO-250x225.jpg, small], [https:\/\/www.mirare.fr\/wp-content\/uploads\/2026\/01\/MIR792_RECTO-300x270.jpg, medium], [https:\/\/www.mirare.fr\/wp-content\/uploads\/2026\/01\/MIR792_RECTO-500x450.jpg, retina]\" data-interchange-sizes=\"{&quot;small&quot;:{&quot;w&quot;:250,&quot;h&quot;:225},&quot;medium&quot;:{&quot;w&quot;:300,&quot;h&quot;:270},&quot;retina&quot;:{&quot;w&quot;:500,&quot;h&quot;:450},&quot;medium_retina&quot;:{&quot;w&quot;:500,&quot;h&quot;:450}}\"  alt=\"\" itemprop=\"image\" \/>            <\/div>\r\n            <div class=\"name\">Bach, \u00c9couter la lumi\u00e8re<\/div>\r\n                                      <div class=\"artist\">Claire-Marie Le Guay<\/div>\r\n                      <\/a>\r\n                  <a class=\"item\" href=\"https:\/\/www.mirare.fr\/albums\/lagrime\/\">\r\n            <div class=\"image\">\r\n              <img decoding=\"async\"  data-fade-in loading=\"lazy\" src=\"data:image\/png;base64,R0lGODlhAQABAAD\/ACwAAAAAAQABAAACADs=\" data-lazy-interchange=\"[https:\/\/www.mirare.fr\/wp-content\/uploads\/2025\/12\/VISUEL-MIR692-R\u00b0-250x225.jpg, small], [https:\/\/www.mirare.fr\/wp-content\/uploads\/2025\/12\/VISUEL-MIR692-R\u00b0-300x270.jpg, medium], [https:\/\/www.mirare.fr\/wp-content\/uploads\/2025\/12\/VISUEL-MIR692-R\u00b0-500x450.jpg, retina]\" data-interchange-sizes=\"{&quot;small&quot;:{&quot;w&quot;:250,&quot;h&quot;:225},&quot;medium&quot;:{&quot;w&quot;:300,&quot;h&quot;:270},&quot;retina&quot;:{&quot;w&quot;:500,&quot;h&quot;:450},&quot;medium_retina&quot;:{&quot;w&quot;:500,&quot;h&quot;:450}}\"  alt=\"\" itemprop=\"image\" \/>            <\/div>\r\n            <div class=\"name\">Lagrime<\/div>\r\n                                      <div class=\"artist\">Philippe Pierlot, Ricercar Consort, C\u00e9line Scheen<\/div>\r\n                      <\/a>\r\n                  <a class=\"item\" href=\"https:\/\/www.mirare.fr\/albums\/swingin-partita\/\">\r\n            <div class=\"image\">\r\n              <img decoding=\"async\"  data-fade-in loading=\"lazy\" src=\"data:image\/png;base64,R0lGODlhAQABAAD\/ACwAAAAAAQABAAACADs=\" data-lazy-interchange=\"[https:\/\/www.mirare.fr\/wp-content\/uploads\/2025\/11\/MIR790_RECTO-250x225.jpg, small], [https:\/\/www.mirare.fr\/wp-content\/uploads\/2025\/11\/MIR790_RECTO-300x270.jpg, medium], [https:\/\/www.mirare.fr\/wp-content\/uploads\/2025\/11\/MIR790_RECTO-500x450.jpg, retina]\" data-interchange-sizes=\"{&quot;small&quot;:{&quot;w&quot;:250,&quot;h&quot;:225},&quot;medium&quot;:{&quot;w&quot;:300,&quot;h&quot;:270},&quot;retina&quot;:{&quot;w&quot;:500,&quot;h&quot;:450},&quot;medium_retina&quot;:{&quot;w&quot;:500,&quot;h&quot;:450}}\"  alt=\"\" itemprop=\"image\" \/>            <\/div>\r\n            <div class=\"name\">Swingin&#8217; Partita<\/div>\r\n                                      <div class=\"artist\">Guillaume Cuiller, Stradivaria<\/div>\r\n                      <\/a>\r\n                  <a class=\"item\" href=\"https:\/\/www.mirare.fr\/albums\/la-cinquieme-saison\/\">\r\n            <div class=\"image\">\r\n              <img decoding=\"async\"  data-fade-in loading=\"lazy\" src=\"data:image\/png;base64,R0lGODlhAQABAAD\/ACwAAAAAAQABAAACADs=\" data-lazy-interchange=\"[https:\/\/www.mirare.fr\/wp-content\/uploads\/2025\/10\/MIR752_RECTO-250x225.jpg, small], [https:\/\/www.mirare.fr\/wp-content\/uploads\/2025\/10\/MIR752_RECTO-300x270.jpg, medium], [https:\/\/www.mirare.fr\/wp-content\/uploads\/2025\/10\/MIR752_RECTO-500x450.jpg, retina]\" data-interchange-sizes=\"{&quot;small&quot;:{&quot;w&quot;:250,&quot;h&quot;:225},&quot;medium&quot;:{&quot;w&quot;:300,&quot;h&quot;:270},&quot;retina&quot;:{&quot;w&quot;:500,&quot;h&quot;:450},&quot;medium_retina&quot;:{&quot;w&quot;:500,&quot;h&quot;:450}}\"  alt=\"\" itemprop=\"image\" \/>            <\/div>\r\n            <div class=\"name\">La Cinqui\u00e8me Saison<\/div>\r\n                                      <div class=\"artist\">Orchestre Victor Hugo, Jean-Fran\u00e7ois Verdier, Julien Martineau<\/div>\r\n                      <\/a>\r\n                  <a class=\"item\" href=\"https:\/\/www.mirare.fr\/albums\/les-fleuves-folle-journee-2026\/\">\r\n            <div class=\"image\">\r\n              <img decoding=\"async\"  data-fade-in loading=\"lazy\" src=\"data:image\/png;base64,R0lGODlhAQABAAD\/ACwAAAAAAQABAAACADs=\" data-lazy-interchange=\"[https:\/\/www.mirare.fr\/wp-content\/uploads\/2025\/12\/VISUEL-MIR818R\u00b0-250x225.jpg, small], [https:\/\/www.mirare.fr\/wp-content\/uploads\/2025\/12\/VISUEL-MIR818R\u00b0-300x270.jpg, medium], [https:\/\/www.mirare.fr\/wp-content\/uploads\/2025\/12\/VISUEL-MIR818R\u00b0-500x450.jpg, retina]\" data-interchange-sizes=\"{&quot;small&quot;:{&quot;w&quot;:250,&quot;h&quot;:225},&quot;medium&quot;:{&quot;w&quot;:300,&quot;h&quot;:270},&quot;retina&quot;:{&quot;w&quot;:500,&quot;h&quot;:450},&quot;medium_retina&quot;:{&quot;w&quot;:500,&quot;h&quot;:450}}\"  alt=\"\" itemprop=\"image\" \/>            <\/div>\r\n            <div class=\"name\">Les Fleuves &#8211; Folle Journ\u00e9e 2026<\/div>\r\n                                      <div class=\"artist\">Various Artists<\/div>\r\n                      <\/a>\r\n                  <a class=\"item\" href=\"https:\/\/www.mirare.fr\/albums\/faure-en-heritage\/\">\r\n            <div class=\"image\">\r\n              <img decoding=\"async\"  data-fade-in loading=\"lazy\" src=\"data:image\/png;base64,R0lGODlhAQABAAD\/ACwAAAAAAQABAAACADs=\" data-lazy-interchange=\"[https:\/\/www.mirare.fr\/wp-content\/uploads\/2025\/10\/MIR776_RECTO-250x225.jpg, small], [https:\/\/www.mirare.fr\/wp-content\/uploads\/2025\/10\/MIR776_RECTO-300x270.jpg, medium], [https:\/\/www.mirare.fr\/wp-content\/uploads\/2025\/10\/MIR776_RECTO-500x450.jpg, retina]\" data-interchange-sizes=\"{&quot;small&quot;:{&quot;w&quot;:250,&quot;h&quot;:225},&quot;medium&quot;:{&quot;w&quot;:300,&quot;h&quot;:270},&quot;retina&quot;:{&quot;w&quot;:500,&quot;h&quot;:450},&quot;medium_retina&quot;:{&quot;w&quot;:500,&quot;h&quot;:450}}\"  alt=\"\" itemprop=\"image\" \/>            <\/div>\r\n            <div class=\"name\">Faur\u00e9 en h\u00e9ritage<\/div>\r\n                                      <div class=\"artist\">Gaspard Dehaene<\/div>\r\n                      <\/a>\r\n                  <a class=\"item\" href=\"https:\/\/www.mirare.fr\/albums\/tchaikovsky-piano-trio-op-50\/\">\r\n            <div class=\"image\">\r\n              <img decoding=\"async\"  data-fade-in loading=\"lazy\" src=\"data:image\/png;base64,R0lGODlhAQABAAD\/ACwAAAAAAQABAAACADs=\" data-lazy-interchange=\"[https:\/\/www.mirare.fr\/wp-content\/uploads\/2025\/09\/MIR784_RECTO-250x225.jpg, small], [https:\/\/www.mirare.fr\/wp-content\/uploads\/2025\/09\/MIR784_RECTO-300x270.jpg, medium], [https:\/\/www.mirare.fr\/wp-content\/uploads\/2025\/09\/MIR784_RECTO-500x450.jpg, retina]\" data-interchange-sizes=\"{&quot;small&quot;:{&quot;w&quot;:250,&quot;h&quot;:225},&quot;medium&quot;:{&quot;w&quot;:300,&quot;h&quot;:270},&quot;retina&quot;:{&quot;w&quot;:500,&quot;h&quot;:450},&quot;medium_retina&quot;:{&quot;w&quot;:500,&quot;h&quot;:450}}\"  alt=\"\" itemprop=\"image\" \/>            <\/div>\r\n            <div class=\"name\">Tchaikovsky: Piano Trio op. 50<\/div>\r\n                                      <div class=\"artist\">Trio Kar\u00e9nine<\/div>\r\n                      <\/a>\r\n                  <a class=\"item\" href=\"https:\/\/www.mirare.fr\/albums\/alla-schumann\/\">\r\n            <div class=\"image\">\r\n              <img decoding=\"async\"  data-fade-in loading=\"lazy\" src=\"data:image\/png;base64,R0lGODlhAQABAAD\/ACwAAAAAAQABAAACADs=\" data-lazy-interchange=\"[https:\/\/www.mirare.fr\/wp-content\/uploads\/2025\/09\/VISUEL-MIR782-R\u00b0-250x225.jpg, small], [https:\/\/www.mirare.fr\/wp-content\/uploads\/2025\/09\/VISUEL-MIR782-R\u00b0-300x270.jpg, medium], [https:\/\/www.mirare.fr\/wp-content\/uploads\/2025\/09\/VISUEL-MIR782-R\u00b0-500x450.jpg, retina]\" data-interchange-sizes=\"{&quot;small&quot;:{&quot;w&quot;:250,&quot;h&quot;:225},&quot;medium&quot;:{&quot;w&quot;:300,&quot;h&quot;:270},&quot;retina&quot;:{&quot;w&quot;:500,&quot;h&quot;:450},&quot;medium_retina&quot;:{&quot;w&quot;:500,&quot;h&quot;:450}}\"  alt=\"\" itemprop=\"image\" \/>            <\/div>\r\n            <div class=\"name\">Alla Schumann<\/div>\r\n                                      <div class=\"artist\">Nathalia Milstein<\/div>\r\n                      <\/a>\r\n                  <a class=\"item\" href=\"https:\/\/www.mirare.fr\/albums\/a-dream-for-artemis\/\">\r\n            <div class=\"image\">\r\n              <img decoding=\"async\"  data-fade-in loading=\"lazy\" src=\"data:image\/png;base64,R0lGODlhAQABAAD\/ACwAAAAAAQABAAACADs=\" data-lazy-interchange=\"[https:\/\/www.mirare.fr\/wp-content\/uploads\/2021\/08\/Position-sticker-France-Musique-2-250x225.png, small], [https:\/\/www.mirare.fr\/wp-content\/uploads\/2021\/08\/Position-sticker-France-Musique-2-300x270.png, medium], [https:\/\/www.mirare.fr\/wp-content\/uploads\/2021\/08\/Position-sticker-France-Musique-2-500x450.png, retina]\" data-interchange-sizes=\"{&quot;small&quot;:{&quot;w&quot;:250,&quot;h&quot;:225},&quot;medium&quot;:{&quot;w&quot;:300,&quot;h&quot;:270},&quot;retina&quot;:{&quot;w&quot;:500,&quot;h&quot;:450},&quot;medium_retina&quot;:{&quot;w&quot;:500,&quot;h&quot;:450}}\"  alt=\"\" itemprop=\"image\" \/>            <\/div>\r\n            <div class=\"name\">A Dream for Artemis<\/div>\r\n                                      <div class=\"artist\">Quatuor Ellipsos, Orchestre Victor Hugo, Jean-Fran\u00e7ois Verdier<\/div>\r\n                      <\/a>\r\n                  <a class=\"item\" href=\"https:\/\/www.mirare.fr\/albums\/chopin-liszt-2\/\">\r\n            <div class=\"image\">\r\n              <img decoding=\"async\"  data-fade-in loading=\"lazy\" src=\"data:image\/png;base64,R0lGODlhAQABAAD\/ACwAAAAAAQABAAACADs=\" data-lazy-interchange=\"[https:\/\/www.mirare.fr\/wp-content\/uploads\/2025\/07\/VISUEL-MIR782-R\u00b0-250x225.jpg, small], [https:\/\/www.mirare.fr\/wp-content\/uploads\/2025\/07\/VISUEL-MIR782-R\u00b0-300x270.jpg, medium], [https:\/\/www.mirare.fr\/wp-content\/uploads\/2025\/07\/VISUEL-MIR782-R\u00b0-500x450.jpg, retina]\" data-interchange-sizes=\"{&quot;small&quot;:{&quot;w&quot;:250,&quot;h&quot;:225},&quot;medium&quot;:{&quot;w&quot;:300,&quot;h&quot;:270},&quot;retina&quot;:{&quot;w&quot;:500,&quot;h&quot;:450},&quot;medium_retina&quot;:{&quot;w&quot;:500,&quot;h&quot;:450}}\"  alt=\"\" itemprop=\"image\" \/>            <\/div>\r\n            <div class=\"name\">Chopin, Liszt<\/div>\r\n                                      <div class=\"artist\">Sophia Liu<\/div>\r\n                      <\/a>\r\n                  <a class=\"item\" href=\"https:\/\/www.mirare.fr\/albums\/volver\/\">\r\n            <div class=\"image\">\r\n              <img decoding=\"async\"  data-fade-in loading=\"lazy\" src=\"data:image\/png;base64,R0lGODlhAQABAAD\/ACwAAAAAAQABAAACADs=\" data-lazy-interchange=\"[https:\/\/www.mirare.fr\/wp-content\/uploads\/2025\/07\/MIR768_RECTO-250x225.jpg, small], [https:\/\/www.mirare.fr\/wp-content\/uploads\/2025\/07\/MIR768_RECTO-300x270.jpg, medium], [https:\/\/www.mirare.fr\/wp-content\/uploads\/2025\/07\/MIR768_RECTO-500x450.jpg, retina]\" data-interchange-sizes=\"{&quot;small&quot;:{&quot;w&quot;:250,&quot;h&quot;:225},&quot;medium&quot;:{&quot;w&quot;:300,&quot;h&quot;:270},&quot;retina&quot;:{&quot;w&quot;:500,&quot;h&quot;:450},&quot;medium_retina&quot;:{&quot;w&quot;:500,&quot;h&quot;:450}}\"  alt=\"\" itemprop=\"image\" \/>            <\/div>\r\n            <div class=\"name\">Volver<\/div>\r\n                                      <div class=\"artist\">Vittorio Forte<\/div>\r\n                      <\/a>\r\n                  <a class=\"item\" href=\"https:\/\/www.mirare.fr\/albums\/a-fairy-tale-a-travers-le-miroir\/\">\r\n            <div class=\"image\">\r\n              <img decoding=\"async\"  data-fade-in loading=\"lazy\" src=\"data:image\/png;base64,R0lGODlhAQABAAD\/ACwAAAAAAQABAAACADs=\" data-lazy-interchange=\"[https:\/\/www.mirare.fr\/wp-content\/uploads\/2025\/07\/MIR750_RECTO-250x225.jpg, small], [https:\/\/www.mirare.fr\/wp-content\/uploads\/2025\/07\/MIR750_RECTO-300x270.jpg, medium], [https:\/\/www.mirare.fr\/wp-content\/uploads\/2025\/07\/MIR750_RECTO-500x450.jpg, retina]\" data-interchange-sizes=\"{&quot;small&quot;:{&quot;w&quot;:250,&quot;h&quot;:225},&quot;medium&quot;:{&quot;w&quot;:300,&quot;h&quot;:270},&quot;retina&quot;:{&quot;w&quot;:500,&quot;h&quot;:450},&quot;medium_retina&quot;:{&quot;w&quot;:500,&quot;h&quot;:450}}\"  alt=\"\" itemprop=\"image\" \/>            <\/div>\r\n            <div class=\"name\">A Fairy Tale: \u00c0 travers le miroir<\/div>\r\n                                      <div class=\"artist\">Rodolphe Menguy<\/div>\r\n                      <\/a>\r\n                  <a class=\"item\" href=\"https:\/\/www.mirare.fr\/albums\/tchaikovsky\/\">\r\n            <div class=\"image\">\r\n              <img decoding=\"async\"  data-fade-in loading=\"lazy\" src=\"data:image\/png;base64,R0lGODlhAQABAAD\/ACwAAAAAAQABAAACADs=\" data-lazy-interchange=\"[https:\/\/www.mirare.fr\/wp-content\/uploads\/2025\/06\/MIR580_RECTO-250x225.jpg, small], [https:\/\/www.mirare.fr\/wp-content\/uploads\/2025\/06\/MIR580_RECTO-300x270.jpg, medium], [https:\/\/www.mirare.fr\/wp-content\/uploads\/2025\/06\/MIR580_RECTO-500x450.jpg, retina]\" data-interchange-sizes=\"{&quot;small&quot;:{&quot;w&quot;:250,&quot;h&quot;:225},&quot;medium&quot;:{&quot;w&quot;:300,&quot;h&quot;:270},&quot;retina&quot;:{&quot;w&quot;:500,&quot;h&quot;:450},&quot;medium_retina&quot;:{&quot;w&quot;:500,&quot;h&quot;:450}}\"  alt=\"\" itemprop=\"image\" \/>            <\/div>\r\n            <div class=\"name\">Tchaikovsky: Quatuor \u00e0 cordes &#038; Souvenir de Florence<\/div>\r\n                                      <div class=\"artist\">Quatuor Modigliani, H\u00e9l\u00e8ne Cl\u00e9ment, Antoine Lederlin<\/div>\r\n                      <\/a>\r\n                  <a class=\"item\" href=\"https:\/\/www.mirare.fr\/albums\/encores\/\">\r\n            <div class=\"image\">\r\n              <img decoding=\"async\"  data-fade-in loading=\"lazy\" src=\"data:image\/png;base64,R0lGODlhAQABAAD\/ACwAAAAAAQABAAACADs=\" data-lazy-interchange=\"[https:\/\/www.mirare.fr\/wp-content\/uploads\/2025\/04\/Disque-MIR702_RECTO-250x225.jpg, small], [https:\/\/www.mirare.fr\/wp-content\/uploads\/2025\/04\/Disque-MIR702_RECTO-300x270.jpg, medium], [https:\/\/www.mirare.fr\/wp-content\/uploads\/2025\/04\/Disque-MIR702_RECTO-500x450.jpg, retina]\" data-interchange-sizes=\"{&quot;small&quot;:{&quot;w&quot;:250,&quot;h&quot;:225},&quot;medium&quot;:{&quot;w&quot;:300,&quot;h&quot;:270},&quot;retina&quot;:{&quot;w&quot;:500,&quot;h&quot;:450},&quot;medium_retina&quot;:{&quot;w&quot;:500,&quot;h&quot;:450}}\"  alt=\"\" itemprop=\"image\" \/>            <\/div>\r\n            <div class=\"name\">Encores<\/div>\r\n                                      <div class=\"artist\">Luis Fernando P\u00e9rez<\/div>\r\n                      <\/a>\r\n                  <\/div>\r\n          <div class=\"more-button-wrapper\">\r\n                <a class=\"button-send\" href=\"https:\/\/www.mirare.fr\/en\/albums\/\">\r\n          See all the albums        <\/a>\r\n      <\/div>\r\n      <\/div>\r\n<\/section>\r\n\n\n<section  class=\"wp-block-acf-coming-soon-albums  section-content section-coming-soon-albums\" >\r\n  <div class=\"container\">\r\n    <h1 class=\"title\">Coming soon<\/h1>\r\n    <div class=\"items slick-flex\">\r\n                        <div class=\"item\">\r\n            <div class=\"image\">\r\n              <img decoding=\"async\"  data-fade-in loading=\"lazy\" src=\"data:image\/png;base64,R0lGODlhAQABAAD\/ACwAAAAAAQABAAACADs=\" data-lazy-interchange=\"[https:\/\/www.mirare.fr\/wp-content\/uploads\/2026\/04\/MIR710_VISUELS_R\u00b0-250x225.jpg, small], [https:\/\/www.mirare.fr\/wp-content\/uploads\/2026\/04\/MIR710_VISUELS_R\u00b0-300x270.jpg, medium], [https:\/\/www.mirare.fr\/wp-content\/uploads\/2026\/04\/MIR710_VISUELS_R\u00b0-500x450.jpg, retina]\" data-interchange-sizes=\"{&quot;small&quot;:{&quot;w&quot;:250,&quot;h&quot;:225},&quot;medium&quot;:{&quot;w&quot;:300,&quot;h&quot;:270},&quot;retina&quot;:{&quot;w&quot;:500,&quot;h&quot;:450},&quot;medium_retina&quot;:{&quot;w&quot;:500,&quot;h&quot;:450}}\"  alt=\"Amor y flores R\u00b0\" alt=\"\" itemprop=\"image\" \/><div class=\"coming-soon\">soon<\/div>            <\/div>\r\n            <div class=\"wrapper\">\r\n              <div class=\"data\">\r\n                <div class=\"name\">Amor y flores<\/div>\r\n                                                  <div class=\"artist\">Marion Vergez-Pascal<\/div>\r\n                              <\/div>\r\n                                            <a href=\"https:\/\/www.mirare.fr\/albums\/amor-y-flores\/\" class=\"button-cta-retour-inverted\">Released on 22 mai<\/a>\r\n                          <\/div>\r\n          <\/div>\r\n                  <\/div>\r\n  <\/div>\r\n<\/section>\r\n\n\n<section  class=\"wp-block-acf-recently-added-playlists  section-content section-recently-added-playlists\" >\r\n  <div class=\"container\">\r\n    <h1 class=\"title\">Playlists<\/h1>\r\n    <div class=\"items\">\r\n                                \n<div class=\"loop-playlist playlist\">\n  <div class=\"image\">\n    <img decoding=\"async\"  data-fade-in loading=\"lazy\" src=\"data:image\/png;base64,R0lGODlhAQABAAD\/ACwAAAAAAQABAAACADs=\" data-lazy-interchange=\"[https:\/\/www.mirare.fr\/wp-content\/uploads\/2026\/04\/PLAYLIST-4-297x297.png, small], [https:\/\/www.mirare.fr\/wp-content\/uploads\/2026\/04\/PLAYLIST-4-356x356.png, medium], [https:\/\/www.mirare.fr\/wp-content\/uploads\/2026\/04\/PLAYLIST-4-594x594.png, retina]\" data-interchange-sizes=\"{&quot;small&quot;:{&quot;w&quot;:297,&quot;h&quot;:297},&quot;medium&quot;:{&quot;w&quot;:356,&quot;h&quot;:356},&quot;retina&quot;:{&quot;w&quot;:594,&quot;h&quot;:594},&quot;medium_retina&quot;:{&quot;w&quot;:594,&quot;h&quot;:594}}\"  alt=\"Ambiance\" itemprop=\"image\" \/>    <p class=\"name\">Ambiance<\/p>\n  <\/div>\n  <div class=\"listen-on\">\n    <div class=\"text\">Listen on<\/div>\n          <a\n        class=\"spotify\"\n        href=\"https:\/\/open.spotify.com\/playlist\/7wotiXspUfMs2JxAjDTk7u?si=77d4378492294f87\" target=\"_blank\">\n        <svg version=\"1.1\" id=\"Layer_1\" xmlns=\"http:\/\/www.w3.org\/2000\/svg\" xmlns:xlink=\"http:\/\/www.w3.org\/1999\/xlink\" x=\"0\" y=\"0\" viewBox=\"0 0 18.54 12.37\" style=\"enable-background:new 0 0 18.54 12.37\" xml:space=\"preserve\"><path d=\"M14.23 12.37c-.15 0-.31-.04-.44-.12-5.12-3.08-11.19-1.3-11.25-1.28-.45.14-.93-.12-1.07-.57s.12-.93.57-1.07c.28-.08 6.84-2.03 12.63 1.45.4.24.54.77.29 1.17-.16.27-.44.42-.73.42zM15.7 8.87c-.18 0-.35-.05-.5-.13-3.95-2.2-8.62-2.75-12.97-1.52-.53.17-1.11-.1-1.29-.63-.19-.52.09-1.1.61-1.29.01 0 .01 0 .02-.01A18.97 18.97 0 0 1 16.2 6.98c.48.28.65.89.37 1.38-.17.31-.51.5-.87.51zM17.29 4.89c-.2 0-.4-.05-.58-.14A21.538 21.538 0 0 0 1.62 3.21C.96 3.41.26 3.05.06 2.4S.22 1.05.87.84c5.68-1.55 11.74-.94 17 1.71a1.24 1.24 0 0 1-.58 2.34z\" fill=\"#fff\"\/><\/svg>      <\/a>\n              <\/div>\n<\/div>\n                  \n<div class=\"loop-playlist playlist\">\n  <div class=\"image\">\n    <img decoding=\"async\"  data-fade-in loading=\"lazy\" src=\"data:image\/png;base64,R0lGODlhAQABAAD\/ACwAAAAAAQABAAACADs=\" data-lazy-interchange=\"[https:\/\/www.mirare.fr\/wp-content\/uploads\/2026\/04\/Classical-easter-3-297x297.png, small], [https:\/\/www.mirare.fr\/wp-content\/uploads\/2026\/04\/Classical-easter-3-356x356.png, medium], [https:\/\/www.mirare.fr\/wp-content\/uploads\/2026\/04\/Classical-easter-3-594x594.png, retina]\" data-interchange-sizes=\"{&quot;small&quot;:{&quot;w&quot;:297,&quot;h&quot;:297},&quot;medium&quot;:{&quot;w&quot;:356,&quot;h&quot;:356},&quot;retina&quot;:{&quot;w&quot;:594,&quot;h&quot;:594},&quot;medium_retina&quot;:{&quot;w&quot;:594,&quot;h&quot;:594}}\"  alt=\"Classical &lt;br\/&gt; Easter\" itemprop=\"image\" \/>    <p class=\"name\">Classical <br\/> Easter<\/p>\n  <\/div>\n  <div class=\"listen-on\">\n    <div class=\"text\">Listen on<\/div>\n          <a\n        class=\"spotify\"\n        href=\"https:\/\/open.spotify.com\/playlist\/13F5qMgvE7OnvKrVPXtqSq?si=75bb3365ca6f4e5e\" target=\"_blank\">\n        <svg version=\"1.1\" id=\"Layer_1\" xmlns=\"http:\/\/www.w3.org\/2000\/svg\" xmlns:xlink=\"http:\/\/www.w3.org\/1999\/xlink\" x=\"0\" y=\"0\" viewBox=\"0 0 18.54 12.37\" style=\"enable-background:new 0 0 18.54 12.37\" xml:space=\"preserve\"><path d=\"M14.23 12.37c-.15 0-.31-.04-.44-.12-5.12-3.08-11.19-1.3-11.25-1.28-.45.14-.93-.12-1.07-.57s.12-.93.57-1.07c.28-.08 6.84-2.03 12.63 1.45.4.24.54.77.29 1.17-.16.27-.44.42-.73.42zM15.7 8.87c-.18 0-.35-.05-.5-.13-3.95-2.2-8.62-2.75-12.97-1.52-.53.17-1.11-.1-1.29-.63-.19-.52.09-1.1.61-1.29.01 0 .01 0 .02-.01A18.97 18.97 0 0 1 16.2 6.98c.48.28.65.89.37 1.38-.17.31-.51.5-.87.51zM17.29 4.89c-.2 0-.4-.05-.58-.14A21.538 21.538 0 0 0 1.62 3.21C.96 3.41.26 3.05.06 2.4S.22 1.05.87.84c5.68-1.55 11.74-.94 17 1.71a1.24 1.24 0 0 1-.58 2.34z\" fill=\"#fff\"\/><\/svg>      <\/a>\n              <\/div>\n<\/div>\n                  \n<div class=\"loop-playlist playlist\">\n  <div class=\"image\">\n    <img decoding=\"async\"  data-fade-in loading=\"lazy\" src=\"data:image\/png;base64,R0lGODlhAQABAAD\/ACwAAAAAAQABAAACADs=\" data-lazy-interchange=\"[https:\/\/www.mirare.fr\/wp-content\/uploads\/2022\/06\/Playlist-Mirare3-scaled-297x297.jpg, small], [https:\/\/www.mirare.fr\/wp-content\/uploads\/2022\/06\/Playlist-Mirare3-scaled-356x356.jpg, medium], [https:\/\/www.mirare.fr\/wp-content\/uploads\/2022\/06\/Playlist-Mirare3-scaled-594x594.jpg, retina]\" data-interchange-sizes=\"{&quot;small&quot;:{&quot;w&quot;:297,&quot;h&quot;:297},&quot;medium&quot;:{&quot;w&quot;:356,&quot;h&quot;:356},&quot;retina&quot;:{&quot;w&quot;:594,&quot;h&quot;:594},&quot;medium_retina&quot;:{&quot;w&quot;:594,&quot;h&quot;:594}}\"  alt=\"La &lt;br\/&gt; Nature\" itemprop=\"image\" \/>    <p class=\"name\">La <br\/> Nature<\/p>\n  <\/div>\n  <div class=\"listen-on\">\n    <div class=\"text\">Listen on<\/div>\n          <a\n        class=\"spotify\"\n        href=\"https:\/\/open.spotify.com\/playlist\/1cgCCwTfw3wuI7q9T7SvWm\" target=\"_blank\">\n        <svg version=\"1.1\" id=\"Layer_1\" xmlns=\"http:\/\/www.w3.org\/2000\/svg\" xmlns:xlink=\"http:\/\/www.w3.org\/1999\/xlink\" x=\"0\" y=\"0\" viewBox=\"0 0 18.54 12.37\" style=\"enable-background:new 0 0 18.54 12.37\" xml:space=\"preserve\"><path d=\"M14.23 12.37c-.15 0-.31-.04-.44-.12-5.12-3.08-11.19-1.3-11.25-1.28-.45.14-.93-.12-1.07-.57s.12-.93.57-1.07c.28-.08 6.84-2.03 12.63 1.45.4.24.54.77.29 1.17-.16.27-.44.42-.73.42zM15.7 8.87c-.18 0-.35-.05-.5-.13-3.95-2.2-8.62-2.75-12.97-1.52-.53.17-1.11-.1-1.29-.63-.19-.52.09-1.1.61-1.29.01 0 .01 0 .02-.01A18.97 18.97 0 0 1 16.2 6.98c.48.28.65.89.37 1.38-.17.31-.51.5-.87.51zM17.29 4.89c-.2 0-.4-.05-.58-.14A21.538 21.538 0 0 0 1.62 3.21C.96 3.41.26 3.05.06 2.4S.22 1.05.87.84c5.68-1.55 11.74-.94 17 1.71a1.24 1.24 0 0 1-.58 2.34z\" fill=\"#fff\"\/><\/svg>      <\/a>\n              <\/div>\n<\/div>\n                  \n<div class=\"loop-playlist playlist\">\n  <div class=\"image\">\n    <img decoding=\"async\"  data-fade-in loading=\"lazy\" src=\"data:image\/png;base64,R0lGODlhAQABAAD\/ACwAAAAAAQABAAACADs=\" data-lazy-interchange=\"[https:\/\/www.mirare.fr\/wp-content\/uploads\/2022\/06\/Playlist-Mirare2-scaled-297x297.jpg, small], [https:\/\/www.mirare.fr\/wp-content\/uploads\/2022\/06\/Playlist-Mirare2-scaled-356x356.jpg, medium], [https:\/\/www.mirare.fr\/wp-content\/uploads\/2022\/06\/Playlist-Mirare2-scaled-594x594.jpg, retina]\" data-interchange-sizes=\"{&quot;small&quot;:{&quot;w&quot;:297,&quot;h&quot;:297},&quot;medium&quot;:{&quot;w&quot;:356,&quot;h&quot;:356},&quot;retina&quot;:{&quot;w&quot;:594,&quot;h&quot;:594},&quot;medium_retina&quot;:{&quot;w&quot;:594,&quot;h&quot;:594}}\"  alt=\"Passion\" itemprop=\"image\" \/>    <p class=\"name\">Passion<\/p>\n  <\/div>\n  <div class=\"listen-on\">\n    <div class=\"text\">Listen on<\/div>\n          <a\n        class=\"spotify\"\n        href=\"https:\/\/open.spotify.com\/playlist\/3ynpGO9hoVEQiSkFhP6T9z\" target=\"_blank\">\n        <svg version=\"1.1\" id=\"Layer_1\" xmlns=\"http:\/\/www.w3.org\/2000\/svg\" xmlns:xlink=\"http:\/\/www.w3.org\/1999\/xlink\" x=\"0\" y=\"0\" viewBox=\"0 0 18.54 12.37\" style=\"enable-background:new 0 0 18.54 12.37\" xml:space=\"preserve\"><path d=\"M14.23 12.37c-.15 0-.31-.04-.44-.12-5.12-3.08-11.19-1.3-11.25-1.28-.45.14-.93-.12-1.07-.57s.12-.93.57-1.07c.28-.08 6.84-2.03 12.63 1.45.4.24.54.77.29 1.17-.16.27-.44.42-.73.42zM15.7 8.87c-.18 0-.35-.05-.5-.13-3.95-2.2-8.62-2.75-12.97-1.52-.53.17-1.11-.1-1.29-.63-.19-.52.09-1.1.61-1.29.01 0 .01 0 .02-.01A18.97 18.97 0 0 1 16.2 6.98c.48.28.65.89.37 1.38-.17.31-.51.5-.87.51zM17.29 4.89c-.2 0-.4-.05-.58-.14A21.538 21.538 0 0 0 1.62 3.21C.96 3.41.26 3.05.06 2.4S.22 1.05.87.84c5.68-1.55 11.74-.94 17 1.71a1.24 1.24 0 0 1-.58 2.34z\" fill=\"#fff\"\/><\/svg>      <\/a>\n              <\/div>\n<\/div>\n                  <\/div>\r\n          <div class=\"more-button-wrapper\">\r\n        <a class=\"button-listen\" href=\"https:\/\/www.mirare.fr\/en\/playlists\/\">\r\n          Discover all the playlists        <\/a>\r\n      <\/div>\r\n      <\/div>\r\n<\/section>\r\n\n\n<section class=\"block-grid-wrapper block-grid-for-core-paragraph\">\r\n      <div class=\"default-editor-content grid-for-core-paragraph grid-container\">\r\n        <div class=\"grid-x grid-padding-x align-center\">\r\n          <div class=\"cell\">\r\n            \n<p><\/p>\n          <\/div>\r\n        <\/div>\r\n      <\/div>\r\n\r\n      <\/section>","protected":false},"excerpt":{"rendered":"","protected":false},"author":1,"featured_media":0,"parent":0,"menu_order":-1,"comment_status":"closed","ping_status":"closed","template":"front-page.php","meta":{"_acf_changed":false,"footnotes":""},"class_list":["post-13408","page","type-page","status-publish","hentry"],"acf":[],"yoast_head":"<!-- This site is optimized with the Yoast SEO plugin v27.5 - https:\/\/yoast.com\/product\/yoast-seo-wordpress\/ -->\n<title>Home - Mirare<\/title>\n<meta name=\"description\" content=\"From solo piano to chamber music and sacred music... Mirare is the classical music of today and tomorrow.\" \/>\n<meta name=\"robots\" content=\"index, follow, max-snippet:-1, max-image-preview:large, max-video-preview:-1\" \/>\n<link rel=\"canonical\" href=\"https:\/\/www.mirare.fr\/en\/\" \/>\n<meta property=\"og:locale\" content=\"en_US\" \/>\n<meta property=\"og:type\" content=\"article\" \/>\n<meta property=\"og:title\" content=\"Home - Mirare\" \/>\n<meta property=\"og:description\" content=\"From solo piano to chamber music and sacred music... Mirare is the classical music of today and tomorrow.\" \/>\n<meta property=\"og:url\" content=\"https:\/\/www.mirare.fr\/en\/\" \/>\n<meta property=\"og:site_name\" content=\"Mirare\" \/>\n<meta property=\"article:publisher\" content=\"https:\/\/fr-fr.facebook.com\/pages\/category\/Record-Label\/Mirare-151247074906672\/\" \/>\n<meta property=\"article:modified_time\" content=\"2022-02-23T14:05:20+00:00\" \/>\n<meta property=\"og:image\" content=\"https:\/\/www.mirare.fr\/wp-content\/uploads\/2022\/02\/mirare-logo.png\" \/>\n\t<meta property=\"og:image:width\" content=\"1319\" \/>\n\t<meta property=\"og:image:height\" content=\"253\" \/>\n\t<meta property=\"og:image:type\" content=\"image\/png\" \/>\n<meta name=\"twitter:card\" content=\"summary_large_image\" \/>\n<script type=\"application\/ld+json\" class=\"yoast-schema-graph\">{\"@context\":\"https:\\\/\\\/schema.org\",\"@graph\":[{\"@type\":\"WebPage\",\"@id\":\"https:\\\/\\\/www.mirare.fr\\\/en\\\/\",\"url\":\"https:\\\/\\\/www.mirare.fr\\\/en\\\/\",\"name\":\"Home - Mirare\",\"isPartOf\":{\"@id\":\"https:\\\/\\\/www.mirare.fr\\\/en\\\/#website\"},\"datePublished\":\"2022-02-18T08:54:55+00:00\",\"dateModified\":\"2022-02-23T14:05:20+00:00\",\"description\":\"From solo piano to chamber music and sacred music... Mirare is the classical music of today and tomorrow.\",\"breadcrumb\":{\"@id\":\"https:\\\/\\\/www.mirare.fr\\\/en\\\/#breadcrumb\"},\"inLanguage\":\"en-US\",\"potentialAction\":[{\"@type\":\"ReadAction\",\"target\":[\"https:\\\/\\\/www.mirare.fr\\\/en\\\/\"]}]},{\"@type\":\"BreadcrumbList\",\"@id\":\"https:\\\/\\\/www.mirare.fr\\\/en\\\/#breadcrumb\",\"itemListElement\":[{\"@type\":\"ListItem\",\"position\":1,\"name\":\"Home\",\"item\":\"https:\\\/\\\/www.mirare.fr\\\/en\\\/\"},{\"@type\":\"ListItem\",\"position\":2,\"name\":\"Home\"}]},{\"@type\":\"WebSite\",\"@id\":\"https:\\\/\\\/www.mirare.fr\\\/en\\\/#website\",\"url\":\"https:\\\/\\\/www.mirare.fr\\\/en\\\/\",\"name\":\"Mirare\",\"description\":\"\",\"publisher\":{\"@id\":\"https:\\\/\\\/www.mirare.fr\\\/en\\\/#organization\"},\"potentialAction\":[{\"@type\":\"SearchAction\",\"target\":{\"@type\":\"EntryPoint\",\"urlTemplate\":\"https:\\\/\\\/www.mirare.fr\\\/en\\\/?s={search_term_string}\"},\"query-input\":{\"@type\":\"PropertyValueSpecification\",\"valueRequired\":true,\"valueName\":\"search_term_string\"}}],\"inLanguage\":\"en-US\"},{\"@type\":\"Organization\",\"@id\":\"https:\\\/\\\/www.mirare.fr\\\/en\\\/#organization\",\"name\":\"Mirare Productions\",\"url\":\"https:\\\/\\\/www.mirare.fr\\\/en\\\/\",\"logo\":{\"@type\":\"ImageObject\",\"inLanguage\":\"en-US\",\"@id\":\"https:\\\/\\\/www.mirare.fr\\\/en\\\/#\\\/schema\\\/logo\\\/image\\\/\",\"url\":\"https:\\\/\\\/www.mirare.fr\\\/wp-content\\\/uploads\\\/2022\\\/02\\\/mirare-logo.png\",\"contentUrl\":\"https:\\\/\\\/www.mirare.fr\\\/wp-content\\\/uploads\\\/2022\\\/02\\\/mirare-logo.png\",\"width\":1319,\"height\":253,\"caption\":\"Mirare Productions\"},\"image\":{\"@id\":\"https:\\\/\\\/www.mirare.fr\\\/en\\\/#\\\/schema\\\/logo\\\/image\\\/\"},\"sameAs\":[\"https:\\\/\\\/fr-fr.facebook.com\\\/pages\\\/category\\\/Record-Label\\\/Mirare-151247074906672\\\/\",\"https:\\\/\\\/www.instagram.com\\\/mirare_records\\\/?hl=fr\"]}]}<\/script>\n<!-- \/ Yoast SEO plugin. -->","yoast_head_json":{"title":"Home - Mirare","description":"From solo piano to chamber music and sacred music... Mirare is the classical music of today and tomorrow.","robots":{"index":"index","follow":"follow","max-snippet":"max-snippet:-1","max-image-preview":"max-image-preview:large","max-video-preview":"max-video-preview:-1"},"canonical":"https:\/\/www.mirare.fr\/en\/","og_locale":"en_US","og_type":"article","og_title":"Home - Mirare","og_description":"From solo piano to chamber music and sacred music... Mirare is the classical music of today and tomorrow.","og_url":"https:\/\/www.mirare.fr\/en\/","og_site_name":"Mirare","article_publisher":"https:\/\/fr-fr.facebook.com\/pages\/category\/Record-Label\/Mirare-151247074906672\/","article_modified_time":"2022-02-23T14:05:20+00:00","og_image":[{"width":1319,"height":253,"url":"https:\/\/www.mirare.fr\/wp-content\/uploads\/2022\/02\/mirare-logo.png","type":"image\/png"}],"twitter_card":"summary_large_image","schema":{"@context":"https:\/\/schema.org","@graph":[{"@type":"WebPage","@id":"https:\/\/www.mirare.fr\/en\/","url":"https:\/\/www.mirare.fr\/en\/","name":"Home - Mirare","isPartOf":{"@id":"https:\/\/www.mirare.fr\/en\/#website"},"datePublished":"2022-02-18T08:54:55+00:00","dateModified":"2022-02-23T14:05:20+00:00","description":"From solo piano to chamber music and sacred music... Mirare is the classical music of today and tomorrow.","breadcrumb":{"@id":"https:\/\/www.mirare.fr\/en\/#breadcrumb"},"inLanguage":"en-US","potentialAction":[{"@type":"ReadAction","target":["https:\/\/www.mirare.fr\/en\/"]}]},{"@type":"BreadcrumbList","@id":"https:\/\/www.mirare.fr\/en\/#breadcrumb","itemListElement":[{"@type":"ListItem","position":1,"name":"Home","item":"https:\/\/www.mirare.fr\/en\/"},{"@type":"ListItem","position":2,"name":"Home"}]},{"@type":"WebSite","@id":"https:\/\/www.mirare.fr\/en\/#website","url":"https:\/\/www.mirare.fr\/en\/","name":"Mirare","description":"","publisher":{"@id":"https:\/\/www.mirare.fr\/en\/#organization"},"potentialAction":[{"@type":"SearchAction","target":{"@type":"EntryPoint","urlTemplate":"https:\/\/www.mirare.fr\/en\/?s={search_term_string}"},"query-input":{"@type":"PropertyValueSpecification","valueRequired":true,"valueName":"search_term_string"}}],"inLanguage":"en-US"},{"@type":"Organization","@id":"https:\/\/www.mirare.fr\/en\/#organization","name":"Mirare Productions","url":"https:\/\/www.mirare.fr\/en\/","logo":{"@type":"ImageObject","inLanguage":"en-US","@id":"https:\/\/www.mirare.fr\/en\/#\/schema\/logo\/image\/","url":"https:\/\/www.mirare.fr\/wp-content\/uploads\/2022\/02\/mirare-logo.png","contentUrl":"https:\/\/www.mirare.fr\/wp-content\/uploads\/2022\/02\/mirare-logo.png","width":1319,"height":253,"caption":"Mirare Productions"},"image":{"@id":"https:\/\/www.mirare.fr\/en\/#\/schema\/logo\/image\/"},"sameAs":["https:\/\/fr-fr.facebook.com\/pages\/category\/Record-Label\/Mirare-151247074906672\/","https:\/\/www.instagram.com\/mirare_records\/?hl=fr"]}]}},"_links":{"self":[{"href":"https:\/\/www.mirare.fr\/en\/wp-json\/wp\/v2\/pages\/13408","targetHints":{"allow":["GET"]}}],"collection":[{"href":"https:\/\/www.mirare.fr\/en\/wp-json\/wp\/v2\/pages"}],"about":[{"href":"https:\/\/www.mirare.fr\/en\/wp-json\/wp\/v2\/types\/page"}],"author":[{"embeddable":true,"href":"https:\/\/www.mirare.fr\/en\/wp-json\/wp\/v2\/users\/1"}],"replies":[{"embeddable":true,"href":"https:\/\/www.mirare.fr\/en\/wp-json\/wp\/v2\/comments?post=13408"}],"version-history":[{"count":4,"href":"https:\/\/www.mirare.fr\/en\/wp-json\/wp\/v2\/pages\/13408\/revisions"}],"predecessor-version":[{"id":15383,"href":"https:\/\/www.mirare.fr\/en\/wp-json\/wp\/v2\/pages\/13408\/revisions\/15383"}],"wp:attachment":[{"href":"https:\/\/www.mirare.fr\/en\/wp-json\/wp\/v2\/media?parent=13408"}],"curies":[{"name":"wp","href":"https:\/\/api.w.org\/{rel}","templated":true}]}}