{"id":19930,"date":"2025-10-28T16:29:43","date_gmt":"2025-10-28T15:29:43","guid":{"rendered":"https:\/\/www.mirare.fr\/artistes\/gaspard-dehaene\/"},"modified":"2025-10-28T16:36:36","modified_gmt":"2025-10-28T15:36:36","slug":"gaspard-dehaene","status":"publish","type":"artist","link":"https:\/\/www.mirare.fr\/en\/artists\/gaspard-dehaene\/","title":{"rendered":"Gaspard Dehaene"},"content":{"rendered":"<p>Photo : \u00a9 Romain Charrier<\/p>\n<p>&nbsp;<\/p>\n<p class=\"p1\">Gaspard Dehaene was 16 when his musical encounter with Chopin caused him to give up tennis, his childhood passion, for his life&#8217;s passion, music.<\/p>\n<p class=\"p1\">Trained by Anne-Lise Gastaldi at CRR (Regional Conservatory) in Paris, he got his Master\u2019s Degree at CNSMD (National Conservatory of Music) of Paris in 2012, in Bruno Rigutto\u2019s and Denis Pascal\u2019s classes. Afterwards, he was admitted to Salzburg\u2019s Mozarteum in Jacques Rouvier\u2019s class, and further mastered his art with Rena Shereshevskaya at <em>\u00c9cole normale de musique de Paris<\/em> and, in 2017, obtained his Master\u2019s Degree in vocal accompaniment at CNSMD in Anne Le Bozec\u2019s class.<\/p>\n<p class=\"p1\">The award recipient of the <em>Pro Musicis<\/em> prize, of the International Competition of San Sebastian, the <em>Piano Campus<\/em>, the Great Prize of the Alain Marinaro competition, he appears in a number of festivals in France \u2014 la Roque d&#8217;Anth\u00e9ron, <em>La Folle Journ\u00e9e de Nantes<\/em>, <em>Festival 1001 Notes<\/em>, <em>Printemps des Arts<\/em> of Monte-Carlo, Radio France Montpellier-Occitanie, <em>Fl\u00e2neries musicales de Reims<\/em> (including a Medici TV broadcast), <em>Chopin \u00e0 Bagatelle<\/em>&#8230;\u2014 and abroad too, in Europe but also in Morocco, in New-Caledonia and at the <em>Young Artists Festival<\/em> in Beijing.<\/p>\n<p class=\"p1\">Due to several experiences in concerto, he has had the opportunity to perform under such conductors as Dmitri Liss, Elena Schwarz, Mihhail Gerts or Flavien Boy, with various orchestras like the \u2018Sinfonia Varsovia\u2019, the \u2018Ural Philharmonic orchestra\u2019 or the \u2018Orchestre Pasdeloup\u2019. His enthusiasm for chamber music has brought him to perform with Anne Queff\u00e9lec, Rapha\u00ebl S\u00e9v\u00e8re, Victor Julien-Laferri\u00e8re, G\u00e9rard Causs\u00e9, Paul Meyer, the \u2018Voce\u2019 and the \u2018Girard\u2019 quartets&#8230; He is also a partner of choice for Adrien Boisseau with whom he has recorded two albums warmly welcomed by the music press.<\/p>\n<p class=\"p1\">As a laureate of Orsay-Royaumont foundation, Gaspard Dehaene\u2019s great sensitivity to the Lied and the melody repertoire has led him to set up a collaboration with the mezzo-soprano Victoire Bunel, by whom he recorded the \u2018Carte postale\u2019 album, released in January 2021 with <em>B Records<\/em>. Contemporary music is something he cares about a lot: creating in 2007 <em>Une page d&#8217;\u00e9ph\u00e9m\u00e9ride<\/em> by Pierre Boulez he was privileged enough to work on with the composer himself, he has ever since been requested by such composers as R. Bruneau-Boulmier, F. Choveaux, C. Bray or A. Ben\u00e9teau whose <em>Sonate Douarnenez<\/em> he has recorded.<\/p>\n<p class=\"p1\">Other recordings by Gaspard Dehaene include three solo discs under the <em>1001 Notes<\/em> label : \u2018Fantaisie\u2019 in 2016, \u2018Vers l\u2019ailleurs\u2019 in February 2019 with works by Schubert, Liszt and Bruneau-Boulmier \u2014a record unanimously hailed by the Press\u2014, and recently \u2018\u00c0 la Mazur\u2019, an album dedicated to Chopin, released in 2022.<\/p>\n<p class=\"p1\">Among his recent commitments, he made his debut at Th\u00e9\u00e2tre des Champs-\u00c9lys\u00e9es in March 2025 and performed the whole collection of Liszt\u2019s <em>\u00c9tudes d\u2019ex\u00e9cution transcendante<\/em> at <em>Lisztomanias<\/em> in Ch\u00e2teauroux.<\/p>\n<p class=\"p1\">Recently named both an artist of the \u2018Spedidam Generation\u2019 for 2017-2021, and an \u2018Artiste Steinway\u2019 since 2019, Gaspard Dehaene has been teaching as Rena Shereshevskaya\u2019s assistant at <em>\u00c9cole Normale de Musique Alfred Cortot<\/em> since September 2021.<\/p>\n","protected":false},"excerpt":{"rendered":"<p>Gaspard Dehaene was 16 when his musical encounter with Chopin caused him to give up tennis, his childhood passion, for his life&#8217;s passion, music.<\/p>\n","protected":false},"author":3,"featured_media":19931,"template":"","class_list":["post-19930","artist","type-artist","status-publish","has-post-thumbnail","hentry"],"acf":[],"yoast_head":"<!-- This site is optimized with the Yoast SEO plugin v27.5 - https:\/\/yoast.com\/product\/yoast-seo-wordpress\/ -->\n<title>Gaspard Dehaene - Mirare<\/title>\n<meta name=\"description\" content=\"Gaspard Dehaene was 16 when his musical encounter with Chopin caused him to give up tennis, his childhood passion, for his life&#039;s passion, music.\" \/>\n<meta name=\"robots\" content=\"index, follow, max-snippet:-1, max-image-preview:large, max-video-preview:-1\" \/>\n<link rel=\"canonical\" href=\"https:\/\/www.mirare.fr\/en\/artists\/gaspard-dehaene\/\" \/>\n<meta property=\"og:locale\" content=\"en_US\" \/>\n<meta property=\"og:type\" content=\"article\" \/>\n<meta property=\"og:title\" content=\"Gaspard Dehaene - Mirare\" \/>\n<meta property=\"og:description\" content=\"Gaspard Dehaene was 16 when his musical encounter with Chopin caused him to give up tennis, his childhood passion, for his life&#039;s passion, music.\" \/>\n<meta property=\"og:url\" content=\"https:\/\/www.mirare.fr\/en\/artists\/gaspard-dehaene\/\" \/>\n<meta property=\"og:site_name\" content=\"Mirare\" \/>\n<meta property=\"article:publisher\" content=\"https:\/\/fr-fr.facebook.com\/pages\/category\/Record-Label\/Mirare-151247074906672\/\" \/>\n<meta property=\"article:modified_time\" content=\"2025-10-28T15:36:36+00:00\" \/>\n<meta property=\"og:image\" content=\"https:\/\/www.mirare.fr\/wp-content\/uploads\/2025\/10\/\u00a9-Romain-Charrier-\u00a9-Romain-Charrier-Gaspard-Dehaene-2025-HD-75-scaled.jpg\" \/>\n\t<meta property=\"og:image:width\" content=\"1707\" \/>\n\t<meta property=\"og:image:height\" content=\"2560\" \/>\n\t<meta property=\"og:image:type\" content=\"image\/jpeg\" \/>\n<meta name=\"twitter:card\" content=\"summary_large_image\" \/>\n<meta name=\"twitter:label1\" content=\"Est. reading time\" \/>\n\t<meta name=\"twitter:data1\" content=\"3 minutes\" \/>\n<script type=\"application\/ld+json\" class=\"yoast-schema-graph\">{\"@context\":\"https:\\\/\\\/schema.org\",\"@graph\":[{\"@type\":\"WebPage\",\"@id\":\"https:\\\/\\\/www.mirare.fr\\\/en\\\/artists\\\/gaspard-dehaene\\\/\",\"url\":\"https:\\\/\\\/www.mirare.fr\\\/en\\\/artists\\\/gaspard-dehaene\\\/\",\"name\":\"Gaspard Dehaene - Mirare\",\"isPartOf\":{\"@id\":\"https:\\\/\\\/www.mirare.fr\\\/en\\\/#website\"},\"primaryImageOfPage\":{\"@id\":\"https:\\\/\\\/www.mirare.fr\\\/en\\\/artists\\\/gaspard-dehaene\\\/#primaryimage\"},\"image\":{\"@id\":\"https:\\\/\\\/www.mirare.fr\\\/en\\\/artists\\\/gaspard-dehaene\\\/#primaryimage\"},\"thumbnailUrl\":\"https:\\\/\\\/www.mirare.fr\\\/wp-content\\\/uploads\\\/2025\\\/10\\\/\u00a9-Romain-Charrier-\u00a9-Romain-Charrier-Gaspard-Dehaene-2025-HD-75-scaled.jpg\",\"datePublished\":\"2025-10-28T15:29:43+00:00\",\"dateModified\":\"2025-10-28T15:36:36+00:00\",\"description\":\"Gaspard Dehaene was 16 when his musical encounter with Chopin caused him to give up tennis, his childhood passion, for his life's passion, music.\",\"breadcrumb\":{\"@id\":\"https:\\\/\\\/www.mirare.fr\\\/en\\\/artists\\\/gaspard-dehaene\\\/#breadcrumb\"},\"inLanguage\":\"en-US\",\"potentialAction\":[{\"@type\":\"ReadAction\",\"target\":[\"https:\\\/\\\/www.mirare.fr\\\/en\\\/artists\\\/gaspard-dehaene\\\/\"]}]},{\"@type\":\"ImageObject\",\"inLanguage\":\"en-US\",\"@id\":\"https:\\\/\\\/www.mirare.fr\\\/en\\\/artists\\\/gaspard-dehaene\\\/#primaryimage\",\"url\":\"https:\\\/\\\/www.mirare.fr\\\/wp-content\\\/uploads\\\/2025\\\/10\\\/\u00a9-Romain-Charrier-\u00a9-Romain-Charrier-Gaspard-Dehaene-2025-HD-75-scaled.jpg\",\"contentUrl\":\"https:\\\/\\\/www.mirare.fr\\\/wp-content\\\/uploads\\\/2025\\\/10\\\/\u00a9-Romain-Charrier-\u00a9-Romain-Charrier-Gaspard-Dehaene-2025-HD-75-scaled.jpg\",\"width\":1707,\"height\":2560},{\"@type\":\"BreadcrumbList\",\"@id\":\"https:\\\/\\\/www.mirare.fr\\\/en\\\/artists\\\/gaspard-dehaene\\\/#breadcrumb\",\"itemListElement\":[{\"@type\":\"ListItem\",\"position\":1,\"name\":\"Home\",\"item\":\"https:\\\/\\\/www.mirare.fr\\\/en\\\/\"},{\"@type\":\"ListItem\",\"position\":2,\"name\":\"Gaspard Dehaene\"}]},{\"@type\":\"WebSite\",\"@id\":\"https:\\\/\\\/www.mirare.fr\\\/en\\\/#website\",\"url\":\"https:\\\/\\\/www.mirare.fr\\\/en\\\/\",\"name\":\"Mirare\",\"description\":\"\",\"publisher\":{\"@id\":\"https:\\\/\\\/www.mirare.fr\\\/en\\\/#organization\"},\"potentialAction\":[{\"@type\":\"SearchAction\",\"target\":{\"@type\":\"EntryPoint\",\"urlTemplate\":\"https:\\\/\\\/www.mirare.fr\\\/en\\\/?s={search_term_string}\"},\"query-input\":{\"@type\":\"PropertyValueSpecification\",\"valueRequired\":true,\"valueName\":\"search_term_string\"}}],\"inLanguage\":\"en-US\"},{\"@type\":\"Organization\",\"@id\":\"https:\\\/\\\/www.mirare.fr\\\/en\\\/#organization\",\"name\":\"Mirare Productions\",\"url\":\"https:\\\/\\\/www.mirare.fr\\\/en\\\/\",\"logo\":{\"@type\":\"ImageObject\",\"inLanguage\":\"en-US\",\"@id\":\"https:\\\/\\\/www.mirare.fr\\\/en\\\/#\\\/schema\\\/logo\\\/image\\\/\",\"url\":\"https:\\\/\\\/www.mirare.fr\\\/wp-content\\\/uploads\\\/2022\\\/02\\\/mirare-logo.png\",\"contentUrl\":\"https:\\\/\\\/www.mirare.fr\\\/wp-content\\\/uploads\\\/2022\\\/02\\\/mirare-logo.png\",\"width\":1319,\"height\":253,\"caption\":\"Mirare Productions\"},\"image\":{\"@id\":\"https:\\\/\\\/www.mirare.fr\\\/en\\\/#\\\/schema\\\/logo\\\/image\\\/\"},\"sameAs\":[\"https:\\\/\\\/fr-fr.facebook.com\\\/pages\\\/category\\\/Record-Label\\\/Mirare-151247074906672\\\/\",\"https:\\\/\\\/www.instagram.com\\\/mirare_records\\\/?hl=fr\"]}]}<\/script>\n<!-- \/ Yoast SEO plugin. -->","yoast_head_json":{"title":"Gaspard Dehaene - Mirare","description":"Gaspard Dehaene was 16 when his musical encounter with Chopin caused him to give up tennis, his childhood passion, for his life's passion, music.","robots":{"index":"index","follow":"follow","max-snippet":"max-snippet:-1","max-image-preview":"max-image-preview:large","max-video-preview":"max-video-preview:-1"},"canonical":"https:\/\/www.mirare.fr\/en\/artists\/gaspard-dehaene\/","og_locale":"en_US","og_type":"article","og_title":"Gaspard Dehaene - Mirare","og_description":"Gaspard Dehaene was 16 when his musical encounter with Chopin caused him to give up tennis, his childhood passion, for his life's passion, music.","og_url":"https:\/\/www.mirare.fr\/en\/artists\/gaspard-dehaene\/","og_site_name":"Mirare","article_publisher":"https:\/\/fr-fr.facebook.com\/pages\/category\/Record-Label\/Mirare-151247074906672\/","article_modified_time":"2025-10-28T15:36:36+00:00","og_image":[{"width":1707,"height":2560,"url":"https:\/\/www.mirare.fr\/wp-content\/uploads\/2025\/10\/\u00a9-Romain-Charrier-\u00a9-Romain-Charrier-Gaspard-Dehaene-2025-HD-75-scaled.jpg","type":"image\/jpeg"}],"twitter_card":"summary_large_image","twitter_misc":{"Est. reading time":"3 minutes"},"schema":{"@context":"https:\/\/schema.org","@graph":[{"@type":"WebPage","@id":"https:\/\/www.mirare.fr\/en\/artists\/gaspard-dehaene\/","url":"https:\/\/www.mirare.fr\/en\/artists\/gaspard-dehaene\/","name":"Gaspard Dehaene - Mirare","isPartOf":{"@id":"https:\/\/www.mirare.fr\/en\/#website"},"primaryImageOfPage":{"@id":"https:\/\/www.mirare.fr\/en\/artists\/gaspard-dehaene\/#primaryimage"},"image":{"@id":"https:\/\/www.mirare.fr\/en\/artists\/gaspard-dehaene\/#primaryimage"},"thumbnailUrl":"https:\/\/www.mirare.fr\/wp-content\/uploads\/2025\/10\/\u00a9-Romain-Charrier-\u00a9-Romain-Charrier-Gaspard-Dehaene-2025-HD-75-scaled.jpg","datePublished":"2025-10-28T15:29:43+00:00","dateModified":"2025-10-28T15:36:36+00:00","description":"Gaspard Dehaene was 16 when his musical encounter with Chopin caused him to give up tennis, his childhood passion, for his life's passion, music.","breadcrumb":{"@id":"https:\/\/www.mirare.fr\/en\/artists\/gaspard-dehaene\/#breadcrumb"},"inLanguage":"en-US","potentialAction":[{"@type":"ReadAction","target":["https:\/\/www.mirare.fr\/en\/artists\/gaspard-dehaene\/"]}]},{"@type":"ImageObject","inLanguage":"en-US","@id":"https:\/\/www.mirare.fr\/en\/artists\/gaspard-dehaene\/#primaryimage","url":"https:\/\/www.mirare.fr\/wp-content\/uploads\/2025\/10\/\u00a9-Romain-Charrier-\u00a9-Romain-Charrier-Gaspard-Dehaene-2025-HD-75-scaled.jpg","contentUrl":"https:\/\/www.mirare.fr\/wp-content\/uploads\/2025\/10\/\u00a9-Romain-Charrier-\u00a9-Romain-Charrier-Gaspard-Dehaene-2025-HD-75-scaled.jpg","width":1707,"height":2560},{"@type":"BreadcrumbList","@id":"https:\/\/www.mirare.fr\/en\/artists\/gaspard-dehaene\/#breadcrumb","itemListElement":[{"@type":"ListItem","position":1,"name":"Home","item":"https:\/\/www.mirare.fr\/en\/"},{"@type":"ListItem","position":2,"name":"Gaspard Dehaene"}]},{"@type":"WebSite","@id":"https:\/\/www.mirare.fr\/en\/#website","url":"https:\/\/www.mirare.fr\/en\/","name":"Mirare","description":"","publisher":{"@id":"https:\/\/www.mirare.fr\/en\/#organization"},"potentialAction":[{"@type":"SearchAction","target":{"@type":"EntryPoint","urlTemplate":"https:\/\/www.mirare.fr\/en\/?s={search_term_string}"},"query-input":{"@type":"PropertyValueSpecification","valueRequired":true,"valueName":"search_term_string"}}],"inLanguage":"en-US"},{"@type":"Organization","@id":"https:\/\/www.mirare.fr\/en\/#organization","name":"Mirare Productions","url":"https:\/\/www.mirare.fr\/en\/","logo":{"@type":"ImageObject","inLanguage":"en-US","@id":"https:\/\/www.mirare.fr\/en\/#\/schema\/logo\/image\/","url":"https:\/\/www.mirare.fr\/wp-content\/uploads\/2022\/02\/mirare-logo.png","contentUrl":"https:\/\/www.mirare.fr\/wp-content\/uploads\/2022\/02\/mirare-logo.png","width":1319,"height":253,"caption":"Mirare Productions"},"image":{"@id":"https:\/\/www.mirare.fr\/en\/#\/schema\/logo\/image\/"},"sameAs":["https:\/\/fr-fr.facebook.com\/pages\/category\/Record-Label\/Mirare-151247074906672\/","https:\/\/www.instagram.com\/mirare_records\/?hl=fr"]}]}},"_links":{"self":[{"href":"https:\/\/www.mirare.fr\/en\/wp-json\/wp\/v2\/artist\/19930","targetHints":{"allow":["GET"]}}],"collection":[{"href":"https:\/\/www.mirare.fr\/en\/wp-json\/wp\/v2\/artist"}],"about":[{"href":"https:\/\/www.mirare.fr\/en\/wp-json\/wp\/v2\/types\/artist"}],"author":[{"embeddable":true,"href":"https:\/\/www.mirare.fr\/en\/wp-json\/wp\/v2\/users\/3"}],"version-history":[{"count":2,"href":"https:\/\/www.mirare.fr\/en\/wp-json\/wp\/v2\/artist\/19930\/revisions"}],"predecessor-version":[{"id":19933,"href":"https:\/\/www.mirare.fr\/en\/wp-json\/wp\/v2\/artist\/19930\/revisions\/19933"}],"wp:featuredmedia":[{"embeddable":true,"href":"https:\/\/www.mirare.fr\/en\/wp-json\/wp\/v2\/media\/19931"}],"wp:attachment":[{"href":"https:\/\/www.mirare.fr\/en\/wp-json\/wp\/v2\/media?parent=19930"}],"curies":[{"name":"wp","href":"https:\/\/api.w.org\/{rel}","templated":true}]}}