{"id":13867,"date":"2022-01-04T11:08:56","date_gmt":"2022-01-04T10:08:56","guid":{"rendered":"https:\/\/www.mirare.fr\/artistes\/trio-helios\/"},"modified":"2022-03-02T11:12:41","modified_gmt":"2022-03-02T10:12:41","slug":"trio-helios","status":"publish","type":"artist","link":"https:\/\/www.mirare.fr\/en\/artists\/trio-helios\/","title":{"rendered":"Trio H\u00e9lios"},"content":{"rendered":"<p>Passionate about chamber music and united by a deep friendship, Camille, Rapha\u00ebl and Alexis founded the Trio H\u00e9lios in 2014. Since then they have travelled the French and international scene exploring the magnificent piano trio repertory.<\/p>\n<p>The Trio H\u00e9lios is a frequent visitor to such prestigious halls as the Philharmonie de Paris, the Phoenix Hall in Osaka and the Wigmore Hall, and has won prizes at numerous international competitions, including Lyon, Illzach, Trondheim and Joseph Joachim. It held a residency at the Festival de La Roque d\u2019Anth\u00e9ron from 2015 onwards, followed by the Festival des Arcs, the Festival Pablo Casals in Prades and the Rencontres Musicales d\u2019\u00c9vian, and is also regularly invited to appear at La Folle Journ\u00e9e (Nantes, Warsaw, Tokyo), the Festival d\u2019Auvers-sur-Oise and in the Pianissimes season. It has also taken part in several programmes on France Musique and \u00d6sterreichischer Rundfunk ORF. The trio graduated from the Conservatoire National Sup\u00e9rieur de Paris (CNSMDP) after studying in the classes of Claire D\u00e9sert, Itamar Golan and Fran\u00e7ois Salque. It has also benefited from the advice of artistic personalities such as the Trio Wanderer, the \u00c9b\u00e8ne, Talich and Modigliani quartets, Michel Strauss, Emmanuel Strosser and Alexis Galp\u00e9rine, while at the same time pursuing postgraduate studies at the European Chamber Music Academy (ECMA) with Patrick J\u00fcdt, Johannes Meissl, Avedis Kouyoumdjian and Hatto Beyerle.<\/p>\n<p>Camille plays a violin by Jacques-Pierre Thibout from 1831 and Rapha\u00ebl a cello by Frank Ravatin built in 2020. The Trio H\u00e9lios receives support from the Safran and L\u2019Or du Rhin Foundations, and is represented by the Claire Laballery Agency.<\/p>\n","protected":false},"excerpt":{"rendered":"<p>Passionate about chamber music and united by a deep friendship, Camille, Rapha\u00ebl and Alexis founded the Trio H\u00e9lios in 2014. Since then they have travelled the French and international scene exploring the magnificent piano trio repertory. The Trio H\u00e9lios is a frequent visitor to such prestigious halls as the Philharmonie de Paris, the Phoenix Hall [&hellip;]<\/p>\n","protected":false},"author":1,"featured_media":9763,"template":"","class_list":["post-13867","artist","type-artist","status-publish","has-post-thumbnail","hentry"],"acf":[],"yoast_head":"<!-- This site is optimized with the Yoast SEO plugin v27.5 - https:\/\/yoast.com\/product\/yoast-seo-wordpress\/ -->\n<title>Trio H\u00e9lios - Mirare<\/title>\n<meta name=\"description\" content=\"Passionate about chamber music and united by a deep friendship, Camille, Rapha\u00ebl and Alexis founded the Trio H\u00e9lios in 2014. Since then...\" \/>\n<meta name=\"robots\" content=\"index, follow, max-snippet:-1, max-image-preview:large, max-video-preview:-1\" \/>\n<link rel=\"canonical\" href=\"https:\/\/www.mirare.fr\/en\/artists\/trio-helios\/\" \/>\n<meta property=\"og:locale\" content=\"en_US\" \/>\n<meta property=\"og:type\" content=\"article\" \/>\n<meta property=\"og:title\" content=\"Trio H\u00e9lios - Mirare\" \/>\n<meta property=\"og:description\" content=\"Passionate about chamber music and united by a deep friendship, Camille, Rapha\u00ebl and Alexis founded the Trio H\u00e9lios in 2014. Since then...\" \/>\n<meta property=\"og:url\" content=\"https:\/\/www.mirare.fr\/en\/artists\/trio-helios\/\" \/>\n<meta property=\"og:site_name\" content=\"Mirare\" \/>\n<meta property=\"article:publisher\" content=\"https:\/\/fr-fr.facebook.com\/pages\/category\/Record-Label\/Mirare-151247074906672\/\" \/>\n<meta property=\"article:modified_time\" content=\"2022-03-02T10:12:41+00:00\" \/>\n<meta property=\"og:image\" content=\"https:\/\/www.mirare.fr\/wp-content\/uploads\/2021\/11\/TrioHelios.jpg\" \/>\n\t<meta property=\"og:image:width\" content=\"4480\" \/>\n\t<meta property=\"og:image:height\" content=\"4480\" \/>\n\t<meta property=\"og:image:type\" content=\"image\/jpeg\" \/>\n<meta name=\"twitter:card\" content=\"summary_large_image\" \/>\n<meta name=\"twitter:label1\" content=\"Est. reading time\" \/>\n\t<meta name=\"twitter:data1\" content=\"1 minute\" \/>\n<script type=\"application\/ld+json\" class=\"yoast-schema-graph\">{\"@context\":\"https:\\\/\\\/schema.org\",\"@graph\":[{\"@type\":\"WebPage\",\"@id\":\"https:\\\/\\\/www.mirare.fr\\\/en\\\/artists\\\/trio-helios\\\/\",\"url\":\"https:\\\/\\\/www.mirare.fr\\\/en\\\/artists\\\/trio-helios\\\/\",\"name\":\"Trio H\u00e9lios - Mirare\",\"isPartOf\":{\"@id\":\"https:\\\/\\\/www.mirare.fr\\\/en\\\/#website\"},\"primaryImageOfPage\":{\"@id\":\"https:\\\/\\\/www.mirare.fr\\\/en\\\/artists\\\/trio-helios\\\/#primaryimage\"},\"image\":{\"@id\":\"https:\\\/\\\/www.mirare.fr\\\/en\\\/artists\\\/trio-helios\\\/#primaryimage\"},\"thumbnailUrl\":\"https:\\\/\\\/www.mirare.fr\\\/wp-content\\\/uploads\\\/2021\\\/11\\\/TrioHelios.jpg\",\"datePublished\":\"2022-01-04T10:08:56+00:00\",\"dateModified\":\"2022-03-02T10:12:41+00:00\",\"description\":\"Passionate about chamber music and united by a deep friendship, Camille, Rapha\u00ebl and Alexis founded the Trio H\u00e9lios in 2014. Since then...\",\"breadcrumb\":{\"@id\":\"https:\\\/\\\/www.mirare.fr\\\/en\\\/artists\\\/trio-helios\\\/#breadcrumb\"},\"inLanguage\":\"en-US\",\"potentialAction\":[{\"@type\":\"ReadAction\",\"target\":[\"https:\\\/\\\/www.mirare.fr\\\/en\\\/artists\\\/trio-helios\\\/\"]}]},{\"@type\":\"ImageObject\",\"inLanguage\":\"en-US\",\"@id\":\"https:\\\/\\\/www.mirare.fr\\\/en\\\/artists\\\/trio-helios\\\/#primaryimage\",\"url\":\"https:\\\/\\\/www.mirare.fr\\\/wp-content\\\/uploads\\\/2021\\\/11\\\/TrioHelios.jpg\",\"contentUrl\":\"https:\\\/\\\/www.mirare.fr\\\/wp-content\\\/uploads\\\/2021\\\/11\\\/TrioHelios.jpg\",\"width\":4480,\"height\":4480},{\"@type\":\"BreadcrumbList\",\"@id\":\"https:\\\/\\\/www.mirare.fr\\\/en\\\/artists\\\/trio-helios\\\/#breadcrumb\",\"itemListElement\":[{\"@type\":\"ListItem\",\"position\":1,\"name\":\"Home\",\"item\":\"https:\\\/\\\/www.mirare.fr\\\/en\\\/\"},{\"@type\":\"ListItem\",\"position\":2,\"name\":\"Trio H\u00e9lios\"}]},{\"@type\":\"WebSite\",\"@id\":\"https:\\\/\\\/www.mirare.fr\\\/en\\\/#website\",\"url\":\"https:\\\/\\\/www.mirare.fr\\\/en\\\/\",\"name\":\"Mirare\",\"description\":\"\",\"publisher\":{\"@id\":\"https:\\\/\\\/www.mirare.fr\\\/en\\\/#organization\"},\"potentialAction\":[{\"@type\":\"SearchAction\",\"target\":{\"@type\":\"EntryPoint\",\"urlTemplate\":\"https:\\\/\\\/www.mirare.fr\\\/en\\\/?s={search_term_string}\"},\"query-input\":{\"@type\":\"PropertyValueSpecification\",\"valueRequired\":true,\"valueName\":\"search_term_string\"}}],\"inLanguage\":\"en-US\"},{\"@type\":\"Organization\",\"@id\":\"https:\\\/\\\/www.mirare.fr\\\/en\\\/#organization\",\"name\":\"Mirare Productions\",\"url\":\"https:\\\/\\\/www.mirare.fr\\\/en\\\/\",\"logo\":{\"@type\":\"ImageObject\",\"inLanguage\":\"en-US\",\"@id\":\"https:\\\/\\\/www.mirare.fr\\\/en\\\/#\\\/schema\\\/logo\\\/image\\\/\",\"url\":\"https:\\\/\\\/www.mirare.fr\\\/wp-content\\\/uploads\\\/2022\\\/02\\\/mirare-logo.png\",\"contentUrl\":\"https:\\\/\\\/www.mirare.fr\\\/wp-content\\\/uploads\\\/2022\\\/02\\\/mirare-logo.png\",\"width\":1319,\"height\":253,\"caption\":\"Mirare Productions\"},\"image\":{\"@id\":\"https:\\\/\\\/www.mirare.fr\\\/en\\\/#\\\/schema\\\/logo\\\/image\\\/\"},\"sameAs\":[\"https:\\\/\\\/fr-fr.facebook.com\\\/pages\\\/category\\\/Record-Label\\\/Mirare-151247074906672\\\/\",\"https:\\\/\\\/www.instagram.com\\\/mirare_records\\\/?hl=fr\"]}]}<\/script>\n<!-- \/ Yoast SEO plugin. -->","yoast_head_json":{"title":"Trio H\u00e9lios - Mirare","description":"Passionate about chamber music and united by a deep friendship, Camille, Rapha\u00ebl and Alexis founded the Trio H\u00e9lios in 2014. Since then...","robots":{"index":"index","follow":"follow","max-snippet":"max-snippet:-1","max-image-preview":"max-image-preview:large","max-video-preview":"max-video-preview:-1"},"canonical":"https:\/\/www.mirare.fr\/en\/artists\/trio-helios\/","og_locale":"en_US","og_type":"article","og_title":"Trio H\u00e9lios - Mirare","og_description":"Passionate about chamber music and united by a deep friendship, Camille, Rapha\u00ebl and Alexis founded the Trio H\u00e9lios in 2014. Since then...","og_url":"https:\/\/www.mirare.fr\/en\/artists\/trio-helios\/","og_site_name":"Mirare","article_publisher":"https:\/\/fr-fr.facebook.com\/pages\/category\/Record-Label\/Mirare-151247074906672\/","article_modified_time":"2022-03-02T10:12:41+00:00","og_image":[{"width":4480,"height":4480,"url":"https:\/\/www.mirare.fr\/wp-content\/uploads\/2021\/11\/TrioHelios.jpg","type":"image\/jpeg"}],"twitter_card":"summary_large_image","twitter_misc":{"Est. reading time":"1 minute"},"schema":{"@context":"https:\/\/schema.org","@graph":[{"@type":"WebPage","@id":"https:\/\/www.mirare.fr\/en\/artists\/trio-helios\/","url":"https:\/\/www.mirare.fr\/en\/artists\/trio-helios\/","name":"Trio H\u00e9lios - Mirare","isPartOf":{"@id":"https:\/\/www.mirare.fr\/en\/#website"},"primaryImageOfPage":{"@id":"https:\/\/www.mirare.fr\/en\/artists\/trio-helios\/#primaryimage"},"image":{"@id":"https:\/\/www.mirare.fr\/en\/artists\/trio-helios\/#primaryimage"},"thumbnailUrl":"https:\/\/www.mirare.fr\/wp-content\/uploads\/2021\/11\/TrioHelios.jpg","datePublished":"2022-01-04T10:08:56+00:00","dateModified":"2022-03-02T10:12:41+00:00","description":"Passionate about chamber music and united by a deep friendship, Camille, Rapha\u00ebl and Alexis founded the Trio H\u00e9lios in 2014. Since then...","breadcrumb":{"@id":"https:\/\/www.mirare.fr\/en\/artists\/trio-helios\/#breadcrumb"},"inLanguage":"en-US","potentialAction":[{"@type":"ReadAction","target":["https:\/\/www.mirare.fr\/en\/artists\/trio-helios\/"]}]},{"@type":"ImageObject","inLanguage":"en-US","@id":"https:\/\/www.mirare.fr\/en\/artists\/trio-helios\/#primaryimage","url":"https:\/\/www.mirare.fr\/wp-content\/uploads\/2021\/11\/TrioHelios.jpg","contentUrl":"https:\/\/www.mirare.fr\/wp-content\/uploads\/2021\/11\/TrioHelios.jpg","width":4480,"height":4480},{"@type":"BreadcrumbList","@id":"https:\/\/www.mirare.fr\/en\/artists\/trio-helios\/#breadcrumb","itemListElement":[{"@type":"ListItem","position":1,"name":"Home","item":"https:\/\/www.mirare.fr\/en\/"},{"@type":"ListItem","position":2,"name":"Trio H\u00e9lios"}]},{"@type":"WebSite","@id":"https:\/\/www.mirare.fr\/en\/#website","url":"https:\/\/www.mirare.fr\/en\/","name":"Mirare","description":"","publisher":{"@id":"https:\/\/www.mirare.fr\/en\/#organization"},"potentialAction":[{"@type":"SearchAction","target":{"@type":"EntryPoint","urlTemplate":"https:\/\/www.mirare.fr\/en\/?s={search_term_string}"},"query-input":{"@type":"PropertyValueSpecification","valueRequired":true,"valueName":"search_term_string"}}],"inLanguage":"en-US"},{"@type":"Organization","@id":"https:\/\/www.mirare.fr\/en\/#organization","name":"Mirare Productions","url":"https:\/\/www.mirare.fr\/en\/","logo":{"@type":"ImageObject","inLanguage":"en-US","@id":"https:\/\/www.mirare.fr\/en\/#\/schema\/logo\/image\/","url":"https:\/\/www.mirare.fr\/wp-content\/uploads\/2022\/02\/mirare-logo.png","contentUrl":"https:\/\/www.mirare.fr\/wp-content\/uploads\/2022\/02\/mirare-logo.png","width":1319,"height":253,"caption":"Mirare Productions"},"image":{"@id":"https:\/\/www.mirare.fr\/en\/#\/schema\/logo\/image\/"},"sameAs":["https:\/\/fr-fr.facebook.com\/pages\/category\/Record-Label\/Mirare-151247074906672\/","https:\/\/www.instagram.com\/mirare_records\/?hl=fr"]}]}},"_links":{"self":[{"href":"https:\/\/www.mirare.fr\/en\/wp-json\/wp\/v2\/artist\/13867","targetHints":{"allow":["GET"]}}],"collection":[{"href":"https:\/\/www.mirare.fr\/en\/wp-json\/wp\/v2\/artist"}],"about":[{"href":"https:\/\/www.mirare.fr\/en\/wp-json\/wp\/v2\/types\/artist"}],"author":[{"embeddable":true,"href":"https:\/\/www.mirare.fr\/en\/wp-json\/wp\/v2\/users\/1"}],"version-history":[{"count":2,"href":"https:\/\/www.mirare.fr\/en\/wp-json\/wp\/v2\/artist\/13867\/revisions"}],"predecessor-version":[{"id":13889,"href":"https:\/\/www.mirare.fr\/en\/wp-json\/wp\/v2\/artist\/13867\/revisions\/13889"}],"wp:featuredmedia":[{"embeddable":true,"href":"https:\/\/www.mirare.fr\/en\/wp-json\/wp\/v2\/media\/9763"}],"wp:attachment":[{"href":"https:\/\/www.mirare.fr\/en\/wp-json\/wp\/v2\/media?parent=13867"}],"curies":[{"name":"wp","href":"https:\/\/api.w.org\/{rel}","templated":true}]}}