{"id":13599,"date":"2022-01-04T11:09:09","date_gmt":"2022-01-04T10:09:09","guid":{"rendered":"https:\/\/www.mirare.fr\/artistes\/gerard-causse\/"},"modified":"2022-02-28T16:57:07","modified_gmt":"2022-02-28T15:57:07","slug":"gerard-causse","status":"publish","type":"artist","link":"https:\/\/www.mirare.fr\/en\/artists\/gerard-causse\/","title":{"rendered":"G\u00e9rard Causs\u00e9"},"content":{"rendered":"<p>G\u00e9rard Causs\u00e9 is acclaimed worldwide as one of the great virtuosos of his instrument and is one of the few musicians since William Primrose to have given the viola its freedom as a solo instrument in its own right. He received international recognition in the mid-1970s as a founder member and principal viola of the Ensemble Intercontemporain and violist of the Via Nova Quartet, then of the Parrenin Quartet. After a crucial encounter with Gidon Kremer, he chose to divide his time between chamber music and solo appearances.<\/p>\n<p>He is a regular guest with the leading Eu- ropean orchestras, in Asia, and even in South America, in a very wide repertoire ranging from the Baroque to Berlioz, Bruch, Bart\u00f3k, Stravinsky, Britten, Walton and Martin\u016f, by way of Mozart, who in his opinion was the first composer to understand the viola\u2019s role as arbiter. He has also dedicated himself to expanding the repertoire of his instrument, and numerous composers have written for him, among them G\u00e9rard Masson, Ren\u00e9 Koering, Griffith Rose, Alain F\u00e9ron, G\u00e9rard Grisey, Emmanuel Nunes, Jacques Lenot, Michael Jarrell, Philippe Hersant, Micha\u00ebl Levinas, Pascal Dusapin, Hugues Dufourt, Betsy Jolas, and Mich\u00e8le Reverdy. He recently premiered Wolfgang Rihm\u2019s Double Concerto for viola and clarinet with the Orchestre National de France, alongside Michel Portal. From 2002 to 2004 he was artistic director of the Orchestre de Chambre National de Toulouse, with which he appeared as conductor and soloist. In 2005, at the invitation of the Caja Duero Foundation of Salamanca, he founded and became director of La Camerata, composed of young musicians. His work with them is intended to offer an experimental approach to the full range of repertoires, spread over a season and culminating in the Florilegio in July, which is renewed each year.<\/p>\n<p>G\u00e9rard Causs\u00e9 has performed and recorded with such artists as Gidon Kremer, Renaud Capu\u00e7on, Dmitri Sitkovetsky, Fran\u00e7ois-Ren\u00e9 Duch\u00e2ble, Frank Braley, Nicholas Angelich, Jean-Philippe Collard, Valery Afanassiev, Brigitte Engerer, Michel Portal, Paul Meyer, Gautier Capu\u00e7on, Gary Hoffmann, and the Hagen and Modigliani Quartets.<\/p>\n<p>Among the many conductors he has worked with are Charles Dutoit, John Eliot Gardiner, Marc Minkowski, Philippe Herreweghe, Emmanuel Krivine, Yutaka Sado, Marek Janowski, Pierre Boulez, Giuseppe Sinopoli, Claudio Abbado, Luciano Berio, Jean-Claude Casadesus, Michel Plasson, John Nelson, David Robertson, Peter E\u00f6tv\u00f6s, Kent Nagano, Lior Shambadal, Armin Jordan, Kees Bakels, Ion Marin, Yoel Levi, John Neschling, Roger Norrington, Krzysztof Penderecki, Pascal Roph\u00e9, Pedro Halffter, Philippe Bender, James Conlon, Theodor Guschlbauer, and Jonathan Schiffmann.<\/p>\n<p>His discography includes some sixty recordings for labels like EMI, Erato, Philips, Teldec, Virgin Classics, harmonia mundi, and Deutsche Grammophon. His most recent releases include Schubert\u2019s \u2018Trout\u2019 Quintet for Virgin Classics with Renaud and Gautier Capu\u00e7on and Frank Braley; the complete Brahms piano quartets with Nicholas Angelich and the Capu\u00e7on brothers; works by Hindemith and Levinas for Aeon; music by Bloch with the Orchestre de la Suisse Romande; and a recording of Hugues Dufourt\u2019s concerto Le Cypr\u00e8s blanc with the Luxembourg Philharmonic Orchestra for the Timpani label which won a Diapason d\u2019Or. His CD of Berlioz\u2019s Harold en Italie with John Eliot Gar- diner and his Orchestre R\u00e9volutionnaire et Romantique was unanimously acclaimed by critics all over the world. He is currently preparing a recording of the six Bach Suites.<\/p>\n<p>G\u00e9rard Causs\u00e9 is in charge of a viola class at the Conservatoire National Sup\u00e9rieur de Musique de Paris. He is director of the Florilegio music festival and the orchestra of the Caja Duero Foundation in Salamanca. He gives master- classes in Salzburg and at the Escuela Reina Sofia in Madrid (where he held a professorship for ten years), the Britten-Pears School in Aldeburgh, the Verbier Festival, and the Acad\u00e9mie de Villecroze.<\/p>\n<p>G\u00e9rard Causs\u00e9 plays a magnificent Gasparo da Sal\u00f2 viola of 1560, one of the gems of the Brescia school, which he chose for its irresistible baritone timbre, perfectly suited to his personal quest.<\/p>\n","protected":false},"excerpt":{"rendered":"<p>G\u00e9rard Causs\u00e9 is acclaimed worldwide as one of the great virtuosos of his instrument and is one of the few musicians since William Primrose to have given the viola its freedom as a solo instrument in its own right. He received international recognition in the mid-1970s as a founder member and principal viola of the [&hellip;]<\/p>\n","protected":false},"author":1,"featured_media":13600,"template":"","class_list":["post-13599","artist","type-artist","status-publish","has-post-thumbnail","hentry"],"acf":[],"yoast_head":"<!-- This site is optimized with the Yoast SEO plugin v27.5 - https:\/\/yoast.com\/product\/yoast-seo-wordpress\/ -->\n<title>G\u00e9rard Causs\u00e9 - Mirare<\/title>\n<meta name=\"description\" content=\"G\u00e9rard Causs\u00e9 is acclaimed worldwide as one of the great virtuosos of his instrument and is one of the few musicians since William Primrose...\" \/>\n<meta name=\"robots\" content=\"index, follow, max-snippet:-1, max-image-preview:large, max-video-preview:-1\" \/>\n<link rel=\"canonical\" href=\"https:\/\/www.mirare.fr\/en\/artists\/gerard-causse\/\" \/>\n<meta property=\"og:locale\" content=\"en_US\" \/>\n<meta property=\"og:type\" content=\"article\" \/>\n<meta property=\"og:title\" content=\"G\u00e9rard Causs\u00e9 - Mirare\" \/>\n<meta property=\"og:description\" content=\"G\u00e9rard Causs\u00e9 is acclaimed worldwide as one of the great virtuosos of his instrument and is one of the few musicians since William Primrose...\" \/>\n<meta property=\"og:url\" content=\"https:\/\/www.mirare.fr\/en\/artists\/gerard-causse\/\" \/>\n<meta property=\"og:site_name\" content=\"Mirare\" \/>\n<meta property=\"article:publisher\" content=\"https:\/\/fr-fr.facebook.com\/pages\/category\/Record-Label\/Mirare-151247074906672\/\" \/>\n<meta property=\"article:modified_time\" content=\"2022-02-28T15:57:07+00:00\" \/>\n<meta property=\"og:image\" content=\"https:\/\/www.mirare.fr\/wp-content\/uploads\/2022\/01\/foto-mia-super-7.jpg\" \/>\n\t<meta property=\"og:image:width\" content=\"1350\" \/>\n\t<meta property=\"og:image:height\" content=\"1080\" \/>\n\t<meta property=\"og:image:type\" content=\"image\/jpeg\" \/>\n<meta name=\"twitter:card\" content=\"summary_large_image\" \/>\n<meta name=\"twitter:label1\" content=\"Est. reading time\" \/>\n\t<meta name=\"twitter:data1\" content=\"3 minutes\" \/>\n<script type=\"application\/ld+json\" class=\"yoast-schema-graph\">{\"@context\":\"https:\\\/\\\/schema.org\",\"@graph\":[{\"@type\":\"WebPage\",\"@id\":\"https:\\\/\\\/www.mirare.fr\\\/en\\\/artists\\\/gerard-causse\\\/\",\"url\":\"https:\\\/\\\/www.mirare.fr\\\/en\\\/artists\\\/gerard-causse\\\/\",\"name\":\"G\u00e9rard Causs\u00e9 - Mirare\",\"isPartOf\":{\"@id\":\"https:\\\/\\\/www.mirare.fr\\\/en\\\/#website\"},\"primaryImageOfPage\":{\"@id\":\"https:\\\/\\\/www.mirare.fr\\\/en\\\/artists\\\/gerard-causse\\\/#primaryimage\"},\"image\":{\"@id\":\"https:\\\/\\\/www.mirare.fr\\\/en\\\/artists\\\/gerard-causse\\\/#primaryimage\"},\"thumbnailUrl\":\"https:\\\/\\\/www.mirare.fr\\\/wp-content\\\/uploads\\\/2022\\\/01\\\/foto-mia-super-7.jpg\",\"datePublished\":\"2022-01-04T10:09:09+00:00\",\"dateModified\":\"2022-02-28T15:57:07+00:00\",\"description\":\"G\u00e9rard Causs\u00e9 is acclaimed worldwide as one of the great virtuosos of his instrument and is one of the few musicians since William Primrose...\",\"breadcrumb\":{\"@id\":\"https:\\\/\\\/www.mirare.fr\\\/en\\\/artists\\\/gerard-causse\\\/#breadcrumb\"},\"inLanguage\":\"en-US\",\"potentialAction\":[{\"@type\":\"ReadAction\",\"target\":[\"https:\\\/\\\/www.mirare.fr\\\/en\\\/artists\\\/gerard-causse\\\/\"]}]},{\"@type\":\"ImageObject\",\"inLanguage\":\"en-US\",\"@id\":\"https:\\\/\\\/www.mirare.fr\\\/en\\\/artists\\\/gerard-causse\\\/#primaryimage\",\"url\":\"https:\\\/\\\/www.mirare.fr\\\/wp-content\\\/uploads\\\/2022\\\/01\\\/foto-mia-super-7.jpg\",\"contentUrl\":\"https:\\\/\\\/www.mirare.fr\\\/wp-content\\\/uploads\\\/2022\\\/01\\\/foto-mia-super-7.jpg\",\"width\":1350,\"height\":1080},{\"@type\":\"BreadcrumbList\",\"@id\":\"https:\\\/\\\/www.mirare.fr\\\/en\\\/artists\\\/gerard-causse\\\/#breadcrumb\",\"itemListElement\":[{\"@type\":\"ListItem\",\"position\":1,\"name\":\"Home\",\"item\":\"https:\\\/\\\/www.mirare.fr\\\/en\\\/\"},{\"@type\":\"ListItem\",\"position\":2,\"name\":\"G\u00e9rard Causs\u00e9\"}]},{\"@type\":\"WebSite\",\"@id\":\"https:\\\/\\\/www.mirare.fr\\\/en\\\/#website\",\"url\":\"https:\\\/\\\/www.mirare.fr\\\/en\\\/\",\"name\":\"Mirare\",\"description\":\"\",\"publisher\":{\"@id\":\"https:\\\/\\\/www.mirare.fr\\\/en\\\/#organization\"},\"potentialAction\":[{\"@type\":\"SearchAction\",\"target\":{\"@type\":\"EntryPoint\",\"urlTemplate\":\"https:\\\/\\\/www.mirare.fr\\\/en\\\/?s={search_term_string}\"},\"query-input\":{\"@type\":\"PropertyValueSpecification\",\"valueRequired\":true,\"valueName\":\"search_term_string\"}}],\"inLanguage\":\"en-US\"},{\"@type\":\"Organization\",\"@id\":\"https:\\\/\\\/www.mirare.fr\\\/en\\\/#organization\",\"name\":\"Mirare Productions\",\"url\":\"https:\\\/\\\/www.mirare.fr\\\/en\\\/\",\"logo\":{\"@type\":\"ImageObject\",\"inLanguage\":\"en-US\",\"@id\":\"https:\\\/\\\/www.mirare.fr\\\/en\\\/#\\\/schema\\\/logo\\\/image\\\/\",\"url\":\"https:\\\/\\\/www.mirare.fr\\\/wp-content\\\/uploads\\\/2022\\\/02\\\/mirare-logo.png\",\"contentUrl\":\"https:\\\/\\\/www.mirare.fr\\\/wp-content\\\/uploads\\\/2022\\\/02\\\/mirare-logo.png\",\"width\":1319,\"height\":253,\"caption\":\"Mirare Productions\"},\"image\":{\"@id\":\"https:\\\/\\\/www.mirare.fr\\\/en\\\/#\\\/schema\\\/logo\\\/image\\\/\"},\"sameAs\":[\"https:\\\/\\\/fr-fr.facebook.com\\\/pages\\\/category\\\/Record-Label\\\/Mirare-151247074906672\\\/\",\"https:\\\/\\\/www.instagram.com\\\/mirare_records\\\/?hl=fr\"]}]}<\/script>\n<!-- \/ Yoast SEO plugin. -->","yoast_head_json":{"title":"G\u00e9rard Causs\u00e9 - Mirare","description":"G\u00e9rard Causs\u00e9 is acclaimed worldwide as one of the great virtuosos of his instrument and is one of the few musicians since William Primrose...","robots":{"index":"index","follow":"follow","max-snippet":"max-snippet:-1","max-image-preview":"max-image-preview:large","max-video-preview":"max-video-preview:-1"},"canonical":"https:\/\/www.mirare.fr\/en\/artists\/gerard-causse\/","og_locale":"en_US","og_type":"article","og_title":"G\u00e9rard Causs\u00e9 - Mirare","og_description":"G\u00e9rard Causs\u00e9 is acclaimed worldwide as one of the great virtuosos of his instrument and is one of the few musicians since William Primrose...","og_url":"https:\/\/www.mirare.fr\/en\/artists\/gerard-causse\/","og_site_name":"Mirare","article_publisher":"https:\/\/fr-fr.facebook.com\/pages\/category\/Record-Label\/Mirare-151247074906672\/","article_modified_time":"2022-02-28T15:57:07+00:00","og_image":[{"width":1350,"height":1080,"url":"https:\/\/www.mirare.fr\/wp-content\/uploads\/2022\/01\/foto-mia-super-7.jpg","type":"image\/jpeg"}],"twitter_card":"summary_large_image","twitter_misc":{"Est. reading time":"3 minutes"},"schema":{"@context":"https:\/\/schema.org","@graph":[{"@type":"WebPage","@id":"https:\/\/www.mirare.fr\/en\/artists\/gerard-causse\/","url":"https:\/\/www.mirare.fr\/en\/artists\/gerard-causse\/","name":"G\u00e9rard Causs\u00e9 - Mirare","isPartOf":{"@id":"https:\/\/www.mirare.fr\/en\/#website"},"primaryImageOfPage":{"@id":"https:\/\/www.mirare.fr\/en\/artists\/gerard-causse\/#primaryimage"},"image":{"@id":"https:\/\/www.mirare.fr\/en\/artists\/gerard-causse\/#primaryimage"},"thumbnailUrl":"https:\/\/www.mirare.fr\/wp-content\/uploads\/2022\/01\/foto-mia-super-7.jpg","datePublished":"2022-01-04T10:09:09+00:00","dateModified":"2022-02-28T15:57:07+00:00","description":"G\u00e9rard Causs\u00e9 is acclaimed worldwide as one of the great virtuosos of his instrument and is one of the few musicians since William Primrose...","breadcrumb":{"@id":"https:\/\/www.mirare.fr\/en\/artists\/gerard-causse\/#breadcrumb"},"inLanguage":"en-US","potentialAction":[{"@type":"ReadAction","target":["https:\/\/www.mirare.fr\/en\/artists\/gerard-causse\/"]}]},{"@type":"ImageObject","inLanguage":"en-US","@id":"https:\/\/www.mirare.fr\/en\/artists\/gerard-causse\/#primaryimage","url":"https:\/\/www.mirare.fr\/wp-content\/uploads\/2022\/01\/foto-mia-super-7.jpg","contentUrl":"https:\/\/www.mirare.fr\/wp-content\/uploads\/2022\/01\/foto-mia-super-7.jpg","width":1350,"height":1080},{"@type":"BreadcrumbList","@id":"https:\/\/www.mirare.fr\/en\/artists\/gerard-causse\/#breadcrumb","itemListElement":[{"@type":"ListItem","position":1,"name":"Home","item":"https:\/\/www.mirare.fr\/en\/"},{"@type":"ListItem","position":2,"name":"G\u00e9rard Causs\u00e9"}]},{"@type":"WebSite","@id":"https:\/\/www.mirare.fr\/en\/#website","url":"https:\/\/www.mirare.fr\/en\/","name":"Mirare","description":"","publisher":{"@id":"https:\/\/www.mirare.fr\/en\/#organization"},"potentialAction":[{"@type":"SearchAction","target":{"@type":"EntryPoint","urlTemplate":"https:\/\/www.mirare.fr\/en\/?s={search_term_string}"},"query-input":{"@type":"PropertyValueSpecification","valueRequired":true,"valueName":"search_term_string"}}],"inLanguage":"en-US"},{"@type":"Organization","@id":"https:\/\/www.mirare.fr\/en\/#organization","name":"Mirare Productions","url":"https:\/\/www.mirare.fr\/en\/","logo":{"@type":"ImageObject","inLanguage":"en-US","@id":"https:\/\/www.mirare.fr\/en\/#\/schema\/logo\/image\/","url":"https:\/\/www.mirare.fr\/wp-content\/uploads\/2022\/02\/mirare-logo.png","contentUrl":"https:\/\/www.mirare.fr\/wp-content\/uploads\/2022\/02\/mirare-logo.png","width":1319,"height":253,"caption":"Mirare Productions"},"image":{"@id":"https:\/\/www.mirare.fr\/en\/#\/schema\/logo\/image\/"},"sameAs":["https:\/\/fr-fr.facebook.com\/pages\/category\/Record-Label\/Mirare-151247074906672\/","https:\/\/www.instagram.com\/mirare_records\/?hl=fr"]}]}},"_links":{"self":[{"href":"https:\/\/www.mirare.fr\/en\/wp-json\/wp\/v2\/artist\/13599","targetHints":{"allow":["GET"]}}],"collection":[{"href":"https:\/\/www.mirare.fr\/en\/wp-json\/wp\/v2\/artist"}],"about":[{"href":"https:\/\/www.mirare.fr\/en\/wp-json\/wp\/v2\/types\/artist"}],"author":[{"embeddable":true,"href":"https:\/\/www.mirare.fr\/en\/wp-json\/wp\/v2\/users\/1"}],"version-history":[{"count":1,"href":"https:\/\/www.mirare.fr\/en\/wp-json\/wp\/v2\/artist\/13599\/revisions"}],"predecessor-version":[{"id":13622,"href":"https:\/\/www.mirare.fr\/en\/wp-json\/wp\/v2\/artist\/13599\/revisions\/13622"}],"wp:featuredmedia":[{"embeddable":true,"href":"https:\/\/www.mirare.fr\/en\/wp-json\/wp\/v2\/media\/13600"}],"wp:attachment":[{"href":"https:\/\/www.mirare.fr\/en\/wp-json\/wp\/v2\/media?parent=13599"}],"curies":[{"name":"wp","href":"https:\/\/api.w.org\/{rel}","templated":true}]}}