{"id":13436,"date":"2022-02-18T17:23:07","date_gmt":"2022-02-18T16:23:07","guid":{"rendered":"https:\/\/www.mirare.fr\/?post_type=artist&#038;p=13436"},"modified":"2022-02-28T16:33:04","modified_gmt":"2022-02-28T15:33:04","slug":"anne-queffelec","status":"publish","type":"artist","link":"https:\/\/www.mirare.fr\/en\/artists\/anne-queffelec\/","title":{"rendered":"Anne Queff\u00e9lec"},"content":{"rendered":"<p>Considered one of the most remarkable pianists of our time, Anne Queff\u00e9lec enjoys international fame as well as an exceptional influence over musical life.<br \/>\nWidely acclaimed in Europe, Japan, Hong-Kong, Canada, the United States&#8230; she has been invited by the most prestigious orchestras \u2013 the London Symphony, London Philharmonic, Philharmonia Orchestra, BBC Symphony, Academy of St. Martin in the Fields, Zurich Tonhalle, Orchestre de chambre de Lausanne, Tokyo NHK Orchestra, Ensemble Kanazawa, Hong-Kong Philharmonic, Orchestre National de France, Orchestre Philharmonique de Radio France, Strasbourg, Lille, Prague Philharmonia, Kremerata Baltica, Sinfonia Varsovia&#8230; \u2013 and performed under the batons of illustrious conductors such as Boulez, Gardiner, Jordan, Zinman, Eschenbach, Conlon, Langr\u00e9e, Belohlavek, Skrowacewsky, Casadesus, Lombard, Guschlbauer, Zecchi, Foster, Holliger, Janowski, etc.<\/p>\n<p>Named \u201cBest performer of the year\u201d at the 1990 French Classical Music Awards (Victoires de la Musique), Anne Queff\u00e9lec has played repeatedly at the Proms in London, at the Bath, Swansea, King\u2019s Lynn, Cheltenham festivals and H\u00e4ndel-Festspiele G\u00f6ttingen; she also regularly appears in French festivals such as La Chaise-Dieu, Radio France Montpellier, Besan\u00e7on, Bordeaux, Dijon, La Grange de Meslay, La Folle Journ\u00e9e de Nantes, La Roque d\u2019Anth\u00e9ron where she performed, among others, the complete piano sonatas by Mozart over six recitals broadcasted live by France Musique, confirming her deep affinity for the Mozartian world. In the 1980s, Anne Queff\u00e9lec has participated in the recording of the soundtrack for the film of Amadeus, under the baton of Sir Neville Marriner. On stage and in recordings as well, Anne Queff\u00e9lec displays an eclectic repertoire. This is reflected by a variegated discography: she has more than forty records to her credit, dedicated to Scarlatti, Schubert, Liszt, Chopin, Bach, Debussy, Faur\u00e9, Mendelssohn, Satie, including the complete works by Ravel, Dutilleux, Mozart, Beethoven, Haendel and Haydn. Those recordings were released by Erato, Virgin Classics and Mirare respectively.<\/p>\n<p>Among her more recent releases features the album \u00ab Satie &amp; Compagnie \u00bb (Mirare \u2013 2013) which was awarded the \u201cDiapason d\u2019Or\u201d of the year. Next come a double CD entitled \u201cRavel, Debussy, Faur\u00e9\u201d (Erato \u2013 2014), \u201cOmbre et Lumi\u00e8re\u201d (\u201cLight and Shade\u201d) dedicated to Domenico Scarlatti (Mirare \u2013 2015), both receiving the \u201cDiapason d\u2019Or\u201d award, including \u201cEntrez dans la danse\u201d (\u201cJoin in the dance\u201d) (Mirare \u2013 2017). In 2016 the BBC Magazine celebrated Anne Queff\u00e9lec by releasing several live recordings and the Diapason magazine picked her version of Ravel\u2019s Concerto in g major to feature it in the section \u201cLes Indispensables\u201d. In January 2019, Warner\/Erato released a 21-CDs series dedicated to works recorded by Anne Queff\u00e9lec for this label.<br \/>\n\u201cAnne Queff\u00e9lec: the discovery of a true self\u201d M\u00fcnchener Zeitung<\/p>\n","protected":false},"excerpt":{"rendered":"<p>Considered one of the most remarkable pianists of our time, Anne Queff\u00e9lec enjoys international fame as well as an exceptional influence over musical life. Widely acclaimed in Europe, Japan, Hong-Kong, Canada, the United States&#8230; she has been invited by the most prestigious orchestras \u2013 the London Symphony, London Philharmonic, Philharmonia Orchestra, BBC Symphony, Academy of [&hellip;]<\/p>\n","protected":false},"author":1,"featured_media":9540,"template":"","class_list":["post-13436","artist","type-artist","status-publish","has-post-thumbnail","hentry"],"acf":[],"yoast_head":"<!-- This site is optimized with the Yoast SEO plugin v27.5 - https:\/\/yoast.com\/product\/yoast-seo-wordpress\/ -->\n<title>Anne Queff\u00e9lec - Mirare<\/title>\n<meta name=\"description\" content=\"Considered one of the most remarkable pianists of our time, Anne Queff\u00e9lec enjoys international fame as well as an exceptional influence...\" \/>\n<meta name=\"robots\" content=\"index, follow, max-snippet:-1, max-image-preview:large, max-video-preview:-1\" \/>\n<link rel=\"canonical\" href=\"https:\/\/www.mirare.fr\/en\/artists\/anne-queffelec\/\" \/>\n<meta property=\"og:locale\" content=\"en_US\" \/>\n<meta property=\"og:type\" content=\"article\" \/>\n<meta property=\"og:title\" content=\"Anne Queff\u00e9lec - Mirare\" \/>\n<meta property=\"og:description\" content=\"Considered one of the most remarkable pianists of our time, Anne Queff\u00e9lec enjoys international fame as well as an exceptional influence...\" \/>\n<meta property=\"og:url\" content=\"https:\/\/www.mirare.fr\/en\/artists\/anne-queffelec\/\" \/>\n<meta property=\"og:site_name\" content=\"Mirare\" \/>\n<meta property=\"article:publisher\" content=\"https:\/\/fr-fr.facebook.com\/pages\/category\/Record-Label\/Mirare-151247074906672\/\" \/>\n<meta property=\"article:modified_time\" content=\"2022-02-28T15:33:04+00:00\" \/>\n<meta property=\"og:image\" content=\"https:\/\/www.mirare.fr\/wp-content\/uploads\/2021\/11\/Anne-Queffelec_0JB5126-Jean-Baptiste-Millot.jpg\" \/>\n\t<meta property=\"og:image:width\" content=\"1350\" \/>\n\t<meta property=\"og:image:height\" content=\"1080\" \/>\n\t<meta property=\"og:image:type\" content=\"image\/jpeg\" \/>\n<meta name=\"twitter:card\" content=\"summary_large_image\" \/>\n<meta name=\"twitter:label1\" content=\"Est. reading time\" \/>\n\t<meta name=\"twitter:data1\" content=\"2 minutes\" \/>\n<script type=\"application\/ld+json\" class=\"yoast-schema-graph\">{\"@context\":\"https:\\\/\\\/schema.org\",\"@graph\":[{\"@type\":\"WebPage\",\"@id\":\"https:\\\/\\\/www.mirare.fr\\\/en\\\/artists\\\/anne-queffelec\\\/\",\"url\":\"https:\\\/\\\/www.mirare.fr\\\/en\\\/artists\\\/anne-queffelec\\\/\",\"name\":\"Anne Queff\u00e9lec - Mirare\",\"isPartOf\":{\"@id\":\"https:\\\/\\\/www.mirare.fr\\\/en\\\/#website\"},\"primaryImageOfPage\":{\"@id\":\"https:\\\/\\\/www.mirare.fr\\\/en\\\/artists\\\/anne-queffelec\\\/#primaryimage\"},\"image\":{\"@id\":\"https:\\\/\\\/www.mirare.fr\\\/en\\\/artists\\\/anne-queffelec\\\/#primaryimage\"},\"thumbnailUrl\":\"https:\\\/\\\/www.mirare.fr\\\/wp-content\\\/uploads\\\/2021\\\/11\\\/Anne-Queffelec_0JB5126-Jean-Baptiste-Millot.jpg\",\"datePublished\":\"2022-02-18T16:23:07+00:00\",\"dateModified\":\"2022-02-28T15:33:04+00:00\",\"description\":\"Considered one of the most remarkable pianists of our time, Anne Queff\u00e9lec enjoys international fame as well as an exceptional influence...\",\"breadcrumb\":{\"@id\":\"https:\\\/\\\/www.mirare.fr\\\/en\\\/artists\\\/anne-queffelec\\\/#breadcrumb\"},\"inLanguage\":\"en-US\",\"potentialAction\":[{\"@type\":\"ReadAction\",\"target\":[\"https:\\\/\\\/www.mirare.fr\\\/en\\\/artists\\\/anne-queffelec\\\/\"]}]},{\"@type\":\"ImageObject\",\"inLanguage\":\"en-US\",\"@id\":\"https:\\\/\\\/www.mirare.fr\\\/en\\\/artists\\\/anne-queffelec\\\/#primaryimage\",\"url\":\"https:\\\/\\\/www.mirare.fr\\\/wp-content\\\/uploads\\\/2021\\\/11\\\/Anne-Queffelec_0JB5126-Jean-Baptiste-Millot.jpg\",\"contentUrl\":\"https:\\\/\\\/www.mirare.fr\\\/wp-content\\\/uploads\\\/2021\\\/11\\\/Anne-Queffelec_0JB5126-Jean-Baptiste-Millot.jpg\",\"width\":1350,\"height\":1080},{\"@type\":\"BreadcrumbList\",\"@id\":\"https:\\\/\\\/www.mirare.fr\\\/en\\\/artists\\\/anne-queffelec\\\/#breadcrumb\",\"itemListElement\":[{\"@type\":\"ListItem\",\"position\":1,\"name\":\"Home\",\"item\":\"https:\\\/\\\/www.mirare.fr\\\/en\\\/\"},{\"@type\":\"ListItem\",\"position\":2,\"name\":\"Anne Queff\u00e9lec\"}]},{\"@type\":\"WebSite\",\"@id\":\"https:\\\/\\\/www.mirare.fr\\\/en\\\/#website\",\"url\":\"https:\\\/\\\/www.mirare.fr\\\/en\\\/\",\"name\":\"Mirare\",\"description\":\"\",\"publisher\":{\"@id\":\"https:\\\/\\\/www.mirare.fr\\\/en\\\/#organization\"},\"potentialAction\":[{\"@type\":\"SearchAction\",\"target\":{\"@type\":\"EntryPoint\",\"urlTemplate\":\"https:\\\/\\\/www.mirare.fr\\\/en\\\/?s={search_term_string}\"},\"query-input\":{\"@type\":\"PropertyValueSpecification\",\"valueRequired\":true,\"valueName\":\"search_term_string\"}}],\"inLanguage\":\"en-US\"},{\"@type\":\"Organization\",\"@id\":\"https:\\\/\\\/www.mirare.fr\\\/en\\\/#organization\",\"name\":\"Mirare Productions\",\"url\":\"https:\\\/\\\/www.mirare.fr\\\/en\\\/\",\"logo\":{\"@type\":\"ImageObject\",\"inLanguage\":\"en-US\",\"@id\":\"https:\\\/\\\/www.mirare.fr\\\/en\\\/#\\\/schema\\\/logo\\\/image\\\/\",\"url\":\"https:\\\/\\\/www.mirare.fr\\\/wp-content\\\/uploads\\\/2022\\\/02\\\/mirare-logo.png\",\"contentUrl\":\"https:\\\/\\\/www.mirare.fr\\\/wp-content\\\/uploads\\\/2022\\\/02\\\/mirare-logo.png\",\"width\":1319,\"height\":253,\"caption\":\"Mirare Productions\"},\"image\":{\"@id\":\"https:\\\/\\\/www.mirare.fr\\\/en\\\/#\\\/schema\\\/logo\\\/image\\\/\"},\"sameAs\":[\"https:\\\/\\\/fr-fr.facebook.com\\\/pages\\\/category\\\/Record-Label\\\/Mirare-151247074906672\\\/\",\"https:\\\/\\\/www.instagram.com\\\/mirare_records\\\/?hl=fr\"]}]}<\/script>\n<!-- \/ Yoast SEO plugin. -->","yoast_head_json":{"title":"Anne Queff\u00e9lec - Mirare","description":"Considered one of the most remarkable pianists of our time, Anne Queff\u00e9lec enjoys international fame as well as an exceptional influence...","robots":{"index":"index","follow":"follow","max-snippet":"max-snippet:-1","max-image-preview":"max-image-preview:large","max-video-preview":"max-video-preview:-1"},"canonical":"https:\/\/www.mirare.fr\/en\/artists\/anne-queffelec\/","og_locale":"en_US","og_type":"article","og_title":"Anne Queff\u00e9lec - Mirare","og_description":"Considered one of the most remarkable pianists of our time, Anne Queff\u00e9lec enjoys international fame as well as an exceptional influence...","og_url":"https:\/\/www.mirare.fr\/en\/artists\/anne-queffelec\/","og_site_name":"Mirare","article_publisher":"https:\/\/fr-fr.facebook.com\/pages\/category\/Record-Label\/Mirare-151247074906672\/","article_modified_time":"2022-02-28T15:33:04+00:00","og_image":[{"width":1350,"height":1080,"url":"https:\/\/www.mirare.fr\/wp-content\/uploads\/2021\/11\/Anne-Queffelec_0JB5126-Jean-Baptiste-Millot.jpg","type":"image\/jpeg"}],"twitter_card":"summary_large_image","twitter_misc":{"Est. reading time":"2 minutes"},"schema":{"@context":"https:\/\/schema.org","@graph":[{"@type":"WebPage","@id":"https:\/\/www.mirare.fr\/en\/artists\/anne-queffelec\/","url":"https:\/\/www.mirare.fr\/en\/artists\/anne-queffelec\/","name":"Anne Queff\u00e9lec - Mirare","isPartOf":{"@id":"https:\/\/www.mirare.fr\/en\/#website"},"primaryImageOfPage":{"@id":"https:\/\/www.mirare.fr\/en\/artists\/anne-queffelec\/#primaryimage"},"image":{"@id":"https:\/\/www.mirare.fr\/en\/artists\/anne-queffelec\/#primaryimage"},"thumbnailUrl":"https:\/\/www.mirare.fr\/wp-content\/uploads\/2021\/11\/Anne-Queffelec_0JB5126-Jean-Baptiste-Millot.jpg","datePublished":"2022-02-18T16:23:07+00:00","dateModified":"2022-02-28T15:33:04+00:00","description":"Considered one of the most remarkable pianists of our time, Anne Queff\u00e9lec enjoys international fame as well as an exceptional influence...","breadcrumb":{"@id":"https:\/\/www.mirare.fr\/en\/artists\/anne-queffelec\/#breadcrumb"},"inLanguage":"en-US","potentialAction":[{"@type":"ReadAction","target":["https:\/\/www.mirare.fr\/en\/artists\/anne-queffelec\/"]}]},{"@type":"ImageObject","inLanguage":"en-US","@id":"https:\/\/www.mirare.fr\/en\/artists\/anne-queffelec\/#primaryimage","url":"https:\/\/www.mirare.fr\/wp-content\/uploads\/2021\/11\/Anne-Queffelec_0JB5126-Jean-Baptiste-Millot.jpg","contentUrl":"https:\/\/www.mirare.fr\/wp-content\/uploads\/2021\/11\/Anne-Queffelec_0JB5126-Jean-Baptiste-Millot.jpg","width":1350,"height":1080},{"@type":"BreadcrumbList","@id":"https:\/\/www.mirare.fr\/en\/artists\/anne-queffelec\/#breadcrumb","itemListElement":[{"@type":"ListItem","position":1,"name":"Home","item":"https:\/\/www.mirare.fr\/en\/"},{"@type":"ListItem","position":2,"name":"Anne Queff\u00e9lec"}]},{"@type":"WebSite","@id":"https:\/\/www.mirare.fr\/en\/#website","url":"https:\/\/www.mirare.fr\/en\/","name":"Mirare","description":"","publisher":{"@id":"https:\/\/www.mirare.fr\/en\/#organization"},"potentialAction":[{"@type":"SearchAction","target":{"@type":"EntryPoint","urlTemplate":"https:\/\/www.mirare.fr\/en\/?s={search_term_string}"},"query-input":{"@type":"PropertyValueSpecification","valueRequired":true,"valueName":"search_term_string"}}],"inLanguage":"en-US"},{"@type":"Organization","@id":"https:\/\/www.mirare.fr\/en\/#organization","name":"Mirare Productions","url":"https:\/\/www.mirare.fr\/en\/","logo":{"@type":"ImageObject","inLanguage":"en-US","@id":"https:\/\/www.mirare.fr\/en\/#\/schema\/logo\/image\/","url":"https:\/\/www.mirare.fr\/wp-content\/uploads\/2022\/02\/mirare-logo.png","contentUrl":"https:\/\/www.mirare.fr\/wp-content\/uploads\/2022\/02\/mirare-logo.png","width":1319,"height":253,"caption":"Mirare Productions"},"image":{"@id":"https:\/\/www.mirare.fr\/en\/#\/schema\/logo\/image\/"},"sameAs":["https:\/\/fr-fr.facebook.com\/pages\/category\/Record-Label\/Mirare-151247074906672\/","https:\/\/www.instagram.com\/mirare_records\/?hl=fr"]}]}},"_links":{"self":[{"href":"https:\/\/www.mirare.fr\/en\/wp-json\/wp\/v2\/artist\/13436","targetHints":{"allow":["GET"]}}],"collection":[{"href":"https:\/\/www.mirare.fr\/en\/wp-json\/wp\/v2\/artist"}],"about":[{"href":"https:\/\/www.mirare.fr\/en\/wp-json\/wp\/v2\/types\/artist"}],"author":[{"embeddable":true,"href":"https:\/\/www.mirare.fr\/en\/wp-json\/wp\/v2\/users\/1"}],"version-history":[{"count":2,"href":"https:\/\/www.mirare.fr\/en\/wp-json\/wp\/v2\/artist\/13436\/revisions"}],"predecessor-version":[{"id":13497,"href":"https:\/\/www.mirare.fr\/en\/wp-json\/wp\/v2\/artist\/13436\/revisions\/13497"}],"wp:featuredmedia":[{"embeddable":true,"href":"https:\/\/www.mirare.fr\/en\/wp-json\/wp\/v2\/media\/9540"}],"wp:attachment":[{"href":"https:\/\/www.mirare.fr\/en\/wp-json\/wp\/v2\/media?parent=13436"}],"curies":[{"name":"wp","href":"https:\/\/api.w.org\/{rel}","templated":true}]}}